{"id":3343,"date":"2025-05-07T15:12:47","date_gmt":"2025-05-07T13:12:47","guid":{"rendered":"https:\/\/www.pierre-schon.lu\/familljeliewen\/"},"modified":"2025-11-30T14:41:31","modified_gmt":"2025-11-30T13:41:31","slug":"familljeliewen","status":"publish","type":"page","link":"https:\/\/www.pierre-schon.lu\/lu\/familljeliewen\/","title":{"rendered":"Familljeliewen"},"content":{"rendered":"\n<div class=\"wp-block-group page-hero has-background is-vertical is-content-justification-center is-layout-flex wp-container-core-group-is-layout-ce155fab wp-block-group-is-layout-flex\" style=\"background-color:#00a3e0\">\n<div class=\"wp-block-group is-vertical is-layout-flex wp-container-core-group-is-layout-fe9cc265 wp-block-group-is-layout-flex\">\n<p class=\"has-ast-global-color-4-color has-text-color has-link-color wp-elements-b5be9b0022782dfb977bba45c8b0337e\"><\/p>\n\n\n\n<figure class=\"wp-block-image size-full\"><img loading=\"lazy\" decoding=\"async\" width=\"2560\" height=\"1718\" src=\"https:\/\/www.pierre-schon.lu\/wp-content\/uploads\/2025\/11\/WorldExpo58-scaled-1.jpg\" alt=\"\" class=\"wp-image-4588\" style=\"object-fit:cover\" srcset=\"https:\/\/www.pierre-schon.lu\/wp-content\/uploads\/2025\/11\/WorldExpo58-scaled-1.jpg 2560w, https:\/\/www.pierre-schon.lu\/wp-content\/uploads\/2025\/11\/WorldExpo58-scaled-1-300x201.jpg 300w, https:\/\/www.pierre-schon.lu\/wp-content\/uploads\/2025\/11\/WorldExpo58-scaled-1-1024x687.jpg 1024w, https:\/\/www.pierre-schon.lu\/wp-content\/uploads\/2025\/11\/WorldExpo58-scaled-1-768x515.jpg 768w, https:\/\/www.pierre-schon.lu\/wp-content\/uploads\/2025\/11\/WorldExpo58-scaled-1-1536x1031.jpg 1536w, https:\/\/www.pierre-schon.lu\/wp-content\/uploads\/2025\/11\/WorldExpo58-scaled-1-2048x1374.jpg 2048w\" sizes=\"auto, (max-width: 2560px) 100vw, 2560px\" \/><\/figure>\n<\/div>\n<\/div>\n\n<p class=\"has-small-font-size\">De Pierre besicht 1958 d\u2019Weltausstellung zu Br\u00e9issel zesumme mat sengem Jong Fran\u00e7ois<\/p>\n\n<h2 class=\"wp-block-heading has-vivid-cyan-blue-color has-text-color has-link-color has-medium-font-size wp-elements-0c437e591b7d3b50f0cb823d4de5eecd\">Eng nei Carri\u00e8re opbauen<\/h2>\n\n<p>W\u00e9i et zu d\u00e4r Z\u00e4it op villen Plaze gew\u00e9inlech war, gouf erwaart, datt den eelste Jong de Familljebetrib oder de Bauerenhaff weider f\u00e4ert. De Pierre huet gewosst, datt, well den Nic de Familljebauerenhaff nom Doud vum Papp am M\u00e4erz 1941 kritt hat, hien s\u00e4in eegene Karri\u00e4rplang misst entw\u00e9ckelen. Seng v\u00e9ier an hallwe Joer an der Resistenz haten him wichteg F\u00e4egkeete ginn, d\u00e9i op all modernem CV h\u00e9ich geschat ginn, w\u00e9i Reaktiounsf\u00e4egkeet, s\u00e9ier Denken, L\u00e9isungsorient\u00e9ierung, d\u2019F\u00e4egkeet \u00ebnner Drock gutt ze schaffen, a Leadership- a Motivatiounsf\u00e4egkeeten \u00ebnner schw\u00e9ieren \u00cbmst\u00e4nn.  <\/p>\n\n<p>Am Joer 1946 ass de Pierre an d\u2019M\u00ebtt vu L\u00ebtzebuerg gewiesselt fir als B\u00ebschmeeschter fir d\u2019Waasser- a B\u00ebschdepartement (Eaux et For\u00eats) an der klenge Stad L\u00ebntgen am Kanton Miersch ze schaffen. Hie war ambiti\u00e9is an huet schw\u00e9ier geschafft; hien huet den Owesunterrecht besicht an sech souguer fir Coursen zu Nancy am Nordoste vu Frankr\u00e4ich ageschriwwen, d\u00e9i sech op B\u00ebschwirtschaft spezialis\u00e9iert hunn. Geschw\u00eb gouf hien an Dokumenter als ee strebsame B\u00ebschmeeschter (garde forestier aspirant) genannt.<br data-mce-bogus=\"1\"\/>  <\/p>\n\n<p>An de fr\u00e9ien 1950er Joren ass hien an d\u2019Stad Wolz am Norde gewiesselt, a vun de fr\u00e9ien 1960er Joren un huet hien sech an der sch\u00e9iner klenger W\u00e4instad R\u00e9imich un der Mousel n\u00e9iergelooss. Hien huet sech an der Hierarchie eropgeschafft a gouf Haaptb\u00ebschmeeschter (Brigadier forestier ppal), dee mat sengem Team fir all d\u2019B\u00ebsch am Oste vum Land zoust\u00e4nneg war. <\/p>\n\n<p>An den 1970er Jore gouf de Pierre op Stroossbuerg invit\u00e9iert, fir eng Ried iwwert B\u00ebschwirtschaftspraktiken ze halen. Op vill Man\u00e9iere war hie senger Z\u00e4it viraus, well hie fir nohalteg, \u00ebmweltfr\u00ebndlech Methode pl\u00e4d\u00e9iert huet, wou dat praktesch war, an dob\u00e4i d\u2019Stuerheet vermeit huet, d\u00e9i heiansdo mat moderner \u00ebmweltfr\u00ebndlecher Extremismus verbonne g\u00ebtt. <\/p>\n\n<h2 class=\"wp-block-heading has-vivid-cyan-blue-color has-text-color has-link-color has-medium-font-size wp-elements-3eca4da2ae413f154ea16282f4a81653\">Hochz\u00e4it<\/h2>\n\n<p>Am Joer 1950 huet de Pierre seng zuk\u00fcnfteg Fra Odile Schreiner kennegel\u00e9iert. D\u2019Odile ass d\u2019Duechter vun engem Bauer a Grondbes\u00ebtzer vu Guedber an d\u2019Famill Schreiner hat och schw\u00e9ier Z\u00e4iten am Krich duerchgemaach. De Schreiner Papp gouf am Juli 1942 fir dr\u00e4i Woche festgeholl an d\u2019ganz Famill (Mam, Papp a dr\u00e4i Kanner) war eng vun den \u00e9ischte f\u00ebnnefk\u00e4ppeg Famillen, d\u00e9i am September 1942 vun den Nazie deport\u00e9iert goufen. Den 23. September 1942 huet d\u2019Nationalzeitung Luxemburger Wort all f\u00ebnnefk\u00e4ppeg Famille mat Numm, Adress a Beruff opgezielt, fir eng Warnung un d\u00e9i aner. D\u2019Ursaach fir d\u2019\u00cbmsidlung war, datt d\u00ebs Famillen an diverse Kreesser bekannt waren, sech net als d\u00e4itschgesinnt a d\u00e4itschbewosst Bierger ze betruechten a ze behuelen. Duerch eng nei Aarbechtsustellung an e Wunnzentrum kruten si d\u2019M\u00e9iglechkeet, e w\u00e4ertvolle Member vun der d\u00e4itscher nationaler Gemeinschaft ze ginn.<br data-mce-bogus=\"1\"\/>     <\/p>\n\n<p>G\u00e9int Enn vum Krich sinn iwwer 1100 L\u00ebtzebuerger Familljen an \u00cbmsiidlungslagere fortgesch\u00e9ckt ginn. Mat bal kenger Virwarnung goufen si opgefuerdert, eng kleng K\u00ebscht ze packen an sech op der Gare Hollerech zu L\u00ebtzebuerg unzemellen. Vu do aus goufen si op Zich verfracht, d\u00e9i no Oste gefuer sinn, an eng ongew\u00ebss Zukunft, d\u00e9i fir d\u00e9i meescht ee Liewe voller L\u00e9it an Instabilit\u00e9it bedeit huet. Gl\u00e4ichz\u00e4iteg hunn d\u2019Nazibesatzer all hire Bes\u00ebtz confisqu\u00e9iert, hir Haiser a Bes\u00ebtz gestuel an hinnen d&#8217;Gefill vu S\u00e9cherheet geholl.   <\/p>\n\n<p>D\u2019Schreiner Famill hat als \u00e9ischt Destinatioun Leubus, e Forced-Labour Camp an Nidderschlesien (haut Lubi\u0105\u017c am S\u00fcdweste vu Polen), iwwer 1.000 Kilometer ewech vu L\u00ebtzebuerg. An engem groussen an imposante Komplex vun enger fr\u00e9ierer Zisterzienserabtei ageriicht, gouf de <a href=\"https:\/\/en.wikipedia.org\/wiki\/Lubi%C4%85%C5%BC_Abbey\">Camp Leubus<\/a> vun der SS ger\u00e9iert. Et g\u00ebtt gesot, datt d\u2019Plaz an e geheimt Arbechtslager \u00ebmgewandelt gouf, mat Fuerschungslaboratoiren an Ateliere fir d\u2019Entw\u00e9cklung vu Radar-Empf\u00e4ngeren; an och Atelieren fir d\u2019Hierstellung vun Waffen goufen do ugeluecht. D\u2019Konditioune waren haart an d\u2019Plaz streng bewaacht: D\u2019Deport\u00e9iert hunn haart geschafft, hunn och dacks Erniddregungen erdroen. Trotzdeem hunn d\u2019Gefaangener sech g\u00e9iges\u00e4iteg \u00ebnnerst\u00ebtzt, fir d\u2019Moral ze halen an d\u2019Hoffnung ze haalen, eist Heemecht er\u00ebmzefannen.    <\/p>\n\n<figure class=\"wp-block-gallery has-nested-images columns-default is-cropped wp-block-gallery-1 is-layout-flex wp-block-gallery-is-layout-flex\">\n<figure class=\"wp-block-image size-large\"><img loading=\"lazy\" decoding=\"async\" width=\"1024\" height=\"680\" data-id=\"3371\" src=\"https:\/\/www.pierre-schon.lu\/wp-content\/uploads\/2025\/08\/Hollerich-1024x680.jpg\" alt=\"\" class=\"wp-image-3371\" srcset=\"https:\/\/www.pierre-schon.lu\/wp-content\/uploads\/2025\/08\/Hollerich-1024x680.jpg 1024w, https:\/\/www.pierre-schon.lu\/wp-content\/uploads\/2025\/08\/Hollerich-300x199.jpg 300w, https:\/\/www.pierre-schon.lu\/wp-content\/uploads\/2025\/08\/Hollerich-768x510.jpg 768w, https:\/\/www.pierre-schon.lu\/wp-content\/uploads\/2025\/08\/Hollerich.jpg 1175w\" sizes=\"auto, (max-width: 1024px) 100vw, 1024px\" \/><\/figure>\n\n\n\n<figure class=\"wp-block-image size-large\"><img loading=\"lazy\" decoding=\"async\" width=\"660\" height=\"417\" data-id=\"3375\" src=\"https:\/\/www.pierre-schon.lu\/wp-content\/uploads\/2025\/08\/Leubus.jpg\" alt=\"\" class=\"wp-image-3375\" srcset=\"https:\/\/www.pierre-schon.lu\/wp-content\/uploads\/2025\/08\/Leubus.jpg 660w, https:\/\/www.pierre-schon.lu\/wp-content\/uploads\/2025\/08\/Leubus-300x190.jpg 300w\" sizes=\"auto, (max-width: 660px) 100vw, 660px\" \/><\/figure>\n<\/figure>\n\n<p class=\"has-small-font-size\">Foto l\u00e9nks: Depart vu Familljen, d\u00e9i a Schlesien \u00ebmgesidelt goufen. Centren de documentation et de recherche sur la R\u00e9sistance. Foto riets: Loftopnam vum Aarbechtslager Leubus, 1942. Wikipedia.   <\/p>\n\n<p>Am Januar 1943 gouf de Camp Leubus als Deel vun enger m\u00e9i grousser Nazi-Strategie zougemaach, fir d\u2019Zwangsaarbechtslager fir eng besser Effizienz am Krich nei ze organis\u00e9ieren. D\u2019Schreiner Famill gouf, w\u00e9i d\u00e9i meescht vun den \u00e9ischten Deport\u00e9ierten op Leubus, duerno an de Camp Boberstein verluegt, ronn 130 Kilometer m\u00e9i w\u00e4it. Do, am Februar 1943, huet de Pierre seng courag\u00e9iert a m\u00ebnschlech Missioun ausgefouert \u2013 m\u00e9i w\u00e9i 1.000 Kilogramm Proviant un de Camp geliwwert. Als Meedchen vu n\u00ebmmen 13 Joer, h\u00e4tt d\u2019Odile Schreiner ni geduecht, datt si ee Jorzengt m\u00e9i sp\u00e9it de Resistenzler mat dem villen Mut g\u00e9if bestueden.   <\/p>\n\n<p>Gl\u00e9cklecherweis huet d\u00e9i ganz Famill Schreiner hir Intern\u00e9ierung iwwerlieft a si sinn am Abr\u00ebll 1945 zer\u00e9ck op L\u00ebtzebuerg komm \u2013 am G\u00e9igesaz zu den 21 l\u00ebtzebuergeschen Deport\u00e9ierten, d\u00e9i tragesch am Camp Boberstein hiert Liewe verluer hunn.<\/p>\n\n<p>D\u2019Koppel huet sech de 17. Oktober 1953 zu Jongl\u00ebnster bestuet, voller Loscht, en neit a positiv Kapitel unzef\u00e4nken an d\u2019Schwieregkeeten an d\u2019Onw\u00ebssenheeten aus de Krichsjoren hanner sech ze loossen. Am Juli 1954 koum hire Jong Fran\u00e7ois zu Wolz op d\u2019Welt, gefollegt vun der Gebuert vun hirer Duechter Jacqueline am Joer 1961. <\/p>\n\n<figure class=\"wp-block-image size-large is-resized\"><img loading=\"lazy\" decoding=\"async\" width=\"1024\" height=\"432\" src=\"https:\/\/www.pierre-schon.lu\/wp-content\/uploads\/2025\/11\/Family-1024x432.jpg\" alt=\"\" class=\"wp-image-4554\" style=\"width:714px;height:auto\" srcset=\"https:\/\/www.pierre-schon.lu\/wp-content\/uploads\/2025\/11\/Family-1024x432.jpg 1024w, https:\/\/www.pierre-schon.lu\/wp-content\/uploads\/2025\/11\/Family-300x127.jpg 300w, https:\/\/www.pierre-schon.lu\/wp-content\/uploads\/2025\/11\/Family-768x324.jpg 768w, https:\/\/www.pierre-schon.lu\/wp-content\/uploads\/2025\/11\/Family.jpg 1462w\" sizes=\"auto, (max-width: 1024px) 100vw, 1024px\" \/><\/figure>\n\n<p class=\"has-small-font-size\">L\u00e9nks: De Pierre mat senger Fra Odile, hirem Jong Fran\u00e7ois an den Elteren vun der Odile, dem Jean-Pierre an der Nathalie Schreiner. Riets: De Pierre mat senger Famill op engem Weekend-Ausfluch am Joer 1959 <\/p>\n\n<h2 class=\"wp-block-heading has-vivid-cyan-blue-color has-text-color has-link-color has-medium-font-size wp-elements-77ee6778c015a8d16aff38c99c76479b\">Enke Kontakt halen<\/h2>\n\n<p>An de Joren nom Krich huet de Pierre reegelm\u00e9isseg Kontakt mat senge Resistenzfr\u00ebnn gehalen. Si haten zesumme vill duerchgestaanen, an e staarkt Band huet si vereenegt. Hie war aktiv bei den Er\u00ebnnerungsfeierlechkeeten derb\u00e4i, d\u00e9i all Joer zu L\u00ebtzebuerg an heiansdo och am Ausland, an der Belsch an a Frankr\u00e4ich, organis\u00e9iert goufen. Hie koum mat sengem Bouf Fran\u00e7ois op Besuch an de KZ Hinzert a sot him, w\u00e9i schw\u00e9ier d\u2019Krichsz\u00e4it fir vill M\u00ebnsche gewiescht war. Nom Krich ass de Jules Dominique, deen de Pierre an d\u2019belsch Resistenz rekrut\u00e9iert hat, bis zum Majouer avanc\u00e9iert an t\u00ebscht 1953 an 1966 Chef vun der Groussherzoglecher Gard ginn.    <\/p>\n\n<p>D\u2019Famill huet en enke Bezuch zu Di\u00ebnjen behalen a koum \u00ebmmer nees zer\u00e9ck op de Bauerenhaff fir traditionell Feieren ew\u00e9i Allerhellegen, Chr\u00ebschtdag an d\u2019Summervakanz. D\u2019Summerz\u00e4it war och eng Z\u00e4it fir ze reesen. De Pierre huet seng Famill mam Auto an der Caravane duerch Europa gefouert, mat reegelm\u00e9issege Stoppen a Frankr\u00e4ich an an der Belsch. D\u00ebs Reesen hunn heiansdo och Visitte bei al Resistenzfr\u00ebnn am Norden a zu Draguignan am S\u00fcde vu Frankr\u00e4ich mat sech bruecht.   <\/p>\n\n<p>Doheem zu R\u00e9imech ass de Pierre aktiv am Biergerliewen bliwwen a war un der Organisatioun vu Manifestatiounen ew\u00e9i dem 1. Mee-Fest zesumme mat dem Sch\u00e4fferot bedeelegt. W\u00e9i vill Leit zu d\u00e4r Z\u00e4it ass hien e puermol d\u2019Joer op d\u2019Juegd gaangen. Seng Fra Odile war eng exzellent K\u00e4chin, d\u00e9i aus dem W\u00ebld, dat hien heem bruecht huet, herrlech Molzechte fir d\u2019Famill an d\u2019Fr\u00ebnn prepar\u00e9iert huet.  <\/p>\n\n<p>Eng besonnesch er\u00ebnnerungsr\u00e4ich Visitt an den \u00e9ischte Jore vun de 1960er huet de Pierre zesumme mat sengem Jong Fran\u00e7ois a sengem Neveu Fernand op d&#8217; Schlass vum Andr\u00e9 Peltzer bei Spa gefouert. De Peltzer, een Textilindustriellen, hat de Pierre 1936 als Hausdinger agestallt an hien duerno, beandrockt vu senger oppener Aart a senge Sproochkenntnisser, an eng kommerziell Roll bef\u00ebrdert. W\u00e4rend d\u00ebser Visitt huet de Peltzer d\u2019Jonge mat enger Tour ronder\u00ebm d\u2019Domaine a sengem Cabriolet-Sportwon begeeschtert. W\u00e9i \u00ebmmer vum Fr\u00e4ien ugezunn, huet de Pierre een Zeltlager um Schlassgronn opgeriicht, fir de Kanner Spaass ze maachen an och Begeeschterung fir d&#8217;Natur ze f\u00ebrderen. Hie war sp\u00e9ider och mam Fran\u00e7ois beim Auguste Collart op Besuch zu Beetebuerg op sengem Schlass, wou d\u00e9i zwee Resistenzveteranen zesummen sech un hir Z\u00e4it an der l\u00ebtzebuergescher Resistenz er\u00ebnnert hunn.    <\/p>\n\n<p class=\"has-small-font-size\"><\/p>\n\n<p>Iwwer vill Jore war ee vun den H\u00e9ichpunkten am Familljeliewen de j\u00e4rleche Besuch vun hirem amerikanesche Monni aus New York. De Monni Michel war am Ufank vum 20. Joerhonnert an d\u2019USA emigr\u00e9iert an hat sech am Illinois n\u00e9iergelooss. M\u00e9i sp\u00e9it gouf s\u00e4i Jong Dagobert \u2013 deen d\u2019L\u00ebtzebuerger Famill l\u00e9if no dem Disney-Charakter Dagobert Duck genannt huet, engem exzentreschen, r\u00e4iche Personnage mat Hang zu Avent\u00fcren an een erfollegr\u00e4ichen Affekot zu New York. All Joer ass den \u201eMonni Dagobert\u201c mat Kaddoe komm, zum grousse Wuelgefill vun de Kanner \u2013 dacks Spillsaache mat enger Fernsteierung, eng richteg Neiegkeet an Europa an den 1960er Joren. Als Jugendlechen huet de Fran\u00e7ois esouguer verschidde Summer zu New York verbruecht, wou hien d\u2019Z\u00e4it mat der amerikanescher Famill genoss huet a richteg verwinnt gouf.    <\/p>\n\n<p>De Pierre huet och de Kontakt mat amerikaneschem Milit\u00e4r, d\u00e9i hien am Krich kennegel\u00e9iert hat, net verluer. An den 1950er an 1960er Jore gouf hien op d\u2019US &#8211; Basen zu Bitburg a Spangdahlem a D\u00e4itschland invit\u00e9iert, wou hie s\u00e4i Jong Fran\u00e7ois matgeholl huet, fir d\u2019Fliger an d\u2019Personal kennenzel\u00e9ieren an d\u2019Anlagen ze kucken. All K\u00e9ier kruten si een h\u00e4erzlechen Empfang. Iwwert e puer Joer huet de Pierre och d\u2019Roll iwwerholl, fir d&#8217;Chr\u00ebschtbeem aus L\u00ebtzebuerg op b\u00e9id Basen ze liwweren.   <\/p>\n\n<p>An engem Joer, w\u00e9i eng grouss Bestellung sp\u00e9it koum a vill m\u00e9i grouss war w\u00e9i erwaart, huet de Pierre sech gefrot, w\u00e9i si et f\u00e4erdeg br\u00e9ngen, all d\u2019Beem rechtz\u00e4iteg virzebereeden. \u201eKee Problem,\u201c huet d\u2019amerikanesch Fligerpersonal ge\u00e4ntwert. \u201eMir kommen, fir Iech ze h\u00ebllefen.\u201c Kuerz duerno ass e grousse Camion op de Schreiner Bauerenhaff op Guedber gefuer, mat e puer Amerikaner, d\u00e9i modern Handwierksgeschier fir ze schneiden haten. Si hunn direkt geschafft \u2013 an d\u2019Aarbecht a Rekordz\u00e4it f\u00e4erdeg bruecht.   <\/p>\n\n<h2 class=\"wp-block-heading has-vivid-cyan-blue-color has-text-color has-link-color has-medium-font-size wp-elements-6f2d8eede7fc5157b9bfee21f1dff42b\">Auszeechnunge fir seng Daperkeet<\/h2>\n\n<p>Nom Krich gouf dem Pierre d\u2019Croix de Guerre an d\u2019M\u00e9daille de l\u2019Ordre de la R\u00e9sistance vu L\u00ebtzebuerg zouerkannt. Vu Frankr\u00e4ich huet hien d\u2019M\u00e9daille de la Reconnaissance an d\u2019 &#8220;La M\u00e9daille des Passeurs&#8221; kritt. Vun der Belsch krut hien d\u2019M\u00e9daille du Combattant Volontaire de la Guerre 1940\u20131945 mat zwee gekr\u00e4izte Schw\u00e4erter, d\u2019 &#8220;La M\u00e9daille des Passeurs Belges&#8221; an d\u2019 &#8220;La M\u00e9daille Comm\u00e9morative de la Guerre 1940\u20131945&#8221;. Och d\u2019M\u00e9daille interalli\u00e9e huet hie krut. Vu Polen huet hien eng Medail fir seng humanit\u00e4r H\u00ebllef kritt. Hien huet och zwee Luefsschreiwen kritt: ee vun den USA \u00ebnnerschriwwe vum General Eisenhower an een aus dem Commonwealth of Nations \u00ebnnerschriwwe vum Deputy Chief Commander vun der Allied Expeditionary Force, d\u00e9i hiren Dank an d\u2019Unerkennung ausgedr\u00e9ckt hunn fir d\u2019\u00cbnnerst\u00ebtzung bei der Flucht vun alli\u00e9ierten Zaldoten a Fligerpiloten aus der g\u00e9ignerescher Hand.     <\/p>\n\n<figure class=\"wp-block-image size-large is-resized\"><img loading=\"lazy\" decoding=\"async\" width=\"1024\" height=\"1024\" src=\"https:\/\/www.pierre-schon.lu\/wp-content\/uploads\/2025\/07\/Medals-1024x1024.jpg\" alt=\"\" class=\"wp-image-2520\" style=\"width:483px;height:auto\" srcset=\"https:\/\/www.pierre-schon.lu\/wp-content\/uploads\/2025\/07\/Medals-1024x1024.jpg 1024w, https:\/\/www.pierre-schon.lu\/wp-content\/uploads\/2025\/07\/Medals-300x300.jpg 300w, https:\/\/www.pierre-schon.lu\/wp-content\/uploads\/2025\/07\/Medals-150x150.jpg 150w, https:\/\/www.pierre-schon.lu\/wp-content\/uploads\/2025\/07\/Medals-768x768.jpg 768w, https:\/\/www.pierre-schon.lu\/wp-content\/uploads\/2025\/07\/Medals-1536x1536.jpg 1536w, https:\/\/www.pierre-schon.lu\/wp-content\/uploads\/2025\/07\/Medals-2048x2048.jpg 2048w\" sizes=\"auto, (max-width: 1024px) 100vw, 1024px\" \/><\/figure>\n\n<p class=\"has-small-font-size\">Fotoe vun de Medailen, d\u00e9i dem Pierre Schon vu L\u00ebtzebuerg, vun der Belsch a vu Frankr\u00e4ich zouerkannt goufen.<\/p>\n\n<h2 class=\"wp-block-heading has-vivid-cyan-blue-color has-text-color has-link-color has-medium-font-size wp-elements-e0884614ba8c9e4b3658792759bfeb18\">D\u2019Luuchte ginn aus<\/h2>\n\n<p>De 14. Juli 1991 ass de Pierre am Spidol zu L\u00ebtzebuerg-Stad un H\u00e4erzversoe gestuerwen, eppes wat e Joerz\u00e9ngt m\u00e9i sp\u00e9it mat moderner Bypass-Operatioun h\u00e4tt k\u00e9inte verh\u00ebnnert ginn. D\u00e9i stiermesch Krichsjoren voller Stress hu warscheinlech eng laangfristeg Spuer an der Gesondheet hannerlooss. D\u2019Kierch zu R\u00e9imech war iwwerf\u00ebllt mat Famill, Fr\u00ebnn a Membere vun der Resistenz, d\u00e9i alleguer zesumme koume fir e courag\u00e9ierte Patriot an eng aussergew\u00e9inlech gener\u00e9is Persoun ze verloossen an ze \u00e9ieren.  <\/p>\n\n<figure class=\"wp-block-image size-full is-resized\"><img loading=\"lazy\" decoding=\"async\" width=\"791\" height=\"793\" src=\"https:\/\/www.pierre-schon.lu\/wp-content\/uploads\/2025\/07\/fairepartPierre.jpg\" alt=\"\" class=\"wp-image-2180\" style=\"width:636px;height:auto\" srcset=\"https:\/\/www.pierre-schon.lu\/wp-content\/uploads\/2025\/07\/fairepartPierre.jpg 791w, https:\/\/www.pierre-schon.lu\/wp-content\/uploads\/2025\/07\/fairepartPierre-300x300.jpg 300w, https:\/\/www.pierre-schon.lu\/wp-content\/uploads\/2025\/07\/fairepartPierre-150x150.jpg 150w, https:\/\/www.pierre-schon.lu\/wp-content\/uploads\/2025\/07\/fairepartPierre-768x770.jpg 768w\" sizes=\"auto, (max-width: 791px) 100vw, 791px\" \/><\/figure>\n\n<p>W\u00e9inst sengem Doud krut de Pierre am Joer 1991 notr\u00e4glich d\u2019Croix de la R\u00e9sistance vu L\u00ebtzebuerg zouerkannt, d\u00e9i bedeitendst zivil Auszeechnung fir Resistenzaktiounen zu L\u00ebtzebuerg w\u00e4rend dem Krich.<br\/><\/p>\n\n<h2 class=\"wp-block-heading has-vivid-cyan-blue-color has-text-color has-link-color has-medium-font-size wp-elements-162273e121b74f1df23029870bef4780\">Hommage un d\u2019brav Resistenzler vun Europa <\/h2>\n\n<p>Loosst eis un d\u00e9i courag\u00e9iert Persounen aus der Resistenz an Europa w\u00e4rend dem Zweete Weltkrich er\u00ebnneren. D\u00ebs Helden hunn \u00ebnnert der brutaler Nazi-Besetzung alles risk\u00e9iert. Si hunn am Schiet mat limit\u00e9ierte Ressourcen a st\u00e4nneger Gefor e verstoppte Krich vu Resistenz a Widderstand gefouert. Hir oft Opferbereetschaft ass e staarke Beweis fir den Drang no Gerechtegkeet a Fr\u00e4iheet, e Wierk dat wesentlech war fir d&#8217;Victoire vun den Alli\u00e9ierten a fir de Fridden, dee mir haut gen\u00e9issen.   <\/p>\n\n<p>Laut dem Livre d\u2019Or des Prisons vun der L.P.P.D waren iwwer 10.000 patriotesch L\u00ebtzebuerger Membere vun der Resistenz oder geheimen Organisatiounen. D\u00e9i l\u00ebtzebuergesch Resistenzbeweegungen hu f\u00e4erdeg bruecht, 300 politesch Fl\u00fcchtlingen a m\u00e9i w\u00e9i 3.500 jonk M\u00e4nner ze verstoppen, d\u00e9i der forc\u00e9ierter Zwangsrekrut\u00e9ierung an d\u00e9i d\u00e4itsch Arm\u00e9i entkomm sinn, vun 12.080 am Ganzen. 350 L\u00ebtzebuerger hu fir de Maquis (B\u00ebschlager) an der Belsch an a Frankr\u00e4ich gek\u00e4mpft, a 74 vun hinne sinn \u00ebm d\u2019Liewe komm. Iwwer 50 Aktiviste vun der l\u00ebtzebuergescher Resistenz goufe vun den Nazi exekut\u00e9iert. Eng wichteg Zuel vun aneren ass an de Konzentratiounslager gestuerwen.    <\/p>\n\n<p><a href=\"https:\/\/en.wikipedia.org\/wiki\/French_Resistance\">A Frankr\u00e4ich<\/a> g\u00ebtt geschat, datt t\u00ebscht 300.000 a 500.000 Leit un der Resistenz bedeelegt waren. Ronn 100.000 dovu ware K\u00e4mpfer oder Aktivisten, an Honnertdausende hunn \u00cbnnerdaach, Transport, falsch Pabeieren, Iessen un d\u2019Resistenzler geliwwert oder Propaganda verdeelt. Et g\u00ebtt gesot, datt t\u00ebscht 30.000 a 35.000 frans\u00e9isch Resistenzler gefoltert an exekut\u00e9iert goufen, am Kampf \u00ebm d\u2019Liewe komm sinn oder an dem Prisong gestuerwe sinn. Aner 60.000 bis 70.000 vun den Deport\u00e9ierte sinn an den Nazi Konzentratiounslager \u00ebm d\u2019Liewe komm.<\/p>\n\n<p><a href=\"https:\/\/en.wikipedia.org\/wiki\/Belgian_Resistance\">An der Belsch<\/a> g\u00ebtt geschat, datt ronn 160.000 Belsch un der Resistenz deelgeholl hunn. Dovunner goufen 30.000 verhaft, a 16.000 hunn hiert Liewe verluer; entweder si goufen exekut\u00e9iert oder sinn an de Konzentratiounslager oder an der Prisong gestuerwen. Dovunner goufen 30.000 verhaft, a 16.000 hunn hiert Liewe verluer; entweder si goufen exekut\u00e9iert oder sinn an de Konzentratiounslager oder an der Prisong gestuerwen.<\/p>\n\n<p><a href=\"https:\/\/en.wikipedia.org\/wiki\/Dutch_resistance\">An den Niederlanden<\/a> waren t\u00ebscht 45.000 a 60.000 Leit zu engem best\u00ebmmte Moment aktiv an der Resistenz bedeelegt, mee n\u00ebmmen e klenge K\u00e4r (5.000 bis 10.000) waren dauernd an d\u00e9ifgr\u00e4ifend organis\u00e9iert, an h\u00e9ichriskantst Resistenzaktivit\u00e9iten involv\u00e9iert (z. B. Sabotage, bewaffnete Kampf, H\u00ebllef fir d&#8217;Judden ze fl\u00fcchten). Ronn 2.000 bis 2.500 holl\u00e4nnesch Resistenzler goufe w\u00e4rend der Besatzung (1940\u20131945) vun de Nazi exekut\u00e9iert, w\u00e4rend dausend m\u00e9i verhaft, gefoltert oder deport\u00e9iert goufen, a vill a Konzentratiounslagere gestuerwe sinn.<\/p>\n\n<p><a href=\"https:\/\/en.wikipedia.org\/wiki\/Norwegian_resistance_movement\">An Norwege<\/a> g\u00ebtt geschat, datt t\u00ebscht 30.000 a 40.000 Norweger w\u00e4rend der Besatzung aktiv an der Resistenz bedeelegt waren. Am Ganze goufe ronn 1.900 Leit am Zesummenhang mat Resistenzaktivit\u00e9iten \u00ebmbruecht, dor\u00ebnner ronn 600 exekut\u00e9iert, a Konzentratiounslageren oder an anere Repressiounen<\/p>\n\n<p><a href=\"https:\/\/en.wikipedia.org\/wiki\/Danish_resistance_movement\">An D\u00e4nemark <\/a> sch\u00e4tzt een, datt ronn 20.000 D\u00e4nen un der Resistenz deelgeholl hunn, mat ronn 400 D\u00e4nesche Resistenzler, d\u00e9i \u00ebmkomm sinn. Vill m\u00e9i goufe verhaft, deport\u00e9iert oder a Konzentratiounslagere gesch\u00e9ckt. Si hunn et erfollegr\u00e4ich f\u00e4erdeg bruecht, iwwer 60% vun der <a href=\"https:\/\/www.bbc.com\/culture\/article\/20181001-the-danish-network-that-defied-hitler\">jiddescher Bev\u00eblkerung <\/a> vum Land ze retten, andeem si si iwwer d\u2019Waasser an dat neutral Schweden transport\u00e9iert hunn, just ier si h\u00e4tten zesummegedriwwen an deport\u00e9iert ginn.<\/p>\n\n<p><a href=\"https:\/\/en.wikipedia.org\/wiki\/Polish_resistance_movement_in_World_War_II\">A Polen<\/a> war d\u2019Resistenz ee vun de <a href=\"https:\/\/polandatwartours.com\/unsung-heroes-the-brave-men-and-women-of-the-polish-resistance-during-ww2\/\">gr\u00e9issten an besch\u00e4ftegten<\/a> Underground-Beweegungen am besaten Europa. Sch\u00e4tzunge soen, datt d\u2019polnesch Resistenz op sengem H\u00e9ichpunkt iwwer 400.000 Membere gezielt huet, dor\u00ebnner d\u2019Armia Krajowa (Heemechtsarm\u00e9i), d\u00e9i Haaptresistenzorganisatioun. E puer Sch\u00e4tzunge weisen drop hin, datt ronn 100.000 Membere vun der polnescher Resistenz an Zivilisten, d\u00e9i un Underground-Aktivit\u00e9iten deelgeholl hunn, exekut\u00e9iert goufen oder a Konzentratiounslagere gestuerwe sinn.<\/p>\n\n<h2 class=\"wp-block-heading has-vivid-cyan-blue-color has-text-color has-link-color has-medium-font-size wp-elements-c110fb93b240e561f1b4cae2503d7a9a\">Epilog<\/h2>\n\n<p>Am Joer 1971 huet m\u00e4i weisen alen Englesch Enseignant eis gesot: \u201eDir hutt d\u2019Fr\u00e4iheet all Fr\u00e4iheeten ze beenden, an et ass un iech all, fir ze suergen, datt dat ni geschitt.\u201c Et war eng d\u00e9ifgr\u00e4ifend Noriicht, besonnesch fir e Raum voller eeleft Joer al Kanner, d\u00e9i nach gel\u00e9iert hunn, wat Fr\u00e4iheet iwwerhaapt bedeit.<br data-mce-bogus=\"1\"\/> <\/p>\n\n<p>Ee vun de Konflikter mat der h\u00e9chster Zuel vun Doudeger an der M\u00ebnschheetsgeschicht war den zweete Weltkrich; m\u00e9i w\u00e9i 70 Millioune M\u00ebnsche sinn am Zweete Weltkrich \u00ebm d\u2019Liewe komm, dor\u00ebnner 27 Milliounen aus der Sowjetunioun. D\u00e9i Zerst\u00e9ierung an dat Leed, dat de Krich verursaacht huet, hunn Natiounen nees geformt, weltw\u00e4it Muechtverh\u00e4ltnisser ge\u00e4nnert an d\u00e9if Narben an onzielege Gemeinschafte ronder\u00ebm d\u2019Welt hannerlooss. <\/p>\n\n<p>Aus de Lektioune vum Zweete Weltkrich hu mir gel\u00e9iert, datt totalit\u00e4r Regime s\u00e9ier d\u2019Muecht iwwerhuele k\u00ebnnen, wa mir net virsiichteg sinn. D&#8217;Fr\u00e4iheet huet hire Pr\u00e4is, a wann se eemol verluer ass, ass et onheemlech schw\u00e9ier se er\u00ebm ze kr\u00e9ien. Haut steet D\u00e4itschland als zouverl\u00e4ssege Partner, e Beweis fir Vers\u00f6nung. Fir eis Kanner, Enkelkanner an zuk\u00fcnfteg Generatiounen ass et eis Verantwortung, staark, eeneg a best\u00e4nneg an der Verteidegung vun der Demokratie an eiser Liewensweis ze bleiwen, och wa mir se ze dacks als natierlech ugesinn. D\u00ebst Engagement f\u00e4nkt domat un, datt mir un eis rezent Geschicht er\u00ebnneren, well n\u00ebmmen duerch d\u2019Verstoe vun eiser Vergaangenheet k\u00ebnne mir dee Wee, op deem mir eis beweegen, wierklech sch\u00fctzen.    <\/p>\n\n<h2 class=\"wp-block-heading has-vivid-cyan-blue-color has-text-color has-link-color has-medium-font-size wp-elements-0bb4e82eca676814b858f2b140a911e8\">E puer Wierder vun der LPPD an der Amicale LPL<\/h2>\n\n<p>D\u2019LPPD (La Ligue des Prisonniers et D\u00e9port\u00e9s Politiques ) Asbl gouf 1946 gegr\u00ebnnt, kuerz nom Enn vum Zweete Weltkrich. Hir Missioun ass et, d\u00e9i historesch Dokumenter an d\u00e9i pers\u00e9inlech Er\u00ebnnerunge vun de l\u00ebtzebuergesche politesche Gefaangenen an Deport\u00e9ierten ze erhalen. <\/p>\n\n<p>D\u2019Associatioun ass och a Kontakt mat verschiddenen aner Amicallen, d\u00e9i mam Zweete Weltkrich ze dinn hunn, \u2014 w\u00e9i der Amicale LPL \u2014 an haut och mat hiren Nokommen, fir d\u2019Er\u00ebnnerung an d\u2019Nofolleg vun der L\u00ebtzebuerger Resistenz ze \u00e9ieren an d\u2019historescht Bewosstsi fir d\u00e9i zuk\u00fcnfteg Generatiounen ze f\u00ebrderen.<\/p>\n\n<figure class=\"wp-block-image size-full is-resized\"><img loading=\"lazy\" decoding=\"async\" width=\"272\" height=\"187\" src=\"https:\/\/www.pierre-schon.lu\/wp-content\/uploads\/2025\/11\/LPPDForeword.jpg\" alt=\"\" class=\"wp-image-4046\" style=\"width:212px;height:auto\"\/><\/figure>\n\n<p>L\u00e9if Lieser,<br\/><\/p>\n\n<p>80 Joer no 1945, also no dem Enn vum Zweete Weltkrich g\u00ebtt heiansdo d\u2019Fro gestallt, ob et n\u00e9ideg ass, op d&#8217;Z\u00e4it vun 1940 bis 1945 hinzeweisen. G\u00ebtt et nach een Interessi un der Vergaangenheet, oder ass d\u2019Er\u00ebnnerung am gaangen ze verblatzen? <\/p>\n\n<p>Da loosse mir eis mol er\u00ebnneren! No dem \u00e9ischte Weltkrich ass den 10. Januar 1920 de \u00abV\u00eblkerbond\u00bb entstanen. D\u2019M\u00ebnscherechter sollte gesch\u00fctzt ginn, de Krich sollt vermeit ginn. Mee d\u2019Verletzlechkeet vu m\u00e9i klenge an awer och vu m\u00e9i grousse Staate konnt net garant\u00e9iert ginn.  <\/p>\n\n<p>Loosse mir eis er\u00ebnneren! Den 18. Abr\u00ebll 1946, also no dem Zweete Weltkrich hunn 34 Staaten de V\u00eblkerbond opgel\u00e9ist. D\u2019UNO ass gegr\u00ebnnt ginn. Et huet ee gemengt, et h\u00e4tt een elo eng Bastioun g\u00e9int autorit\u00e4ren Nationalismus.  <\/p>\n\n<p>An haut!? De Fridden an Europa war bis Februar 2022 eng Selbstverst\u00e4ndlechkeet ginn. Zenarie, vun deenen ee gemengt huet, et g\u00e9if si net mi ginn, sinn er\u00ebm Realit\u00e9it. D\u2019S\u00e9cherheetsarchitektur em eis ronder\u00ebm ass am gaangen a St\u00e9cker ze br\u00e9ckelen. D\u00e9i international Uerdnung, de Respekt virun der staatlecher Onofh\u00e4ngegkeet a virun der Autorit\u00e9it vun der UN ginn a Fro gestallt. D\u2019Strategi\u00eb vun den demokratesche Parteie, fir d\u2019Populisten ze verh\u00ebnnere sch\u00e9ngen ze versoen.     <\/p>\n\n<p>Wann et och heiansdo net ganz angeneem ass, sech ze er\u00ebnneren, esou ass dat keng Excuse fir sech g\u00e9int d\u2019Er\u00ebnnerung ze entscheeden. Wann mir n\u00ebmme kucke wat grad an der Welt lass ass, dann iwwerloosse mir aneren d\u2019Feld. Dat ass gef\u00e9ierlech an enger Welt, an d\u00e4r sech d\u2019M\u00ebnschheet selwer zerst\u00e9iere kann. Wann mir de Mond halen, da geet d\u2019Er\u00ebnnerung verluer.  <\/p>\n\n<p>Hei ass also ee Beispill wou an d&#8217;Vergaangenheet zr\u00e9ck gekuckt g\u00ebtt, an zwar an d&#8217;Krichsz\u00e4it 1940 bis 1945, op d\u2019Geschicht vum Pierre Schon, engem Resistenzler, deen de Mut hat, sech g\u00e9int den Nazi-Okkupant opzelee\u00ebn.<\/p>\n\n<p>Mee, ass alles wouer wat een iwwer Krichsabenteuer liese kann? Ass eng Geschicht d\u00e9i 80 Joer nom Krich erzielt g\u00ebtt nach ze gleewen. D\u2019Geschichtsfuerscher weisen \u00ebmmer dorop hin, dass een sech un d\u2019 Fakten hale muss an dass n\u00e4ischt duerf derzou gedicht ginn.  <\/p>\n\n<p>Gl\u00e9cklecherweis sinn d\u2019Etappe vum Pierre Schon deelweis duerch Fotoen dokument\u00e9iert an doriwwer eraus huet hie vill Auszeechnunge kritt, well et Leit gouf, d\u00e9i bezeie konnte, wat de Pierre Schon gemaach huet.<\/p>\n\n<p>M\u00e9i wie jee, duerf d\u2019Er\u00ebnnerung net verblatze. Wann mir vergiessen, da g\u00e9if dat h\u00e9ischen, dass mir kostbar Erfarungen zum F\u00ebnster rauswerfen. <\/p>\n\n<p>&#8220;Eng Natioun d\u00e9i hir Vergaangenheet verg\u00ebsst, huet keng Zukunft.&#8221; (Winston Churchill).<\/p>\n\n<p>De Budget, fir den Originaltext vun der Geschicht vum Pierre Schon op L\u00ebtzebuergesch vun engem professionellen Iwwersetzer schreiwen ze loossen, war ze kleng. D&#8217;LPPD ass frou, dass sie duerch d&#8217;Iwwerliese vum L\u00ebtzebuerger Text, dee vun engem Computer vun Englesch iwwersat war, konnt b\u00e4idroen, dass d&#8217;Geschicht vum Pierre Schon och op L\u00ebtzebuergesch zur Verf\u00fcgung steet. <\/p>\n\n<p>Jean Pirsch<br\/>President, LPPD<\/p>\n\n<figure class=\"wp-block-image size-large is-resized\"><img loading=\"lazy\" decoding=\"async\" width=\"1024\" height=\"759\" src=\"https:\/\/www.pierre-schon.lu\/wp-content\/uploads\/2025\/11\/LPLBelgeFlag-1024x759.jpg\" alt=\"\" class=\"wp-image-4378\" style=\"width:248px;height:auto\" srcset=\"https:\/\/www.pierre-schon.lu\/wp-content\/uploads\/2025\/11\/LPLBelgeFlag-1024x759.jpg 1024w, https:\/\/www.pierre-schon.lu\/wp-content\/uploads\/2025\/11\/LPLBelgeFlag-300x222.jpg 300w, https:\/\/www.pierre-schon.lu\/wp-content\/uploads\/2025\/11\/LPLBelgeFlag-768x569.jpg 768w, https:\/\/www.pierre-schon.lu\/wp-content\/uploads\/2025\/11\/LPLBelgeFlag.jpg 1090w\" sizes=\"auto, (max-width: 1024px) 100vw, 1024px\" \/><\/figure>\n\n<p>L\u00e9if Lieser,<\/p>\n\n<p>An Z\u00e4ite wou Angscht a Gewalt gedreet hunn d\u00e9i humanit\u00e4r W\u00e4erter definitiv ze \u00ebnnerdr\u00e9cken, sinn et \u00ebmmer er\u00ebm M\u00ebnsche ginn, d\u00e9i sech, ouni Waffen, mat engem staarke Glawen un d&#8217;M\u00ebnschlechkeet, g\u00e9int Onm\u00ebnschlechkeet gestallt hunn. Ee vun d\u00ebse M\u00ebnsche war de Pierre Schon. Ee jonke Mann vun Dienjen deem sengem Liewen a sengem Courage d\u00ebst Webs\u00e4it an Buch gewidmet ass. <\/p>\n\n<p>Als Member vun der LPL-Rodesch (L\u00ebtzebuerger Patriote Liga) huet de Pierre Schon seng Kraaft a s\u00e4i W\u00ebllen agesat, fir do ze h\u00ebllefe wou d&#8217;Nout am gr\u00e9isste war. Hien huet Jongen iwwer d&#8217;Grenz a S\u00e9cherheet bruecht, Liewensm\u00ebttel a Noriichten an d&#8217;\u00cbmsiidlungslager geschmuggelt an huet sech sp\u00e9ider och am belsche Maquis dem Kampf g\u00e9int den Nazibesatzer ugeschloss. <\/p>\n\n<p>Seng Dote ware kee Produkt vu Sich no Unerkennung an Abenteuer m\u00e4 vum d\u00e9if verankerte Gefill no Gerechtegkeet an Zesummenhalt gedroen. D\u00ebst Webs\u00e4it an Buch erzielt net n\u00ebmmen d&#8217;Geschicht vun engem Resistenzler, m\u00e4 och d\u00e9i vun engem M\u00ebnsch dee s\u00e4i Liewen an d&#8217;Gefor gesat huet, fir anerer ze retten. Et ass eng Er\u00ebnnerung un de W\u00e4ert vun Zivilcourage, un d&#8217;Kraaft vun der Solidarit\u00e9it an un d&#8217;Bedeitung, sech och an d\u00e4ischteren Z\u00e4iten net vum richtege Wee ofbr\u00e9ngen ze loossen.  <\/p>\n\n<p>De Pierre Schon war ee vun deenen, d\u00e9i d&#8217;Fr\u00e4iheet net n\u00ebmme gesch\u00e4tzt, ma och gelieft a verdeedegt hunn. S\u00e4i Beispill soll eis drun er\u00ebnneren, dass d&#8217;Fr\u00e4iheet ni selbstverst\u00e4ndlech ass, an datt Geschicht vun der Resistenz och eng Geschicht vum M\u00ebnschsinn ass, vum M\u00ebnsch deen net ewechkuckt wann eis W\u00e4erter a Gefor sinn. <\/p>\n\n<p>En h\u00e4erzleche Merci geet un d&#8217;Madame Sue Hewitt. Mat hirem Engagement an hiren Nofuerschungen huet si derzou b\u00e4igedroen, dat d&#8217;Geschicht vum Resistenzler an LPL Member Pierre Schon, hirem Schw\u00e9ierpapp, fir d\u00e9i n\u00e4chst Generatiounen erhale bleift. <\/p>\n\n<p>Marc Fischbach<br\/>President vun der Amicale LPL<\/p>\n\n<div class=\"wp-block-buttons is-content-justification-center is-layout-flex wp-container-core-buttons-is-layout-a89b3969 wp-block-buttons-is-layout-flex\">\n<div class=\"wp-block-button\"><a class=\"wp-block-button__link wp-element-button\" href=\"https:\/\/www.pierre-schon.lu\/lu\/archiven\/\">Weider<\/a><\/div>\n<\/div>\n\n<p><\/p>\n","protected":false},"excerpt":{"rendered":"<p>De Pierre besicht 1958 d\u2019Weltausstellung zu Br\u00e9issel zesumme mat sengem Jong Fran\u00e7ois Eng nei Carri\u00e8re opbauen W\u00e9i et zu d\u00e4r [&hellip;]<\/p>\n","protected":false},"author":1,"featured_media":0,"parent":0,"menu_order":0,"comment_status":"closed","ping_status":"closed","template":"","meta":{"site-sidebar-layout":"default","site-content-layout":"","ast-site-content-layout":"default","site-content-style":"default","site-sidebar-style":"default","ast-global-header-display":"","ast-banner-title-visibility":"","ast-main-header-display":"","ast-hfb-above-header-display":"","ast-hfb-below-header-display":"","ast-hfb-mobile-header-display":"","site-post-title":"","ast-breadcrumbs-content":"","ast-featured-img":"","footer-sml-layout":"","ast-disable-related-posts":"","theme-transparent-header-meta":"","adv-header-id-meta":"","stick-header-meta":"","header-above-stick-meta":"","header-main-stick-meta":"","header-below-stick-meta":"","astra-migrate-meta-layouts":"default","ast-page-background-enabled":"default","ast-page-background-meta":{"desktop":{"background-color":"var(--ast-global-color-5)","background-image":"","background-repeat":"repeat","background-position":"center center","background-size":"auto","background-attachment":"scroll","background-type":"","background-media":"","overlay-type":"","overlay-color":"","overlay-opacity":"","overlay-gradient":""},"tablet":{"background-color":"","background-image":"","background-repeat":"repeat","background-position":"center center","background-size":"auto","background-attachment":"scroll","background-type":"","background-media":"","overlay-type":"","overlay-color":"","overlay-opacity":"","overlay-gradient":""},"mobile":{"background-color":"","background-image":"","background-repeat":"repeat","background-position":"center center","background-size":"auto","background-attachment":"scroll","background-type":"","background-media":"","overlay-type":"","overlay-color":"","overlay-opacity":"","overlay-gradient":""}},"ast-content-background-meta":{"desktop":{"background-color":"var(--ast-global-color-4)","background-image":"","background-repeat":"repeat","background-position":"center center","background-size":"auto","background-attachment":"scroll","background-type":"","background-media":"","overlay-type":"","overlay-color":"","overlay-opacity":"","overlay-gradient":""},"tablet":{"background-color":"var(--ast-global-color-4)","background-image":"","background-repeat":"repeat","background-position":"center center","background-size":"auto","background-attachment":"scroll","background-type":"","background-media":"","overlay-type":"","overlay-color":"","overlay-opacity":"","overlay-gradient":""},"mobile":{"background-color":"var(--ast-global-color-4)","background-image":"","background-repeat":"repeat","background-position":"center center","background-size":"auto","background-attachment":"scroll","background-type":"","background-media":"","overlay-type":"","overlay-color":"","overlay-opacity":"","overlay-gradient":""}},"footnotes":""},"class_list":["post-3343","page","type-page","status-publish","hentry"],"_links":{"self":[{"href":"https:\/\/www.pierre-schon.lu\/lu\/wp-json\/wp\/v2\/pages\/3343","targetHints":{"allow":["GET"]}}],"collection":[{"href":"https:\/\/www.pierre-schon.lu\/lu\/wp-json\/wp\/v2\/pages"}],"about":[{"href":"https:\/\/www.pierre-schon.lu\/lu\/wp-json\/wp\/v2\/types\/page"}],"author":[{"embeddable":true,"href":"https:\/\/www.pierre-schon.lu\/lu\/wp-json\/wp\/v2\/users\/1"}],"replies":[{"embeddable":true,"href":"https:\/\/www.pierre-schon.lu\/lu\/wp-json\/wp\/v2\/comments?post=3343"}],"version-history":[{"count":34,"href":"https:\/\/www.pierre-schon.lu\/lu\/wp-json\/wp\/v2\/pages\/3343\/revisions"}],"predecessor-version":[{"id":4592,"href":"https:\/\/www.pierre-schon.lu\/lu\/wp-json\/wp\/v2\/pages\/3343\/revisions\/4592"}],"wp:attachment":[{"href":"https:\/\/www.pierre-schon.lu\/lu\/wp-json\/wp\/v2\/media?parent=3343"}],"curies":[{"name":"wp","href":"https:\/\/api.w.org\/{rel}","templated":true}]}}