{"id":3068,"date":"2025-04-07T12:53:20","date_gmt":"2025-04-07T10:53:20","guid":{"rendered":"https:\/\/www.pierre-schon.lu\/grennung-vum-resistenzbewegung\/"},"modified":"2026-02-22T17:51:09","modified_gmt":"2026-02-22T16:51:09","slug":"grennung-vum-resistenzbewegung","status":"publish","type":"page","link":"https:\/\/www.pierre-schon.lu\/lu\/letzebuerg\/grennung-vum-resistenzbewegung\/","title":{"rendered":"Gr\u00ebnnung vum Resistenzbeweegung"},"content":{"rendered":"\n<div class=\"wp-block-group page-hero has-background is-vertical is-content-justification-center is-layout-flex wp-container-core-group-is-layout-ce155fab wp-block-group-is-layout-flex\" style=\"background-color:#00a3e0\">\n<div class=\"wp-block-group is-vertical is-layout-flex wp-container-core-group-is-layout-fe9cc265 wp-block-group-is-layout-flex\">\n<p class=\"has-ast-global-color-4-color has-text-color has-link-color wp-elements-b5be9b0022782dfb977bba45c8b0337e\"><\/p>\n\n\n\n<figure class=\"wp-block-image size-full\"><img loading=\"lazy\" decoding=\"async\" width=\"628\" height=\"877\" src=\"https:\/\/www.pierre-schon.lu\/wp-content\/uploads\/2025\/08\/Patriotic-poster.jpg\" alt=\"\" class=\"wp-image-3239\" srcset=\"https:\/\/www.pierre-schon.lu\/wp-content\/uploads\/2025\/08\/Patriotic-poster.jpg 628w, https:\/\/www.pierre-schon.lu\/wp-content\/uploads\/2025\/08\/Patriotic-poster-215x300.jpg 215w\" sizes=\"auto, (max-width: 628px) 100vw, 628px\" \/><\/figure>\n<\/div>\n<\/div>\n\n<p class=\"has-small-font-size\">Patriotesch LPL-Plakat mat Groussherzogin Charlotte an dem Slogan \u201eMir w\u00eblle bleiwe wat mir sinn\u201c \u00a9 Alex Wagner, Ettelbr\u00e9ck (1897\u20131973). Iwwer 100.000 Exemplare goufe gedr\u00e9ckt; dovun hunn der e puer och England an d\u2019USA erreecht. Als Fotograf vun der LPL an \u00cbnnerst\u00ebtzer vum Widderstand, deen och Identit\u00e9itsfotoen fir gef\u00e4lscht Pabeiere produz\u00e9iert huet, gouf den Alex Wagner 1942 an d\u2019Konzentratiounslageren Hinzert,Natzweiler-Struthof an Dachau deport\u00e9iert; s\u00e4i Fotogesch\u00e4ft gouf zougemaach an seng Fra fir e puer M\u00e9int am Fraeprisong am Gronn agespaart. Weider Hannergr\u00ebnn vum Will Ferigo (\u201eBand 2 \u2013 Ettelbr\u00fccker Fotografie im Widerstand \u2013 Herausgeber: GREG-2024\u201c).    <\/p>\n\n<h2 class=\"wp-block-heading has-vivid-cyan-blue-color has-text-color has-link-color has-medium-font-size wp-elements-b9708a00093950c91fb821fb651c1097\">Gr\u00ebnnung vun der L\u00ebtzebuerger Patriote Liga (LPL Norden)<\/h2>\n\n<p>Et war g\u00e9int d\u00ebsen alarm\u00e9ierenden Hannergrond, datt sech Enn 1940 zu L\u00ebtzebuerg verschidde Resistenzbeweegunge form\u00e9iert hunn. Si hunn sech dorop konzentr\u00e9iert, anti-nazi Propaganda ze verbreeden, Leit bei der Flucht ze h\u00ebllefen an d\u00e4itsch Aktiounen ze sabot\u00e9ieren. Am Ufank war d\u2019L\u00ebtzebuerger Resistenz an eenzel Gruppen am \u00cbnnergrond opgespl\u00e9ckt, d\u00e9i onofh\u00e4ngeg vuneneen ag\u00e9iert hunn.  <br\/><br\/>Am November 1940 gouf d\u2019L\u00ebtzebuerger Patriote Liga (LPLNorden) zu Klierf vum pension\u00e9ierten Douanier Alphonse Rodesch matgegr\u00ebnnt. D\u2019LPL war eng wichteg Resistenzbeweegung zu L\u00ebtzebuerg w\u00e4rend dem ZweeteWeltkrich. Si war besonnesch aktiv zu Klierf, enger Stad am Norde vum Land, souw\u00e9i an den Dierfer an der Noperschaft, wou d\u2019Resistenz w\u00e9inst der Belsch, d\u00e9i net w\u00e4it wech war, an der strategescher Lag w\u00e4rend der Besatzung eng besonnesch Roll gespillt huet.  <\/p>\n\n<figure class=\"wp-block-image size-full is-resized\"><img loading=\"lazy\" decoding=\"async\" width=\"515\" height=\"567\" src=\"https:\/\/www.pierre-schon.lu\/wp-content\/uploads\/2025\/04\/mapofLuxembourg.png\" alt=\"\" class=\"wp-image-201\" style=\"width:388px;height:auto\" srcset=\"https:\/\/www.pierre-schon.lu\/wp-content\/uploads\/2025\/04\/mapofLuxembourg.png 515w, https:\/\/www.pierre-schon.lu\/wp-content\/uploads\/2025\/04\/mapofLuxembourg-272x300.png 272w\" sizes=\"auto, (max-width: 515px) 100vw, 515px\" \/><\/figure>\n\n<p>Als ee vun de Gr\u00ebnner vun der L\u00ebtzebuerger Patriote Liga (LPL) huet den Alphonse Rodesch eng entscheedend Roll bei der Organisatioun vun der Resistenz, der Sammlung vu Renseignementer an der \u00cbnnerst\u00ebtzung vu Fluchtnetzwierker gespillt. Virum Krich war de Rodesch en engag\u00e9ierte Member vun de patrioteschen a kulturelle Kreesser zu L\u00ebtzebuerg, mat engem staarke W\u00ebllen, d\u2019national Identit\u00e9it vum Land ze erhalen. Dow\u00e9inst war seng Motivatioun no der Besatzung besonnesch h\u00e9ich, fir sech g\u00e9int d\u2019Nazifiz\u00e9ierung vu L\u00ebtzebuerg ze wieren.  <\/p>\n\n<figure class=\"wp-block-image size-full is-resized\"><img loading=\"lazy\" decoding=\"async\" width=\"300\" height=\"367\" src=\"https:\/\/www.pierre-schon.lu\/wp-content\/uploads\/2025\/09\/Rodesch.jpg\" alt=\"\" class=\"wp-image-3584\" style=\"width:199px;height:auto\" srcset=\"https:\/\/www.pierre-schon.lu\/wp-content\/uploads\/2025\/09\/Rodesch.jpg 300w, https:\/\/www.pierre-schon.lu\/wp-content\/uploads\/2025\/09\/Rodesch-245x300.jpg 245w\" sizes=\"auto, (max-width: 300px) 100vw, 300px\" \/><\/figure>\n\n<p class=\"has-small-font-size\">Alphonse Rodesch \u00a9 Amicale LPL<\/p>\n\n<p class=\"has-small-font-size\"><\/p>\n\n<p>Den anere Matgr\u00ebnner war de Josy Fellens, deen sech op d\u2019Sammlung vu Renseignementer konzentr\u00e9iert huet. 1942 huet de Fellens wichteg Informatiounen iwwer d\u00e9i d\u00e4itsch Annexiounspl\u00e4ng an iwwer d\u2019Zwangsrekrut\u00e9ierung vu L\u00ebtzebuerger an d\u2019Wehrmacht kritt. Hien huet d\u00ebs Renseignementer op Br\u00e9issel bruecht, wou se benotzt goufen, fir Fluchblieder ze produz\u00e9ieren, d\u00e9i d\u2019L\u00ebtzebuerger Bev\u00eblkerung virun de geplangte Mesur\u00eb gewarnt hunn. Hien huet sech och dofir agesat, Leit, d\u00e9i a Gefor waren, iwwer d\u2019Grenz an d\u2019Belsch ze h\u00ebllefen. Nodeems hie knapp enger Verhaftung duerch d\u2019Gestapo entkomm ass, huet de Josy Fellens d\u00e9i lescht zwee Joer vun der Besatzung a verschiddene Verstoppe verbruecht an dacks seng Plaz gewiesselt.    <\/p>\n\n<h2 class=\"wp-block-heading has-vivid-cyan-blue-color has-text-color has-link-color has-medium-font-size wp-elements-4fd90b29f8ef12c4d2bc012f8a575056\">Propaganda am Asaz<\/h2>\n\n<p>De Fellens ass dacks t\u00ebscht L\u00ebtzebuerg a Br\u00e9issel gereest, mat falsche Pabeieren. W\u00e4rend d\u00ebse Missiounen huet hien der l\u00ebtzebuergescher Resistenz Fluchblieder a Bulletine geliwwert, d\u00e9i am Geheimen zu Br\u00e9issel gedr\u00e9ckt goufen, fir d\u2019Moral vun der Oppositioun ze st\u00e4erken an d\u2019Bev\u00eblkerung ze inform\u00e9ieren. <br\/><br\/>D\u2019LPL huet vun Dezember 1941 un och eng investigativ, kritesch a satiresch Zeitung erausginn (och zu Br\u00e9issel, an der Belsch, gedr\u00e9ckt) mam Numm \u00abDe freie L\u00f6tzeburger\u00bb (\u201eDe fr\u00e4ie L\u00ebtzebuerger\u201c), d\u00e9i am September 1942 op \u201cDe freie Letzeburger (Ons H\u00e9mecht)\u201d \u00ebmbenannt gouf. An de Disclaimer vun d\u00e4r Zeitung huet d\u2019LPL als Editeur \u201eD\u00e9ngens D\u00f6mmy\u201c uginn, mat Domizil am Prisong, also \u201eam Grond\u201c; gedr\u00e9ckt gouf se op der Adress 57, Boulevard de la P\u00e9trusse zu L\u00ebtzebuerg (Villa Pauly, deemools de lokale Gestapo-S\u00ebtz zu L\u00ebtzebuerg). <a href=\"http:\/\/www.ons-jongen-a-meedercher.lu\/uploads\/media\/document\/0001\/95\/02c94e38a084e2638cb8504bd94dddb08eec4a74.pdf\">L\u00e9iert m\u00e9i<\/a><\/p>\n\n<figure class=\"wp-block-image size-full is-resized\"><img loading=\"lazy\" decoding=\"async\" width=\"782\" height=\"707\" src=\"https:\/\/www.pierre-schon.lu\/wp-content\/uploads\/2025\/04\/FreeLuxembourger.png\" alt=\"\" class=\"wp-image-204\" style=\"width:623px;height:auto\" srcset=\"https:\/\/www.pierre-schon.lu\/wp-content\/uploads\/2025\/04\/FreeLuxembourger.png 782w, https:\/\/www.pierre-schon.lu\/wp-content\/uploads\/2025\/04\/FreeLuxembourger-300x271.png 300w, https:\/\/www.pierre-schon.lu\/wp-content\/uploads\/2025\/04\/FreeLuxembourger-768x694.png 768w\" sizes=\"auto, (max-width: 782px) 100vw, 782px\" \/><\/figure>\n\n<h2 class=\"wp-block-heading has-vivid-cyan-blue-color has-text-color has-link-color has-medium-font-size wp-elements-22e7a708a8d9b5ca64927be2e8de0fea\">De Pierre Schon g\u00ebtt Member vun der Resistenz<\/h2>\n\n<p>De Pierre Schon ass am November 1940, deemools dem Mount wou d\u2019LPL gegr\u00ebnnt gouf, der Resistenz b\u00e4igetrueden. Hien war deemools f\u00ebnnefanzwanzeg Joer al, huet zu Di\u00ebnjen gelieft, engem klenge Duerf 7 km vu Klierf ewech, an huet um Familljebauerenhaff geschafft.  Hien war de Gruppechef vun der LPL fir d\u2019Linn Rodesch (L\u00ebtzebuerg\u2013Br\u00e9issel) an huet als Liaisounsoffiz\u00e9ier am Renseignement geschafft (Memberskaart vun dem belgo-l\u00ebtzebuergesche geheime Renseignementsservice OT 0193), a war och aktiv am Feld. <br\/><br\/>D\u2019Familljenhaus huet als Treffpunkt fir d\u2019LPL ged\u00e9ngt, w\u00e9i och als Asyl fir politesch Fl\u00fcchtlingen, fir si ze verstoppen a mat Ressourcen ze versuergen, ier se \u00ebnnert enger neier Identit\u00e9it op eng m\u00e9i s\u00e9cher Plaz bruecht goufen. <\/p>\n\n<figure class=\"wp-block-image size-large is-resized\"><img loading=\"lazy\" decoding=\"async\" width=\"1024\" height=\"768\" src=\"https:\/\/www.pierre-schon.lu\/wp-content\/uploads\/2025\/07\/House-Doennange-1024x768.png\" alt=\"\" class=\"wp-image-2048\" style=\"width:555px;height:auto\" srcset=\"https:\/\/www.pierre-schon.lu\/wp-content\/uploads\/2025\/07\/House-Doennange-1024x768.png 1024w, https:\/\/www.pierre-schon.lu\/wp-content\/uploads\/2025\/07\/House-Doennange-300x225.png 300w, https:\/\/www.pierre-schon.lu\/wp-content\/uploads\/2025\/07\/House-Doennange-768x576.png 768w, https:\/\/www.pierre-schon.lu\/wp-content\/uploads\/2025\/07\/House-Doennange-1536x1152.png 1536w, https:\/\/www.pierre-schon.lu\/wp-content\/uploads\/2025\/07\/House-Doennange.png 2000w\" sizes=\"auto, (max-width: 1024px) 100vw, 1024px\" \/><\/figure>\n\n<p>Weider Resistenzkolleegen waren de Raymond Petit (Gr\u00ebnner vun der LPL Echternach), de Gaston Wormeringer, Kapit\u00e4n aus Dikrech, an de L\u00e9opold Betz, Kapit\u00e4n aus Walferdingen.<\/p>\n\n<p>\u00cbmgi vu B\u00ebsch, huet d\u00ebst rouegt klengt Duerf mat senge w\u00e4itverdeelte Steenhaiser, t\u00ebscht Felder a Bauerenhaiser agespaart, als ideal Verstoppches ged\u00e9ngt. <\/p>\n\n<figure class=\"wp-block-image size-full\"><img loading=\"lazy\" decoding=\"async\" width=\"737\" height=\"248\" src=\"https:\/\/www.pierre-schon.lu\/wp-content\/uploads\/2025\/04\/Donnange.png\" alt=\"\" class=\"wp-image-205\" srcset=\"https:\/\/www.pierre-schon.lu\/wp-content\/uploads\/2025\/04\/Donnange.png 737w, https:\/\/www.pierre-schon.lu\/wp-content\/uploads\/2025\/04\/Donnange-300x101.png 300w\" sizes=\"auto, (max-width: 737px) 100vw, 737px\" \/><\/figure>\n\n<p>Allerd\u00e9ngs waren d\u2019Risiken extrem h\u00e9ich an d\u2019Gefor war iwwerall pr\u00e4sent, mat engem st\u00e4nnegen Netzwierk vun Nazi- a VdB-Informante bei der Aarbecht. De Pierre Schon huet t\u00ebscht 1942 an Ufank 1945 d\u2019Verhaftung an den Doud vu verschiddene vu senge Matbierger a Fr\u00ebnn musse matverfollegen. D\u00ebst huet s\u00e9cher seng Entschlossenheet best\u00e4erkt, g\u00e9int de Feind ze k\u00e4mpfen a nach m\u00e9i Leit aus senge Klauen ze befreien.  <\/p>\n\n<div class=\"wp-block-buttons is-content-justification-center is-layout-flex wp-container-core-buttons-is-layout-a89b3969 wp-block-buttons-is-layout-flex\">\n<div class=\"wp-block-button\"><a class=\"wp-block-button__link wp-element-button\" href=\"https:\/\/www.pierre-schon.lu\/lu\/letzebuerg\/pierre-schon-1941-bis-1943\/\">Weider<\/a><\/div>\n<\/div>\n","protected":false},"excerpt":{"rendered":"<p>Patriotesch LPL-Plakat mat Groussherzogin Charlotte an dem Slogan \u201eMir w\u00eblle bleiwe wat mir sinn\u201c \u00a9 Alex Wagner, Ettelbr\u00e9ck (1897\u20131973). Iwwer [&hellip;]<\/p>\n","protected":false},"author":1,"featured_media":0,"parent":4471,"menu_order":0,"comment_status":"closed","ping_status":"closed","template":"","meta":{"site-sidebar-layout":"default","site-content-layout":"","ast-site-content-layout":"","site-content-style":"default","site-sidebar-style":"default","ast-global-header-display":"","ast-banner-title-visibility":"","ast-main-header-display":"","ast-hfb-above-header-display":"","ast-hfb-below-header-display":"","ast-hfb-mobile-header-display":"","site-post-title":"","ast-breadcrumbs-content":"","ast-featured-img":"","footer-sml-layout":"","ast-disable-related-posts":"","theme-transparent-header-meta":"","adv-header-id-meta":"","stick-header-meta":"","header-above-stick-meta":"","header-main-stick-meta":"","header-below-stick-meta":"","astra-migrate-meta-layouts":"default","ast-page-background-enabled":"default","ast-page-background-meta":{"desktop":{"background-color":"var(--ast-global-color-5)","background-image":"","background-repeat":"repeat","background-position":"center center","background-size":"auto","background-attachment":"scroll","background-type":"","background-media":"","overlay-type":"","overlay-color":"","overlay-opacity":"","overlay-gradient":""},"tablet":{"background-color":"","background-image":"","background-repeat":"repeat","background-position":"center center","background-size":"auto","background-attachment":"scroll","background-type":"","background-media":"","overlay-type":"","overlay-color":"","overlay-opacity":"","overlay-gradient":""},"mobile":{"background-color":"","background-image":"","background-repeat":"repeat","background-position":"center center","background-size":"auto","background-attachment":"scroll","background-type":"","background-media":"","overlay-type":"","overlay-color":"","overlay-opacity":"","overlay-gradient":""}},"ast-content-background-meta":{"desktop":{"background-color":"var(--ast-global-color-4)","background-image":"","background-repeat":"repeat","background-position":"center center","background-size":"auto","background-attachment":"scroll","background-type":"","background-media":"","overlay-type":"","overlay-color":"","overlay-opacity":"","overlay-gradient":""},"tablet":{"background-color":"var(--ast-global-color-4)","background-image":"","background-repeat":"repeat","background-position":"center center","background-size":"auto","background-attachment":"scroll","background-type":"","background-media":"","overlay-type":"","overlay-color":"","overlay-opacity":"","overlay-gradient":""},"mobile":{"background-color":"var(--ast-global-color-4)","background-image":"","background-repeat":"repeat","background-position":"center center","background-size":"auto","background-attachment":"scroll","background-type":"","background-media":"","overlay-type":"","overlay-color":"","overlay-opacity":"","overlay-gradient":""}},"footnotes":""},"class_list":["post-3068","page","type-page","status-publish","hentry"],"_links":{"self":[{"href":"https:\/\/www.pierre-schon.lu\/lu\/wp-json\/wp\/v2\/pages\/3068","targetHints":{"allow":["GET"]}}],"collection":[{"href":"https:\/\/www.pierre-schon.lu\/lu\/wp-json\/wp\/v2\/pages"}],"about":[{"href":"https:\/\/www.pierre-schon.lu\/lu\/wp-json\/wp\/v2\/types\/page"}],"author":[{"embeddable":true,"href":"https:\/\/www.pierre-schon.lu\/lu\/wp-json\/wp\/v2\/users\/1"}],"replies":[{"embeddable":true,"href":"https:\/\/www.pierre-schon.lu\/lu\/wp-json\/wp\/v2\/comments?post=3068"}],"version-history":[{"count":35,"href":"https:\/\/www.pierre-schon.lu\/lu\/wp-json\/wp\/v2\/pages\/3068\/revisions"}],"predecessor-version":[{"id":4631,"href":"https:\/\/www.pierre-schon.lu\/lu\/wp-json\/wp\/v2\/pages\/3068\/revisions\/4631"}],"up":[{"embeddable":true,"href":"https:\/\/www.pierre-schon.lu\/lu\/wp-json\/wp\/v2\/pages\/4471"}],"wp:attachment":[{"href":"https:\/\/www.pierre-schon.lu\/lu\/wp-json\/wp\/v2\/media?parent=3068"}],"curies":[{"name":"wp","href":"https:\/\/api.w.org\/{rel}","templated":true}]}}