{"id":3008,"date":"2025-04-07T12:52:37","date_gmt":"2025-04-07T10:52:37","guid":{"rendered":"https:\/\/www.pierre-schon.lu\/dei-daitsch-invasioun\/"},"modified":"2025-11-24T16:22:02","modified_gmt":"2025-11-24T15:22:02","slug":"dei-daitsch-invasioun","status":"publish","type":"page","link":"https:\/\/www.pierre-schon.lu\/lu\/letzebuerg\/dei-daitsch-invasioun\/","title":{"rendered":"D\u00e9i d\u00e4itsch Invasioun"},"content":{"rendered":"\n<div class=\"wp-block-group page-hero has-background is-vertical is-layout-flex wp-container-core-group-is-layout-fe9cc265 wp-block-group-is-layout-flex\" style=\"background-color:#00a3e0\">\n<div class=\"wp-block-group is-vertical is-layout-flex wp-container-core-group-is-layout-fe9cc265 wp-block-group-is-layout-flex\">\n<figure class=\"wp-block-image size-full hero-image\"><img loading=\"lazy\" decoding=\"async\" width=\"2560\" height=\"1853\" src=\"https:\/\/www.pierre-schon.lu\/wp-content\/uploads\/2025\/04\/INCONNU_1940_0005_4060_PM-scaled.jpg\" alt=\"\" class=\"wp-image-136\" style=\"object-fit:cover\" srcset=\"https:\/\/www.pierre-schon.lu\/wp-content\/uploads\/2025\/04\/INCONNU_1940_0005_4060_PM-scaled.jpg 2560w, https:\/\/www.pierre-schon.lu\/wp-content\/uploads\/2025\/04\/INCONNU_1940_0005_4060_PM-300x217.jpg 300w, https:\/\/www.pierre-schon.lu\/wp-content\/uploads\/2025\/04\/INCONNU_1940_0005_4060_PM-1024x741.jpg 1024w, https:\/\/www.pierre-schon.lu\/wp-content\/uploads\/2025\/04\/INCONNU_1940_0005_4060_PM-768x556.jpg 768w, https:\/\/www.pierre-schon.lu\/wp-content\/uploads\/2025\/04\/INCONNU_1940_0005_4060_PM-1536x1112.jpg 1536w, https:\/\/www.pierre-schon.lu\/wp-content\/uploads\/2025\/04\/INCONNU_1940_0005_4060_PM-2048x1482.jpg 2048w\" sizes=\"auto, (max-width: 2560px) 100vw, 2560px\" \/><\/figure>\n\n\n\n<p class=\"has-ast-global-color-4-color has-text-color has-link-color wp-elements-b5be9b0022782dfb977bba45c8b0337e\"><\/p>\n<\/div>\n<\/div>\n\n<p class=\"has-ast-global-color-2-color has-text-color has-link-color has-small-font-size wp-elements-ffdb47762d4806e94e5b92d5b101c029\">Titelbild: D\u00e4itsch bewaffent Gefierer fueren den 10. Mee 1940 duerch d\u2019Stad L\u00ebtzebuerg. \u00a9 Phototh\u00e8que de la Ville de Luxembourg. Auteur onbekannt.  <\/p>\n\n<h2 class=\"wp-block-heading has-vivid-cyan-blue-color has-text-color has-link-color has-medium-font-size wp-elements-a847fa66533c8362be347db7cbc68f02\">D\u2019Rou virum Stuerm<\/h2>\n\n<p>De Pierre Schon gouf den 8. Abr\u00ebll 1915 op dem Familljebauerenhaff am klengen Duerf Di\u00ebnjen am Norde vu L\u00ebtzebuerg, an den Ardennen, gebuer. Hien staamt aus enger Bauerefamill, d\u00e9i <a href=\"https:\/\/www.pierre-schon.lu\/wp-content\/uploads\/2025\/07\/FamilyTreeSchon.pdf\">z\u00e9ng Generatiounen<\/a> zr\u00e9ckgeet. Seng Elteren, de Jean Schon (gebuer 1875) an d\u2019Catherine Dengler (gebuer 1868), hate siwe Kanner. Dr\u00e4i m\u00e9i al Schw\u00ebsteren, d&#8217;Marguerite, d&#8217;Rosalie an d&#8217;Anne-Marie, e m\u00e9i ale Brudder Nic, de Pierre selwer an zwee m\u00e9i jonk Brieder, de Mich an de Franz. Zwee vun de Kanner sinn schon als Kanner gestuerwen: d\u2019Anne-Marie war n\u00ebmme 6 Joer al an de Franz 11 Joer. De Pierre ass am Duerf op d\u2019Schoul gaangen a w\u00e9i et deemools \u00fcblech war, huet hien duerno op dem Familljebauerenhaff geschafft.      <\/p>\n\n<figure class=\"wp-block-image size-large is-resized\"><img loading=\"lazy\" decoding=\"async\" width=\"1024\" height=\"768\" src=\"https:\/\/www.pierre-schon.lu\/wp-content\/uploads\/2025\/06\/Pierrebrothers-1024x768.jpg\" alt=\"\" class=\"wp-image-1784\" style=\"width:559px;height:auto\" srcset=\"https:\/\/www.pierre-schon.lu\/wp-content\/uploads\/2025\/06\/Pierrebrothers-1024x768.jpg 1024w, https:\/\/www.pierre-schon.lu\/wp-content\/uploads\/2025\/06\/Pierrebrothers-300x225.jpg 300w, https:\/\/www.pierre-schon.lu\/wp-content\/uploads\/2025\/06\/Pierrebrothers-768x576.jpg 768w, https:\/\/www.pierre-schon.lu\/wp-content\/uploads\/2025\/06\/Pierrebrothers-1536x1152.jpg 1536w, https:\/\/www.pierre-schon.lu\/wp-content\/uploads\/2025\/06\/Pierrebrothers.jpg 2000w\" sizes=\"auto, (max-width: 1024px) 100vw, 1024px\" \/><\/figure>\n\n<p class=\"has-small-font-size\">De Pierre, zweete vu l\u00e9nks, mat sengem eelere Brudder Nic a sengem m\u00e9i jonke Brudder Mich, an hirer Sonndeskleedung. Di\u00ebnjen, 1939 <\/p>\n\n<p>D\u2019Aarbechtsbedingunge waren haart, well di meeschten Aarbecht mat der Hand oder mat der H\u00ebllef vu P\u00e4erd an Ochse gemaach gouf. D\u2019Felder goufen am j\u00e4rleche Wiessel bewirtschaft an et gouf eng gem\u00ebschte Landwirtschaft, wou d\u2019Famillje Gromperen, Rommelen, Huewer a Geescht ugebaut hunn, w\u00e4rend si och K\u00e9i, Schw\u00e4in an Hinger fir de Liewens\u00ebnnerhalt gehalen hunn. D\u2019Familljen hunn zesummegeschafft, w\u00e4rend d\u2019M\u00e4nner mam Plou gefuer sinn a schw\u00e9ier Aarbecht iwwerholl hunn, waren d\u2019Fraen an der M\u00ebllechproduktioun, bei der Gaardenaarbecht an am Haus besch\u00e4ftegt. D&#8217;Kanner hu fr\u00e9i gehollef, oft d\u2019Schoul mat der Aarbecht um Bauerenhaff kombin\u00e9iert. Trotzdeem huet et een enke Familljeband an e staarke Gemeinschaftsgeescht ginn.    <br\/><\/p>\n\n<figure class=\"wp-block-image size-large\"><img loading=\"lazy\" decoding=\"async\" width=\"1024\" height=\"572\" src=\"https:\/\/www.pierre-schon.lu\/wp-content\/uploads\/2025\/06\/familySchon1939-1024x572.jpg\" alt=\"\" class=\"wp-image-1788\" srcset=\"https:\/\/www.pierre-schon.lu\/wp-content\/uploads\/2025\/06\/familySchon1939-1024x572.jpg 1024w, https:\/\/www.pierre-schon.lu\/wp-content\/uploads\/2025\/06\/familySchon1939-300x168.jpg 300w, https:\/\/www.pierre-schon.lu\/wp-content\/uploads\/2025\/06\/familySchon1939-768x429.jpg 768w, https:\/\/www.pierre-schon.lu\/wp-content\/uploads\/2025\/06\/familySchon1939-1536x858.jpg 1536w, https:\/\/www.pierre-schon.lu\/wp-content\/uploads\/2025\/06\/familySchon1939-2048x1145.jpg 2048w\" sizes=\"auto, (max-width: 1024px) 100vw, 1024px\" \/><\/figure>\n\n<p class=\"has-small-font-size\">Familljebild vum 1. Dezember 1939. Bestietnes vum Nic, dem m\u00e9i ale Brudder vum Pierre, mat dem Albertine Erdel. De Pierre Schon ass an der zweeter Rei, den zweeten vu l\u00e9nks.  <\/p>\n\n<p>Am Mee 1940 gouf d\u00ebs roueg Existenz gest\u00e9iert, w\u00e9i d\u2019L\u00ebtzebuerger, bal 300.000 Awunner, d\u00e9i d\u00e4ischterst Period vun der Geschicht vum Land erlieft hunn. <\/p>\n\n<p class=\"has-vivid-cyan-blue-color has-text-color has-link-color has-medium-font-size wp-elements-6fac98fe4d9d9bdfdd22288e2629391a\"><strong>Eng onerw\u00ebnscht Visitt<\/strong><\/p>\n\n<p>Fr\u00e9i moies den 10. Mee 1940 sinn d\u00e4itsch Panzer iwwert d\u2019Grenz an d\u2019L\u00ebtzebuerger Land gerullt, a bis um Enn vum Dag war d\u2019Majorit\u00e9it vum Land \u00ebnner Nazi-Besatzung.<br\/><br\/>D\u2019Nazi-Invasioun zu L\u00ebtzebuerg war Deel vun der m\u00e9i grousser Milit\u00e4rcampagne, d\u00e9i als Westlech Campagne bekannt ass. D\u00e9i D\u00e4itsch hu L\u00ebtzebuerg als eng Etapp gesinn, fir di staark befestegt Maginot-Linn ze \u00ebmgoen, d\u00e9i d\u00e9i wichtegst Verteidegung vu Frankr\u00e4ich g\u00e9int eng Invasioun vum Osten aus war. <br\/><br\/>Um selwechten Dag, den 10. Mee, huet D\u00e4itschland och d\u2019Invasioun vun der Belsch a vun de Niederlande lanc\u00e9iert, mat der Blitzkrich-Taktik, d\u00e9i s\u00e9ier Beweegunge vu Panzer, Infanterie a Loft\u00ebnnerst\u00ebtzung mat abegraff huet, fir de G\u00e9igner ze iwwerw\u00e4ltegen, ier d\u00ebsen effektiv k\u00e9int reag\u00e9ieren. D\u2019Niederl\u00e4nner hunn nom Bombardement vu Rotterdam an anere Stied kapitul\u00e9iert, wat d\u2019Land d\u00e9if getraff huet. D\u2019Niederlande waren de 15. Mee 1940 voll d\u00e4itsch besat. D\u2019Belsch Arm\u00e9i huet eng haart Resistenz geleescht, huet awer schlussendlech den 28. Mee 1940 kapitul\u00e9iert.   <\/p>\n\n<figure class=\"wp-block-image size-full is-resized\"><img loading=\"lazy\" decoding=\"async\" width=\"747\" height=\"512\" src=\"https:\/\/www.pierre-schon.lu\/wp-content\/uploads\/2025\/04\/SmalltankBelgianborder.png\" alt=\"\" class=\"wp-image-160\" style=\"width:697px;height:auto\" srcset=\"https:\/\/www.pierre-schon.lu\/wp-content\/uploads\/2025\/04\/SmalltankBelgianborder.png 747w, https:\/\/www.pierre-schon.lu\/wp-content\/uploads\/2025\/04\/SmalltankBelgianborder-300x206.png 300w\" sizes=\"auto, (max-width: 747px) 100vw, 747px\" \/><\/figure>\n\n<p class=\"has-small-font-size\">Foto \u00a9 ANLux FD005-01-099. E klenge d\u00e4itsche Panzer k\u00ebnnt op d\u2019Belsch Grenz duer. <\/p>\n\n<p>M\u00ebttlerweil hunn d&#8217;D\u00e4itsch hir Offensiv a Richtung Frankr\u00e4ich weidergefouert. Den d\u00e4itschen Duerchmarsch duerch d\u2019Belsch an d\u2019Ardennen huet d\u00e9i frans\u00e9isch a brittesch Truppen iwwerrascht. D\u2019frans\u00e9isch Arm\u00e9i, d\u00e9i op d\u2019Maginot-Linn vertraut huet, war ze d\u00ebnn verdeelt a konnt keng zesummenh\u00e4ngend Verdeedegung opbauen.  <br\/><br\/>Den d\u00e4itschen Duerchbroch a Frankr\u00e4ich huet d\u2019brittesch a frans\u00e9isch Arm\u00e9ie forc\u00e9iert, sech zr\u00e9ckzez\u00e9ien. D\u2019Evakuatioun vun <a href=\"https:\/\/en.wikipedia.org\/wiki\/Dunkirk_evacuation\">D\u00fcnkirchen<\/a> (26. Mee \u2013 4. Juni 1940) war e Schl\u00ebsselmoment am Krich, bei deem m\u00e9i w\u00e9i 338.000 brittesch a frans\u00e9isch Zaldote vun de Str\u00e4nn zu D\u00fcnkirchen zer\u00e9ck no Groussbritannien evaku\u00e9iert goufen \u2013 vill dovu mat klenge private Booter. Et war eng bedeitend, awer n\u00ebmme provisoresch N\u00e9ierlag fir d\u2019Alli\u00e9iert.<\/p>\n\n<p class=\"has-small-font-size\">Evakuatioun vun D\u00fcnkirchen. Foto: Charles Ernest Cundall (Public Domain) <\/p>\n\n<figure class=\"wp-block-image size-full is-resized\"><img loading=\"lazy\" decoding=\"async\" width=\"823\" height=\"442\" src=\"https:\/\/www.pierre-schon.lu\/wp-content\/uploads\/2025\/04\/Evacation-of-Dunkirk.png\" alt=\"\" class=\"wp-image-158\" style=\"width:724px;height:auto\" srcset=\"https:\/\/www.pierre-schon.lu\/wp-content\/uploads\/2025\/04\/Evacation-of-Dunkirk.png 823w, https:\/\/www.pierre-schon.lu\/wp-content\/uploads\/2025\/04\/Evacation-of-Dunkirk-300x161.png 300w, https:\/\/www.pierre-schon.lu\/wp-content\/uploads\/2025\/04\/Evacation-of-Dunkirk-768x412.png 768w\" sizes=\"auto, (max-width: 823px) 100vw, 823px\" \/><\/figure>\n\n<p>D\u2019frans\u00e9isch Regierung huet den 22. Juni formell kapitul\u00e9iert. Dat huet zur Deelung vu Frankr\u00e4ich gefouert: an eng besaten Zon an eng sougenannt Fr\u00e4i Zon am S\u00fcde vum Land, d\u00e9i vun der Vichy-Regierung kontroll\u00e9iert gouf. <\/p>\n\n<p>An n\u00ebmme sechs Wochen ass de Gros vu Westeuropa \u00ebnner Nazi-Kontroll gefall \u2013 eng totalit\u00e4r Diktatur, defin\u00e9iert duerch een aggressiven Nationalismus, Militarismus an eng rassistesch motiv\u00e9iert Ideologie. D\u2019Vitesse vun der Besatzung war e Schock, a wann am Ufank een et net konnt faassen, wat geschitt war, sou huet sech s\u00e9ier eng grouss Roserei breet gemaach. An de L\u00e4nner vun den Alli\u00e9ieren hunn sech no an no Resistenzbeweegunge form\u00e9iert, d\u00e9i w\u00e4rend dem ganze Krich aktiv bliwwe sinn an de Kampf fir d\u2019Fr\u00e4iheet iwwer v\u00e9ier an en halleft laang Jore weidergefouert hunn.  <\/p>\n\n<figure class=\"wp-block-image size-full is-resized\"><img loading=\"lazy\" decoding=\"async\" width=\"801\" height=\"580\" src=\"https:\/\/www.pierre-schon.lu\/wp-content\/uploads\/2025\/04\/GermantroopsLuxcity-1.png\" alt=\"\" class=\"wp-image-171\" style=\"width:721px;height:auto\" srcset=\"https:\/\/www.pierre-schon.lu\/wp-content\/uploads\/2025\/04\/GermantroopsLuxcity-1.png 801w, https:\/\/www.pierre-schon.lu\/wp-content\/uploads\/2025\/04\/GermantroopsLuxcity-1-300x217.png 300w, https:\/\/www.pierre-schon.lu\/wp-content\/uploads\/2025\/04\/GermantroopsLuxcity-1-768x556.png 768w\" sizes=\"auto, (max-width: 801px) 100vw, 801px\" \/><\/figure>\n\n<p class=\"has-small-font-size\">Foto \u00a9 ANLux FD005-01-104. D\u00e4itsch Truppen d\u00e9i den Nom\u00ebtteg vum 10. Mee 1940 duerch L\u00ebtzebuerg marsch\u00e9ieren. <\/p>\n\n<h2 class=\"wp-block-heading has-vivid-cyan-blue-color has-text-color has-link-color has-medium-font-size wp-elements-10a96c0f4d052944aa5a41dcb9b83401\">Galerie<\/h2>\n\n<figure class=\"wp-block-gallery has-nested-images columns-default is-cropped wp-block-gallery-1 is-layout-flex wp-block-gallery-is-layout-flex\">\n<figure class=\"wp-block-image size-large\"><img loading=\"lazy\" decoding=\"async\" width=\"962\" height=\"653\" data-id=\"410\" src=\"https:\/\/www.pierre-schon.lu\/wp-content\/uploads\/2025\/05\/FlakkononaWasserbillig-1.png\" alt=\"\" class=\"wp-image-410\" srcset=\"https:\/\/www.pierre-schon.lu\/wp-content\/uploads\/2025\/05\/FlakkononaWasserbillig-1.png 962w, https:\/\/www.pierre-schon.lu\/wp-content\/uploads\/2025\/05\/FlakkononaWasserbillig-1-300x204.png 300w, https:\/\/www.pierre-schon.lu\/wp-content\/uploads\/2025\/05\/FlakkononaWasserbillig-1-768x521.png 768w\" sizes=\"auto, (max-width: 962px) 100vw, 962px\" \/><\/figure>\n\n\n\n<figure class=\"wp-block-image size-large\"><img loading=\"lazy\" decoding=\"async\" width=\"980\" height=\"662\" data-id=\"413\" src=\"https:\/\/www.pierre-schon.lu\/wp-content\/uploads\/2025\/05\/GermantanksBelgium.png\" alt=\"\" class=\"wp-image-413\" srcset=\"https:\/\/www.pierre-schon.lu\/wp-content\/uploads\/2025\/05\/GermantanksBelgium.png 980w, https:\/\/www.pierre-schon.lu\/wp-content\/uploads\/2025\/05\/GermantanksBelgium-300x203.png 300w, https:\/\/www.pierre-schon.lu\/wp-content\/uploads\/2025\/05\/GermantanksBelgium-768x519.png 768w\" sizes=\"auto, (max-width: 980px) 100vw, 980px\" \/><\/figure>\n<\/figure>\n\n<p class=\"has-small-font-size\">Foto l\u00e9nks uewen: D\u00e4itscher iwwerschreiden d\u2019Grenz zu Waasserb\u00eblleg den 10. Mee 1940 mat engem 8,8 cm Flack. Foto \u00a9 ANLux FD005-01-101. Riets: D\u00e4itsch Panzer, d\u00e9i de Mee 1940 duerch d\u2019Belsch rullen. Foto Bundesarchiv 101I-127-0396-13A   <\/p>\n\n<div class=\"wp-block-buttons is-content-justification-center is-layout-flex wp-container-core-buttons-is-layout-a89b3969 wp-block-buttons-is-layout-flex\">\n<div class=\"wp-block-button\"><a class=\"wp-block-button__link wp-element-button\" href=\"https:\/\/www.pierre-schon.lu\/lu\/letzebuerg\/frei-daitsch-besatzung\/\">Weider<\/a><\/div>\n<\/div>\n\n<p><\/p>\n","protected":false},"excerpt":{"rendered":"<p>Titelbild: D\u00e4itsch bewaffent Gefierer fueren den 10. Mee 1940 duerch d\u2019Stad L\u00ebtzebuerg. \u00a9 Phototh\u00e8que de la Ville de Luxembourg. Auteur [&hellip;]<\/p>\n","protected":false},"author":1,"featured_media":0,"parent":4471,"menu_order":0,"comment_status":"closed","ping_status":"closed","template":"","meta":{"site-sidebar-layout":"default","site-content-layout":"","ast-site-content-layout":"","site-content-style":"default","site-sidebar-style":"default","ast-global-header-display":"","ast-banner-title-visibility":"","ast-main-header-display":"","ast-hfb-above-header-display":"","ast-hfb-below-header-display":"","ast-hfb-mobile-header-display":"","site-post-title":"","ast-breadcrumbs-content":"","ast-featured-img":"","footer-sml-layout":"","ast-disable-related-posts":"","theme-transparent-header-meta":"","adv-header-id-meta":"","stick-header-meta":"","header-above-stick-meta":"","header-main-stick-meta":"","header-below-stick-meta":"","astra-migrate-meta-layouts":"default","ast-page-background-enabled":"default","ast-page-background-meta":{"desktop":{"background-color":"var(--ast-global-color-5)","background-image":"","background-repeat":"repeat","background-position":"center center","background-size":"auto","background-attachment":"scroll","background-type":"","background-media":"","overlay-type":"","overlay-color":"","overlay-opacity":"","overlay-gradient":""},"tablet":{"background-color":"","background-image":"","background-repeat":"repeat","background-position":"center center","background-size":"auto","background-attachment":"scroll","background-type":"","background-media":"","overlay-type":"","overlay-color":"","overlay-opacity":"","overlay-gradient":""},"mobile":{"background-color":"","background-image":"","background-repeat":"repeat","background-position":"center center","background-size":"auto","background-attachment":"scroll","background-type":"","background-media":"","overlay-type":"","overlay-color":"","overlay-opacity":"","overlay-gradient":""}},"ast-content-background-meta":{"desktop":{"background-color":"var(--ast-global-color-4)","background-image":"","background-repeat":"repeat","background-position":"center center","background-size":"auto","background-attachment":"scroll","background-type":"","background-media":"","overlay-type":"","overlay-color":"","overlay-opacity":"","overlay-gradient":""},"tablet":{"background-color":"var(--ast-global-color-4)","background-image":"","background-repeat":"repeat","background-position":"center center","background-size":"auto","background-attachment":"scroll","background-type":"","background-media":"","overlay-type":"","overlay-color":"","overlay-opacity":"","overlay-gradient":""},"mobile":{"background-color":"var(--ast-global-color-4)","background-image":"","background-repeat":"repeat","background-position":"center center","background-size":"auto","background-attachment":"scroll","background-type":"","background-media":"","overlay-type":"","overlay-color":"","overlay-opacity":"","overlay-gradient":""}},"footnotes":""},"class_list":["post-3008","page","type-page","status-publish","hentry"],"_links":{"self":[{"href":"https:\/\/www.pierre-schon.lu\/lu\/wp-json\/wp\/v2\/pages\/3008","targetHints":{"allow":["GET"]}}],"collection":[{"href":"https:\/\/www.pierre-schon.lu\/lu\/wp-json\/wp\/v2\/pages"}],"about":[{"href":"https:\/\/www.pierre-schon.lu\/lu\/wp-json\/wp\/v2\/types\/page"}],"author":[{"embeddable":true,"href":"https:\/\/www.pierre-schon.lu\/lu\/wp-json\/wp\/v2\/users\/1"}],"replies":[{"embeddable":true,"href":"https:\/\/www.pierre-schon.lu\/lu\/wp-json\/wp\/v2\/comments?post=3008"}],"version-history":[{"count":41,"href":"https:\/\/www.pierre-schon.lu\/lu\/wp-json\/wp\/v2\/pages\/3008\/revisions"}],"predecessor-version":[{"id":4472,"href":"https:\/\/www.pierre-schon.lu\/lu\/wp-json\/wp\/v2\/pages\/3008\/revisions\/4472"}],"up":[{"embeddable":true,"href":"https:\/\/www.pierre-schon.lu\/lu\/wp-json\/wp\/v2\/pages\/4471"}],"wp:attachment":[{"href":"https:\/\/www.pierre-schon.lu\/lu\/wp-json\/wp\/v2\/media?parent=3008"}],"curies":[{"name":"wp","href":"https:\/\/api.w.org\/{rel}","templated":true}]}}