{"id":2815,"date":"2025-04-07T12:54:06","date_gmt":"2025-04-07T10:54:06","guid":{"rendered":"https:\/\/www.pierre-schon.lu\/amis-perdus\/"},"modified":"2025-11-24T16:21:08","modified_gmt":"2025-11-24T15:21:08","slug":"amis-perdus","status":"publish","type":"page","link":"https:\/\/www.pierre-schon.lu\/fr\/luxembourg\/amis-perdus\/","title":{"rendered":"Amis perdus"},"content":{"rendered":"\n<div class=\"wp-block-group page-hero has-background is-vertical is-layout-flex wp-container-core-group-is-layout-fe9cc265 wp-block-group-is-layout-flex\" style=\"background-color:#00a3e0\">\n<div class=\"wp-block-group is-vertical is-layout-flex wp-container-core-group-is-layout-fe9cc265 wp-block-group-is-layout-flex\">\n<figure class=\"wp-block-image size-full hero-image\"><img loading=\"lazy\" decoding=\"async\" width=\"2560\" height=\"1898\" src=\"https:\/\/www.pierre-schon.lu\/wp-content\/uploads\/2025\/04\/Firingsquad-scaled.jpg\" alt=\"\" class=\"wp-image-287\" srcset=\"https:\/\/www.pierre-schon.lu\/wp-content\/uploads\/2025\/04\/Firingsquad-scaled.jpg 2560w, https:\/\/www.pierre-schon.lu\/wp-content\/uploads\/2025\/04\/Firingsquad-300x222.jpg 300w, https:\/\/www.pierre-schon.lu\/wp-content\/uploads\/2025\/04\/Firingsquad-1024x759.jpg 1024w, https:\/\/www.pierre-schon.lu\/wp-content\/uploads\/2025\/04\/Firingsquad-768x569.jpg 768w, https:\/\/www.pierre-schon.lu\/wp-content\/uploads\/2025\/04\/Firingsquad-1536x1139.jpg 1536w, https:\/\/www.pierre-schon.lu\/wp-content\/uploads\/2025\/04\/Firingsquad-2048x1518.jpg 2048w\" sizes=\"auto, (max-width: 2560px) 100vw, 2560px\" \/><\/figure>\n\n\n\n<p class=\"has-ast-global-color-4-color has-text-color has-link-color wp-elements-be0d2ac16206366b050e3f8a4ffaa95a\">Photo d\u2019en-t\u00eate : image d\u2019archives, Alamy<\/p>\n<\/div>\n<\/div>\n\n<p class=\"has-small-font-size\"><\/p>\n\n<p style=\"margin-top:var(--wp--preset--spacing--60)\">\u00catre membre de la r\u00e9sistance, o\u00f9 que ce soit en Europe occup\u00e9e par les nazis, repr\u00e9sentait un risque immense. Pierre Schon perdit plusieurs bons amis et camarades durant les quatre ann\u00e9es et demie d\u2019occupation nazie du Luxembourg. <\/p>\n\n<h2 class=\"wp-block-heading has-vivid-cyan-blue-color has-text-color has-link-color has-medium-font-size wp-elements-2c8ee9408332f5046b6dc4df705cffcb\">Raymond Petit<\/h2>\n\n<p>\u00c0 la fin de l\u2019ann\u00e9e 1941, face \u00e0 une surveillance accrue de la Gestapo, Raymond Petit, qui prit le nom d\u2019emprunt \u00ab\u202fFernand Schmitt \u00bb ou \u00ab\u202fAC13 \u00bb, entra dans la clandestinit\u00e9. Il passa une partie de cette p\u00e9riode cach\u00e9 au domicile familial de Pierre Schon. Raymond \u00e9tait un membre actif et cofondateur de la LPL \u00e0 Echternach. Malgr\u00e9 les dangers, il poursuivit ses activit\u00e9s de r\u00e9sistance.    <\/p>\n\n<figure class=\"wp-block-image size-full is-resized\"><img loading=\"lazy\" decoding=\"async\" width=\"343\" height=\"411\" src=\"https:\/\/www.pierre-schon.lu\/wp-content\/uploads\/2025\/04\/Raymond-Petit.png\" alt=\"\" class=\"wp-image-289\" style=\"width:287px;height:auto\" srcset=\"https:\/\/www.pierre-schon.lu\/wp-content\/uploads\/2025\/04\/Raymond-Petit.png 343w, https:\/\/www.pierre-schon.lu\/wp-content\/uploads\/2025\/04\/Raymond-Petit-250x300.png 250w\" sizes=\"auto, (max-width: 343px) 100vw, 343px\" \/><\/figure>\n\n<p>Le 21 avril 1942, la Gestapo tenta de l\u2019arr\u00eater \u00e0 Berdorf. Raymond ouvrit le feu, blessant deux agents allemands. Pour \u00e9viter d\u2019\u00eatre captur\u00e9, il utilisa sa derni\u00e8re balle contre lui-m\u00eame, sacrifiant sa vie pour prot\u00e9ger ses camarades et le r\u00e9seau de r\u00e9sistance. Il avait \u00e0 peine 22 ans.  <\/p>\n\n<h2 class=\"wp-block-heading has-vivid-cyan-blue-color has-text-color has-link-color has-medium-font-size wp-elements-1c16bfd3ed8ba0dcbe50de4a806625b5\">Aloyse Kremer et la famille Kremer<\/h2>\n\n<p>Les patriotes Aloyse Kremer et son fr\u00e8re Eug\u00e8ne, membres actifs de la LPL, collabor\u00e8rent avec Pierre Schon pour faire passer de nombreux fugitifs vers la Belgique. Photo ci-dessous : Pierre Schon et Aloyse Kremer en avril 1944, aidant des \u00e9vad\u00e9s c\u00f4t\u00e9 belge de la fronti\u00e8re. De gauche \u00e0 droite : Robert Borman, Jany et Norbert Morn, Aloyse Kremer et Pierre Schon.  <\/p>\n\n<figure class=\"wp-block-image size-large is-resized\"><img loading=\"lazy\" decoding=\"async\" width=\"1024\" height=\"700\" src=\"https:\/\/www.pierre-schon.lu\/wp-content\/uploads\/2025\/06\/PierreAloyseApril1944-1024x700.jpg\" alt=\"\" class=\"wp-image-1750\" style=\"width:703px;height:auto\" srcset=\"https:\/\/www.pierre-schon.lu\/wp-content\/uploads\/2025\/06\/PierreAloyseApril1944-1024x700.jpg 1024w, https:\/\/www.pierre-schon.lu\/wp-content\/uploads\/2025\/06\/PierreAloyseApril1944-300x205.jpg 300w, https:\/\/www.pierre-schon.lu\/wp-content\/uploads\/2025\/06\/PierreAloyseApril1944-768x525.jpg 768w, https:\/\/www.pierre-schon.lu\/wp-content\/uploads\/2025\/06\/PierreAloyseApril1944-1536x1051.jpg 1536w, https:\/\/www.pierre-schon.lu\/wp-content\/uploads\/2025\/06\/PierreAloyseApril1944-2048x1401.jpg 2048w\" sizes=\"auto, (max-width: 1024px) 100vw, 1024px\" \/><\/figure>\n\n<p class=\"has-small-font-size\">Photo \u00a9 L.P.P.D <\/p>\n\n<p>Quatre membres de la famille Kremer, originaire du petit village de Biwisch pr\u00e8s de Troisvierges, faisaient partie int\u00e9grante du mouvement de r\u00e9sistance.<br\/><br\/>Entre 1941 et 1943, Pierre Schon et Aloyse Kremer aid\u00e8rent \u00e0 faire passer des d\u00e9serteurs, prisonniers de guerre fran\u00e7ais et parachutistes \u00e0 travers la fronti\u00e8re luxembourgo-belge, pourtant fortement surveill\u00e9e.<br\/><br\/>Fin 1943, Aloyse dut s\u2019enfuir en Belgique pour \u00e9chapper \u00e0 la conscription dans l\u2019arm\u00e9e allemande. Il trouva refuge dans une maison cach\u00e9e puis rejoignit le maquis belge, que Pierre Schon avait int\u00e9gr\u00e9 neuf mois plus t\u00f4t apr\u00e8s avoir fui la Gestapo. Ensemble, ils continu\u00e8rent leur activit\u00e9s de passeurs depuis le c\u00f4t\u00e9 belge.   <br\/><br\/>Trois mois apr\u00e8s la prise de la photo ci-dessus, en juillet 1944, Aloyse retourna au Luxembourg pour rejoindre son fr\u00e8re Eug\u00e8ne qui avait pris sa rel\u00e8ve. Il transportait 40 cartes d\u2019identit\u00e9, de l\u2019argent et des photos pour le prochain groupe d\u2019\u00e9vad\u00e9s. Mais \u00e0 Amperloup (Belgique), deux douaniers allemands le rep\u00e9r\u00e8rent et tent\u00e8rent de l\u2019arr\u00eater. Conscient de la valeur des documents qu\u2019il transportait, il prit la fuite. Les gardes ouvrirent le feu. Bless\u00e9, il r\u00e9ussit \u00e0 jeter le sac dans un champ de ma\u00efs avant de s\u2019effondrer.    <\/p>\n\n<figure class=\"wp-block-image size-full is-resized\"><img loading=\"lazy\" decoding=\"async\" width=\"167\" height=\"218\" src=\"https:\/\/www.pierre-schon.lu\/wp-content\/uploads\/2025\/04\/ALoyseKremer.png\" alt=\"\" class=\"wp-image-291\" style=\"width:253px;height:auto\"\/><\/figure>\n\n<p>Il fut captur\u00e9 et transport\u00e9 au quartier g\u00e9n\u00e9ral de la Gestapo, situ\u00e9 \u00e0 la villa Pauly, \u00e0 Luxembourg-ville. Heureusement, les Allemands ne retrouv\u00e8rent pas le sac qu\u2019il portait, ce qui fut un immense soulagement pour le r\u00e9seau. Malgr\u00e9 ses blessures par balle, il r\u00e9sista aux interrogatoires et aux mauvais traitements de la Gestapo sans rien r\u00e9v\u00e9ler. Il aurait peut-\u00eatre pu s\u2019en sortir avec une peine de prison si le destin ne s\u2019en \u00e9tait pas tragiquement m\u00eal\u00e9.    <\/p>\n\n<p>Six semaines plus tard, deux conscrits luxembourgeois \u00e9vad\u00e9s, qu\u2019il avait aid\u00e9s \u00e0 franchir la fronti\u00e8re et plac\u00e9s dans un camp de r\u00e9sistants en for\u00eat, en Belgique, d\u00e9cid\u00e8rent de retourner au Luxembourg, croyant la fin de la guerre proche et aspirant au confort de leur foyer. Ils furent arr\u00eat\u00e9s et interrog\u00e9s par la Gestapo, qui cherchait \u00e0 savoir qui les avait aid\u00e9s \u00e0 fuir initialement vers la Belgique. Convaincus qu\u2019Aloyse n\u2019\u00e9tait plus en vie, ils livr\u00e8rent son nom. Les r\u00e9sistants \u00e9taient form\u00e9s \u00e0 ne donner que les noms de personnes d\u00e9j\u00e0 d\u00e9c\u00e9d\u00e9es. La Gestapo fit venir Aloyse en ambulance pour une confrontation. Le jeu \u00e9tait termin\u00e9 et Aloyse Kremer dut faire face \u00e0 un nouveau proc\u00e8s.     <\/p>\n\n<p>Le 1er septembre 1944, Aloyse fut condamn\u00e9 \u00e0 mort. Une fois gu\u00e9ri, il fut transf\u00e9r\u00e9 \u00e0 la forteresse allemande de Torgau, en Saxe, devant l\u2019avance alli\u00e9e. Le 19 janvier 1945, peu apr\u00e8s ses 22 ans, il fut ex\u00e9cut\u00e9. Moins d\u2019une semaine plus tard, les troupes allemandes furent d\u00e9finitivement chass\u00e9es du Luxembourg.  <\/p>\n\n<p>Aloyse laissa un mot d\u2019adieu \u00e0 sa famille et \u00e0 ses amis peu avant son ex\u00e9cution. \u00c9crit au crayon au dos d\u2019une photo d\u2019identit\u00e9, ce court message fut rapport\u00e9 au Luxembourg par un prisonnier survivant quelques ann\u00e9es plus tard.<br\/>(Source : Eug\u00e8ne Kremer, Livre Uns\u00e4gliches Schicksal)<br\/><br\/> <\/p>\n\n<p>\u00ab\u202fCh\u00e8re m\u00e8re inoubliable, mes chers fr\u00e8res et s\u0153ur, et toute ma famille,<br\/>Ne pleurez pas, je suis \u00e0 la maison.<br\/>Ils me vol\u00e8rent ma vie innocente.<br\/>Si vous \u00eates encore en vie, prenez soin de vous.<br\/>L\u00e0-haut, au ciel, nous nous reverrons.<br\/>Salutations \u00e0 tous mes camarades.<br\/>Aloyse Kremer \u00bb<\/p>\n\n<p>Les deux r\u00e9sistants qui l\u2019avaient involontairement d\u00e9nonc\u00e9 furent emprisonn\u00e9s, puis rel\u00e2ch\u00e9s apr\u00e8s la guerre \u2014 un fardeau moral qu\u2019ils durent probablement porter toute leur vie. <\/p>\n\n<p>Anne Kremer (la m\u00e8re)<br\/><br\/>Anne Kremer fut arr\u00eat\u00e9e par la Gestapo pour ses activit\u00e9s de r\u00e9sistance en ao\u00fbt 1944. Gravement affaiblie par les mauvais traitements inflig\u00e9s par la Gestapo, elle fut ensuite d\u00e9port\u00e9e au camp de concentration de Ravensbr\u00fcck, o\u00f9 elle p\u00e9rit en mars 1945, seulement quelques semaines avant que le camp ne soit lib\u00e9r\u00e9 par l\u2019Arm\u00e9e rouge. Elle avait 53 ans.  <br\/><br\/>L\u00e9opold Kremer (le fr\u00e8re)<br\/><br\/>L\u00e9opold Kremer s\u2019engagea dans l\u2019arm\u00e9e luxembourgeoise en 1939. En d\u00e9cembre 1940, il fut envoy\u00e9 \u00e0 Weimar pour suivre une formation de policier allemand. Refusant de pr\u00eater serment de fid\u00e9lit\u00e9 \u00e0 Hitler en 1942, L\u00e9opold fut intern\u00e9 au camp de concentration de Dachau. Il endura les souffrances du camp jusqu\u2019\u00e0 sa lib\u00e9ration le 29 avril 1945, puis rentra au Luxembourg \u00e0 l\u2019\u00e9t\u00e9 1945.   <br\/><br\/>Lina Kremer (la soeur)<br\/><br\/>Lina Kremer participa activement aux activit\u00e9s de r\u00e9sistance de la famille. Apr\u00e8s son arrestation, elle fut elle aussi tortur\u00e9e par la Gestapo. D\u00e9port\u00e9e avec sa m\u00e8re au camp de Ravensbr\u00fcck en ao\u00fbt 1944, elle fut transf\u00e9r\u00e9e en mars 1945 au camp de Bergen-Belsen. Elle y contracta le typhus et fut sauv\u00e9e in extremis lorsque le camp fut lib\u00e9r\u00e9 en mai par les Britanniques. Avec l\u2019aide de la Croix-Rouge, et dans un \u00e9tat critique, elle fut transport\u00e9e en Su\u00e8de, o\u00f9 elle dut passer sa convalescence en quarantaine avant d\u2019\u00eatre enfin rapatri\u00e9e au Luxembourg. Connue de tous comme une femme douce, altruiste et g\u00e9n\u00e9reuse, Lina garda de ses terribles \u00e9preuves de guerre des s\u00e9quelles irr\u00e9versibles sur sa sant\u00e9. Elle s\u2019\u00e9teignit \u00e0 l\u2019\u00e2ge pr\u00e9coce de 39 ans.      <\/p>\n\n<figure class=\"wp-block-image size-full is-resized\"><img loading=\"lazy\" decoding=\"async\" width=\"377\" height=\"506\" src=\"https:\/\/www.pierre-schon.lu\/wp-content\/uploads\/2025\/06\/LinaKremer.png\" alt=\"\" class=\"wp-image-1833\" style=\"width:229px;height:auto\" srcset=\"https:\/\/www.pierre-schon.lu\/wp-content\/uploads\/2025\/06\/LinaKremer.png 377w, https:\/\/www.pierre-schon.lu\/wp-content\/uploads\/2025\/06\/LinaKremer-224x300.png 224w\" sizes=\"auto, (max-width: 377px) 100vw, 377px\" \/><\/figure>\n\n<p>Lina Kremer<\/p>\n\n<p>Eug\u00e8ne Kremer poursuivit ses activit\u00e9s de passeur, entrant dans la clandestinit\u00e9 en juillet 1944 pour \u00e9chapper \u00e0 la conscription dans l\u2019arm\u00e9e allemande, o\u00f9 il aurait tr\u00e8s probablement \u00e9t\u00e9 envoy\u00e9 combattre l\u2019Arm\u00e9e rouge sur le front de l\u2019Est. Il surv\u00e9cut et vit le pays lib\u00e9r\u00e9 en 1945. <\/p>\n\n<figure class=\"wp-block-image size-full is-resized\"><img loading=\"lazy\" decoding=\"async\" width=\"701\" height=\"551\" src=\"https:\/\/www.pierre-schon.lu\/wp-content\/uploads\/2025\/04\/KremerFamily.png\" alt=\"\" class=\"wp-image-292\" style=\"width:573px;height:auto\" srcset=\"https:\/\/www.pierre-schon.lu\/wp-content\/uploads\/2025\/04\/KremerFamily.png 701w, https:\/\/www.pierre-schon.lu\/wp-content\/uploads\/2025\/04\/KremerFamily-300x236.png 300w\" sizes=\"auto, (max-width: 701px) 100vw, 701px\" \/><\/figure>\n\n<p>Les sacrifices de la famille Kremer sont comm\u00e9mor\u00e9s par un monument \u00e0 Biwisch, inaugur\u00e9 en 1985.<\/p>\n\n<h2 class=\"wp-block-heading has-vivid-cyan-blue-color has-text-color has-link-color has-medium-font-size wp-elements-a1af38cc0863e6d4260d27a11f7ac6f8\">Ernest Delosch<\/h2>\n\n<p>Ernest Delosch, un ami proche de Pierre et membre cl\u00e9 de son r\u00e9seau imm\u00e9diat de passeurs, fut arr\u00eat\u00e9 en juillet 1943, emprisonn\u00e9 dans la prison du Grond et brutalement interrog\u00e9 par la Gestapo \u00e0 la Villa Pauly. Le 4 f\u00e9vrier 1944, il fut transf\u00e9r\u00e9 \u00e0 la prison Klingelp\u00fctz de Cologne, en compagnie de Michel Spaus \u2014 un passeur exp\u00e9riment\u00e9 du village voisin de Tratten et p\u00e8re de cinq enfants \u2014 ainsi que de Henri Ameil, accus\u00e9 d\u2019avoir men\u00e9 des actes de sabotage contre des installations strat\u00e9giques. Trois jours plus tard, le 7 f\u00e9vrier, les trois hommes furent condamn\u00e9s \u00e0 mort. Le 8 f\u00e9vrier, ils furent guillotin\u00e9s, apr\u00e8s avoir \u00e9t\u00e9 autoris\u00e9s \u00e0 \u00e9crire une derni\u00e8re lettre en allemand \u00e0 leurs familles. Ernest Delosch avait 36 ans ; Michel Spaus, 43 ans.    <\/p>\n\n<figure class=\"wp-block-image size-full is-resized\"><img loading=\"lazy\" decoding=\"async\" width=\"707\" height=\"515\" src=\"https:\/\/www.pierre-schon.lu\/wp-content\/uploads\/2025\/04\/ErnestDelosch-1.png\" alt=\"\" class=\"wp-image-302\" style=\"width:573px;height:auto\" srcset=\"https:\/\/www.pierre-schon.lu\/wp-content\/uploads\/2025\/04\/ErnestDelosch-1.png 707w, https:\/\/www.pierre-schon.lu\/wp-content\/uploads\/2025\/04\/ErnestDelosch-1-300x219.png 300w\" sizes=\"auto, (max-width: 707px) 100vw, 707px\" \/><\/figure>\n\n<p><br\/>Ernest aurait apparemment \u00e9t\u00e9 d\u00e9nonc\u00e9 par Jules, un informateur de la Gestapo se faisant passer pour un Luxembourgeois incorpor\u00e9 de force dans l\u2019arm\u00e9e allemande et pr\u00e9tendant vouloir s\u2019\u00e9chapper. Il s\u2019agirait probablement du m\u00eame Jules qui trahit Marie-Louise Didier. <br\/><br\/>Juste apr\u00e8s la guerre, Jules s\u2019enfuit en France pour rendre visite \u00e0 sa famille, mais \u00e0 son retour au Luxembourg, un comit\u00e9 d\u2019accueil l\u2019attendait. Il fut arr\u00eat\u00e9 et interrog\u00e9. N\u2019apercevant aucune issue \u00e0 sa situation, il se suicida &#8211; en prison. <\/p>\n\n<p>Michel Spaus et ses camarades avaient aid\u00e9 environ 100 conscrits forc\u00e9s et prisonniers de guerre fran\u00e7ais \u00e0 fuir vers la Belgique. En juillet 1943, il fut arr\u00eat\u00e9 et lui aussi soumis \u00e0 des tortures brutales et r\u00e9guli\u00e8res par la Gestapo \u00e0 la Villa Pauly. Plus tard cette m\u00eame ann\u00e9e, en novembre, sa femme et leurs cinq jeunes enfants furent d\u00e9port\u00e9s dans un camp de r\u00e9installation en Sil\u00e9sie, o\u00f9, heureusement, ils surv\u00e9curent tous. La trahison ayant conduit \u00e0 l\u2019arrestation et \u00e0 l\u2019ex\u00e9cution de Michel fut ult\u00e9rieurement attribu\u00e9e \u00e0 un informateur nazi nomm\u00e9 L\u00e9on D.   <\/p>\n\n<p>Selon N\u00e9ckel Kremer, dans son livre <em>Erennerungen un Deemools<\/em>, L\u00e9on D. a \u00e9t\u00e9 arr\u00eat\u00e9 puis interrog\u00e9 par l\u2019<em>Arm\u00e9e blanche<\/em> belge (un groupe faisant partie de la r\u00e9sistance belge). Apparemment, \u00ab l\u2019entrevue \u00bb ne s\u2019est pas bien pass\u00e9 pour lui, car il n\u2019a plus jamais \u00e9t\u00e9 vu en public par la suite. <\/p>\n\n<p>Photo ci-dessous : prison Klingelp\u00fctz \u00e0 Cologne, o\u00f9 plus de 1\u202f000 personnes \u2014 dont 21 Luxembourgeois \u2014 furent ex\u00e9cut\u00e9es sous le r\u00e9gime nazi, principalement par d\u00e9capitation. Elle servait de centre d\u2019ex\u00e9cution pour les r\u00e9sistants d\u2019Europe de l\u2019Ouest occup\u00e9e. <\/p>\n\n<figure class=\"wp-block-image size-full is-resized\"><img loading=\"lazy\" decoding=\"async\" width=\"801\" height=\"505\" src=\"https:\/\/www.pierre-schon.lu\/wp-content\/uploads\/2025\/06\/KlingelPutzSite.png\" alt=\"\" class=\"wp-image-1563\" style=\"width:737px;height:auto\" srcset=\"https:\/\/www.pierre-schon.lu\/wp-content\/uploads\/2025\/06\/KlingelPutzSite.png 801w, https:\/\/www.pierre-schon.lu\/wp-content\/uploads\/2025\/06\/KlingelPutzSite-300x189.png 300w, https:\/\/www.pierre-schon.lu\/wp-content\/uploads\/2025\/06\/KlingelPutzSite-768x484.png 768w\" sizes=\"auto, (max-width: 801px) 100vw, 801px\" \/><\/figure>\n\n<p class=\"has-small-font-size\">Photo : Klingelp\u00fctz &#8211; F\u00e9d\u00e9ration des Enr\u00f4l\u00e9s de Force, Luxembourg <\/p>\n\n<h2 class=\"wp-block-heading has-vivid-cyan-blue-color has-text-color has-link-color has-medium-font-size wp-elements-6198fd32f6d1671cb3e05d87db201a9a\">Le d\u00e9cret \u00ab Nuit et Brouillard \u00bb (Nacht und Nebel \u2013 NN)<\/h2>\n\n<p>En d\u00e9cembre 1941, Adolf Hitler a introduit le d\u00e9cret <a href=\"https:\/\/fr.wikipedia.org\/wiki\/Nuit_et_brouillard\">Nacht und Nebel<\/a> (Nuit et brouillard), une directive nazie secr\u00e8te visant \u00e0 r\u00e9duire au silence et \u00e0 terroriser les mouvements de r\u00e9sistance et les prisonniers politiques en Europe occidentale occup\u00e9e par les nazis, en particulier en France, en Belgique, au Luxembourg et aux Pays-Bas. L&rsquo;objectif premier \u00e9tait la guerre psychologique : terrifier la population en faisant dispara\u00eetre des personnes, sans proc\u00e8s, sans dossier d&rsquo;ex\u00e9cution, ni m\u00eame sans lieu de s\u00e9pulture.  <\/p>\n\n<p>Le d\u00e9cret fut mis en \u0153uvre par Wilhelm Keitel, chef du Haut Commandement de la Wehrmacht, qui d\u00e9clara :<br\/>\u00ab Une dissuasion efficace et durable ne peut \u00eatre obtenue que par la mort ou des mesures laissant la famille et la population dans l\u2019ignorance du sort du contrevenant. \u00bb<br\/>La prison Klingelp\u00fctz fut l\u2019un des lieux d\u2019application de ce d\u00e9cret. Les corps des prisonniers ex\u00e9cut\u00e9s \u00e9taient parfois envoy\u00e9s \u00e0 des instituts anatomiques \u00e0 Cologne ou dans d\u2019autres villes, emp\u00eachant tout enterrement ou identification.  <\/p>\n\n<p>Malgr\u00e9 cela, les mouvements de r\u00e9sistance ne renonc\u00e8rent pas. Bien au contraire, leurs membres redoubl\u00e8rent de vigilance, conscients que la Gestapo allait intensifier ses campagnes de r\u00e9pression et que leurs familles risquaient \u00e9galement l\u2019arrestation ou la d\u00e9portation. <\/p>\n\n<div class=\"wp-block-buttons is-content-justification-center is-layout-flex wp-container-core-buttons-is-layout-a89b3969 wp-block-buttons-is-layout-flex\">\n<div class=\"wp-block-button\"><a class=\"wp-block-button__link wp-element-button\" href=\"https:\/\/www.pierre-schon.lu\/fr\/belgique\/\">Suivant<\/a><\/div>\n<\/div>\n\n<p><\/p>\n","protected":false},"excerpt":{"rendered":"<p>Photo d\u2019en-t\u00eate : image d\u2019archives, Alamy \u00catre membre de la r\u00e9sistance, o\u00f9 que ce soit en Europe occup\u00e9e par les [&hellip;]<\/p>\n","protected":false},"author":1,"featured_media":0,"parent":4459,"menu_order":0,"comment_status":"closed","ping_status":"closed","template":"","meta":{"site-sidebar-layout":"default","site-content-layout":"","ast-site-content-layout":"","site-content-style":"default","site-sidebar-style":"default","ast-global-header-display":"","ast-banner-title-visibility":"","ast-main-header-display":"","ast-hfb-above-header-display":"","ast-hfb-below-header-display":"","ast-hfb-mobile-header-display":"","site-post-title":"","ast-breadcrumbs-content":"","ast-featured-img":"","footer-sml-layout":"","ast-disable-related-posts":"","theme-transparent-header-meta":"","adv-header-id-meta":"","stick-header-meta":"","header-above-stick-meta":"","header-main-stick-meta":"","header-below-stick-meta":"","astra-migrate-meta-layouts":"default","ast-page-background-enabled":"default","ast-page-background-meta":{"desktop":{"background-color":"var(--ast-global-color-5)","background-image":"","background-repeat":"repeat","background-position":"center center","background-size":"auto","background-attachment":"scroll","background-type":"","background-media":"","overlay-type":"","overlay-color":"","overlay-opacity":"","overlay-gradient":""},"tablet":{"background-color":"","background-image":"","background-repeat":"repeat","background-position":"center center","background-size":"auto","background-attachment":"scroll","background-type":"","background-media":"","overlay-type":"","overlay-color":"","overlay-opacity":"","overlay-gradient":""},"mobile":{"background-color":"","background-image":"","background-repeat":"repeat","background-position":"center center","background-size":"auto","background-attachment":"scroll","background-type":"","background-media":"","overlay-type":"","overlay-color":"","overlay-opacity":"","overlay-gradient":""}},"ast-content-background-meta":{"desktop":{"background-color":"var(--ast-global-color-4)","background-image":"","background-repeat":"repeat","background-position":"center center","background-size":"auto","background-attachment":"scroll","background-type":"","background-media":"","overlay-type":"","overlay-color":"","overlay-opacity":"","overlay-gradient":""},"tablet":{"background-color":"var(--ast-global-color-4)","background-image":"","background-repeat":"repeat","background-position":"center center","background-size":"auto","background-attachment":"scroll","background-type":"","background-media":"","overlay-type":"","overlay-color":"","overlay-opacity":"","overlay-gradient":""},"mobile":{"background-color":"var(--ast-global-color-4)","background-image":"","background-repeat":"repeat","background-position":"center center","background-size":"auto","background-attachment":"scroll","background-type":"","background-media":"","overlay-type":"","overlay-color":"","overlay-opacity":"","overlay-gradient":""}},"footnotes":""},"class_list":["post-2815","page","type-page","status-publish","hentry"],"_links":{"self":[{"href":"https:\/\/www.pierre-schon.lu\/fr\/wp-json\/wp\/v2\/pages\/2815","targetHints":{"allow":["GET"]}}],"collection":[{"href":"https:\/\/www.pierre-schon.lu\/fr\/wp-json\/wp\/v2\/pages"}],"about":[{"href":"https:\/\/www.pierre-schon.lu\/fr\/wp-json\/wp\/v2\/types\/page"}],"author":[{"embeddable":true,"href":"https:\/\/www.pierre-schon.lu\/fr\/wp-json\/wp\/v2\/users\/1"}],"replies":[{"embeddable":true,"href":"https:\/\/www.pierre-schon.lu\/fr\/wp-json\/wp\/v2\/comments?post=2815"}],"version-history":[{"count":33,"href":"https:\/\/www.pierre-schon.lu\/fr\/wp-json\/wp\/v2\/pages\/2815\/revisions"}],"predecessor-version":[{"id":3999,"href":"https:\/\/www.pierre-schon.lu\/fr\/wp-json\/wp\/v2\/pages\/2815\/revisions\/3999"}],"up":[{"embeddable":true,"href":"https:\/\/www.pierre-schon.lu\/fr\/wp-json\/wp\/v2\/pages\/4459"}],"wp:attachment":[{"href":"https:\/\/www.pierre-schon.lu\/fr\/wp-json\/wp\/v2\/media?parent=2815"}],"curies":[{"name":"wp","href":"https:\/\/api.w.org\/{rel}","templated":true}]}}