{"id":2801,"date":"2025-04-07T12:53:51","date_gmt":"2025-04-07T10:53:51","guid":{"rendered":"https:\/\/www.pierre-schon.lu\/repression-par-la-gestapo\/"},"modified":"2026-02-15T17:07:57","modified_gmt":"2026-02-15T16:07:57","slug":"repression-par-la-gestapo","status":"publish","type":"page","link":"https:\/\/www.pierre-schon.lu\/fr\/luxembourg\/repression-par-la-gestapo\/","title":{"rendered":"R\u00e9pression par la Gestapo"},"content":{"rendered":"\n<div class=\"wp-block-group page-hero has-background is-nowrap is-layout-flex wp-container-core-group-is-layout-6c531013 wp-block-group-is-layout-flex\" style=\"background-color:#00a3e0\">\n<div class=\"wp-block-group is-vertical is-layout-flex wp-container-core-group-is-layout-fe9cc265 wp-block-group-is-layout-flex\">\n<figure class=\"wp-block-image size-full hero-image\"><img loading=\"lazy\" decoding=\"async\" width=\"2560\" height=\"1557\" src=\"https:\/\/www.pierre-schon.lu\/wp-content\/uploads\/2025\/04\/INCONNU_1940-45_0011_5027_PM-scaled.jpg\" alt=\"\" class=\"wp-image-232\" srcset=\"https:\/\/www.pierre-schon.lu\/wp-content\/uploads\/2025\/04\/INCONNU_1940-45_0011_5027_PM-scaled.jpg 2560w, https:\/\/www.pierre-schon.lu\/wp-content\/uploads\/2025\/04\/INCONNU_1940-45_0011_5027_PM-300x182.jpg 300w, https:\/\/www.pierre-schon.lu\/wp-content\/uploads\/2025\/04\/INCONNU_1940-45_0011_5027_PM-1024x623.jpg 1024w, https:\/\/www.pierre-schon.lu\/wp-content\/uploads\/2025\/04\/INCONNU_1940-45_0011_5027_PM-768x467.jpg 768w, https:\/\/www.pierre-schon.lu\/wp-content\/uploads\/2025\/04\/INCONNU_1940-45_0011_5027_PM-1536x934.jpg 1536w, https:\/\/www.pierre-schon.lu\/wp-content\/uploads\/2025\/04\/INCONNU_1940-45_0011_5027_PM-2048x1245.jpg 2048w\" sizes=\"auto, (max-width: 2560px) 100vw, 2560px\" \/><\/figure>\n\n\n\n<p class=\"has-ast-global-color-4-color has-text-color has-link-color wp-elements-1edf78b67173eba190642b7694089285\">Photo d\u2019en-t\u00eate : Quartier g\u00e9n\u00e9ral de la Gestapo dans la Villa Pauly, \u00e0 Luxembourg-Ville. \u00a9 Phototh\u00e8que de la ville de Luxembourg. Auteur inconnu  <\/p>\n<\/div>\n<\/div>\n\n<p class=\"has-small-font-size\"><\/p>\n\n<h2 class=\"wp-block-heading has-vivid-cyan-blue-color has-text-color has-link-color has-medium-font-size wp-elements-9478686074ac7574d54d668c017f1717\" style=\"margin-top:var(--wp--preset--spacing--60)\">La r\u00e9pression de la Gestapo<\/h2>\n\n<p>En 1942, les nazis intensifi\u00e8rent leur r\u00e9pression des mouvements de r\u00e9sistance, notamment la LPL. Des agents de la Gestapo infiltr\u00e8rent le mouvement, entra\u00eenant l\u2019arrestation de membres de la LPL \u00e0 Clervaux et dans les environs. Beaucoup furent envoy\u00e9s en camps de concentration ou ex\u00e9cut\u00e9s.  <br\/><br\/>En cons\u00e9quence, Pierre\u202fSchon et cinq jeunes hommes de son village de Doennange furent arr\u00eat\u00e9s le 5 mai 1942 par la Gestapo et emmen\u00e9s au quartier g\u00e9n\u00e9ral nord \u00e0 la Villa Conter de Diekirch pour interrogatoire. Pierre passa une nuit en d\u00e9tention, o\u00f9 il fut interrog\u00e9 pendant trois heures et battu \u00e0 plusieurs reprises au fouet \u00e0 crins. Malgr\u00e9 la brutalit\u00e9 des interrogations, il parvint \u00e0 convaincre ses ge\u00f4liers qu\u2019il n\u2019\u00e9tait pas impliqu\u00e9 dans la r\u00e9sistance, qui le rel\u00e2ch\u00e8rent finalement. Durant cette vague de r\u00e9pression, de nombreux jeunes furent interrog\u00e9s dans l\u2019espoir qu\u2019ils avoueraient, sous la torture, faire partie de la r\u00e9sistance ou conna\u00eetre quelqu\u2019un qui y militait.   <\/p>\n\n<p>Le 10 septembre 1942, Pierre fut \u00e0 nouveau arr\u00eat\u00e9, cette fois par des douaniers allemands, sous pr\u00e9texte d\u2019avoir travers\u00e9 la fronti\u00e8re \u00e0 Hoffelt. Il fut d\u00e9tenu une nuit \u00e0 la prison de Troine, sans qu\u2019aucune preuve ne soit retenue contre lui. L\u00e0 encore, il eut la chance d\u2019\u00eatre rel\u00e2ch\u00e9 sain et sauf.  <\/p>\n\n<p>Les d\u00e9tenus et suspects \u00e9taient interrog\u00e9s et tortur\u00e9s \u00e0 la Villa Pauly. Battus et craignant pour leur vie, beaucoup \u00e9taient ensuite intern\u00e9s au sous-sol, dans des cellules sombres ne contenant qu\u2019un banc en bois.  <\/p>\n\n<figure class=\"wp-block-image size-large is-resized\"><img loading=\"lazy\" decoding=\"async\" width=\"1024\" height=\"723\" src=\"https:\/\/www.pierre-schon.lu\/wp-content\/uploads\/2025\/04\/KRIER-Tony-1944_5_4559_PM-1024x723.jpg\" alt=\"\" class=\"wp-image-249\" style=\"width:644px;height:auto\" srcset=\"https:\/\/www.pierre-schon.lu\/wp-content\/uploads\/2025\/04\/KRIER-Tony-1944_5_4559_PM-1024x723.jpg 1024w, https:\/\/www.pierre-schon.lu\/wp-content\/uploads\/2025\/04\/KRIER-Tony-1944_5_4559_PM-300x212.jpg 300w, https:\/\/www.pierre-schon.lu\/wp-content\/uploads\/2025\/04\/KRIER-Tony-1944_5_4559_PM-768x542.jpg 768w, https:\/\/www.pierre-schon.lu\/wp-content\/uploads\/2025\/04\/KRIER-Tony-1944_5_4559_PM-1536x1085.jpg 1536w, https:\/\/www.pierre-schon.lu\/wp-content\/uploads\/2025\/04\/KRIER-Tony-1944_5_4559_PM-2048x1446.jpg 2048w\" sizes=\"auto, (max-width: 1024px) 100vw, 1024px\" \/><\/figure>\n\n<p class=\"has-small-font-size\">\u00a9 Phototh\u00e8que de la ville de Luxembourg. Auteur : Tony Krier <\/p>\n\n<p>Aujourd\u2019hui, une plaque comm\u00e9morative plac\u00e9e \u00e0 l\u2019ext\u00e9rieur de la Villa Pauly rend hommage aux r\u00e9sistants tortur\u00e9s sur place pendant l\u2019occupation nazie.<\/p>\n\n<figure class=\"wp-block-image size-full is-resized\"><img loading=\"lazy\" decoding=\"async\" width=\"605\" height=\"422\" src=\"https:\/\/www.pierre-schon.lu\/wp-content\/uploads\/2025\/04\/Plaque-villa-Pauly.png\" alt=\"\" class=\"wp-image-255\" style=\"width:485px;height:auto\" srcset=\"https:\/\/www.pierre-schon.lu\/wp-content\/uploads\/2025\/04\/Plaque-villa-Pauly.png 605w, https:\/\/www.pierre-schon.lu\/wp-content\/uploads\/2025\/04\/Plaque-villa-Pauly-300x209.png 300w\" sizes=\"auto, (max-width: 605px) 100vw, 605px\" \/><\/figure>\n\n<p><\/p>\n\n<p>Apr\u00e8s ces deux \u00e9vasions de justesse, Pierre dut r\u00e9aliser qu\u2019il \u00e9tait d\u00e9sormais sur la liste noire de la Gestapo, que le pi\u00e8ge se resserrait, et que son arrestation, voire son ex\u00e9cution, \u00e9tait imminente. Ce moment arriva en avril 1943, lorsqu\u2019il dut user de son ing\u00e9niosit\u00e9, de sa connaissance approfondie des sentiers forestiers et de son r\u00e9seau pour fuir vers la Belgique, la Gestapo \u00e0 ses trousses. <br\/><br\/>Les tentatives de la Gestapo pour infiltrer et d\u00e9manteler la r\u00e9sistance furent g\u00e9n\u00e9ralis\u00e9es. Pourtant, la LPL de Clervaux et d\u2019autres groupes parvinrent \u00e0 prot\u00e9ger leur hi\u00e9rarchie, notamment gr\u00e2ce \u00e0 une organisation d\u00e9centralis\u00e9e et l\u2019usage de pseudonymes. <br\/><br\/>La LPL adapta ses m\u00e9thodes, op\u00e9rant d\u00e9sormais par cellules plus r\u00e9duites et recourant \u00e0 des refuges improvis\u00e9s.<\/p>\n\n<h2 class=\"wp-block-heading has-vivid-cyan-blue-color has-text-color has-link-color has-medium-font-size wp-elements-f47320154a0a76a735cc26b936c6798e\">La gr\u00e8ve g\u00e9n\u00e9rale de 1942<\/h2>\n\n<p>La LPL et d\u2019autres mouvements de r\u00e9sistance, s\u2019appuyant sur les renseignements diffus\u00e9s par Josy Fellens, appel\u00e8rent \u00e0 une gr\u00e8ve g\u00e9n\u00e9rale le 30 ao\u00fbt 1942, en protestation contre l\u2019annexion du Luxembourg et les projets de conscription forc\u00e9e. Ceci fut la seule gr\u00e8ve g\u00e9n\u00e9rale \u00e0 avoir eu lieu dans l\u2019Europe occup\u00e9e. Elle a commenc\u00e9 dans l\u2019usine de cuir \u00e0 Wiltz et s\u2019est rapidement \u00e9tendue \u00e0 tout le pays. Cette gr\u00e8ve fut un acte majeur de d\u00e9sob\u00e9issance civile, paralysant l\u2019\u00e9conomie luxembourgeoise plusieurs jours durant. M\u00eame si les autorit\u00e9s allemandes tent\u00e8rent de r\u00e9primer la gr\u00e8ve par la force militaire, la solidarit\u00e9 des travailleurs et leur d\u00e9termination retard\u00e8rent sa dissolution.     <br\/><br\/>Apr\u00e8s la guerre, Pierre Schon t\u00e9moigna aupr\u00e8s du Conseil national de la R\u00e9sistance qu\u2019il avait r\u00e9cup\u00e9r\u00e9 plusieurs paquets de tracts \u00e0 la fronti\u00e8re belge, quatre jours avant la gr\u00e8ve, envoy\u00e9s de Bruxelles par Alphonse Rodesch. Lui et d\u2019autres r\u00e9sistants les avaient diffus\u00e9s \u00e0 l\u2019\u00e9chelle nationale.<\/p>\n\n<p>Dans son ouvrage \u00ab Quatre Ann\u00e9es de Lutte \u00bb , r\u00e9\u00e9dit\u00e9 en 2011 par l\u2019Amicale LPL, Alphonse\u202fRodesch confirme que la LPL avait inform\u00e9 le gouvernement en exil \u00e0 Londres, le 26 ao\u00fbt, via le service radio de la r\u00e9sistance belge \u00ab\u202fLuc\u202f\u00bb, que, sans contre-ordres, la gr\u00e8ve se tiendrait. N\u2019ayant re\u00e7u aucune consigne contraire, ils donn\u00e8rent le feu vert pour imprimer 10\u202f000 tracts appelant \u00e0 cesser le travail et \u00e0 inciter \u00e0 la d\u00e9sertion des conscrits forc\u00e9s.  <br\/><br\/>Les nazis ripost\u00e8rent violemment, bien plus s\u00e9v\u00e8rement qu\u2019attendu. De nombreux leaders et participants furent arr\u00eat\u00e9s, des milliers emprisonn\u00e9s, beaucoup envoy\u00e9s dans des camps de concentration ou de r\u00e9installation. Au moins 21 personnes furent condamn\u00e9es \u00e0 mort, ex\u00e9cut\u00e9es au camp de concentration d`Hinzert situ\u00e9 \u00e0 environ 30\u202fkm au-del\u00e0 de la fronti\u00e8re allemande.<br\/><br\/>Des affiches nazies publi\u00e8rent au Luxembourg d\u00e8s le matin les noms des ex\u00e9cut\u00e9s du jour, afin d\u2019intimider la population.   <br\/><\/p>\n\n<figure class=\"wp-block-image size-large is-resized\"><img loading=\"lazy\" decoding=\"async\" width=\"798\" height=\"1024\" src=\"https:\/\/www.pierre-schon.lu\/wp-content\/uploads\/2025\/04\/INCONNU_1942_0005_4284_PM-798x1024.jpg\" alt=\"\" class=\"wp-image-237\" style=\"width:429px;height:auto\" srcset=\"https:\/\/www.pierre-schon.lu\/wp-content\/uploads\/2025\/04\/INCONNU_1942_0005_4284_PM-798x1024.jpg 798w, https:\/\/www.pierre-schon.lu\/wp-content\/uploads\/2025\/04\/INCONNU_1942_0005_4284_PM-234x300.jpg 234w, https:\/\/www.pierre-schon.lu\/wp-content\/uploads\/2025\/04\/INCONNU_1942_0005_4284_PM-768x986.jpg 768w, https:\/\/www.pierre-schon.lu\/wp-content\/uploads\/2025\/04\/INCONNU_1942_0005_4284_PM-1196x1536.jpg 1196w, https:\/\/www.pierre-schon.lu\/wp-content\/uploads\/2025\/04\/INCONNU_1942_0005_4284_PM-1595x2048.jpg 1595w, https:\/\/www.pierre-schon.lu\/wp-content\/uploads\/2025\/04\/INCONNU_1942_0005_4284_PM-scaled.jpg 1994w\" sizes=\"auto, (max-width: 798px) 100vw, 798px\" \/><\/figure>\n\n<p class=\"has-small-font-size\">\u00a9 Phototh\u00e8que de la ville de Luxembourg. Auteur inconnu <\/p>\n\n<p>Pendant cette p\u00e9riode, Pierre s\u2019impliqua activement pour collecter des fonds et soutenir les familles des hommes arr\u00eat\u00e9s par la Gestapo.<br\/><br\/>Les autorit\u00e9s allemandes impos\u00e8rent aussi des mesures de repr\u00e9sailles contre les familles : d\u00e9portations de proches vers des camps de concentration ou de r\u00e9installation.<br\/><br\/>Malgr\u00e9 cette r\u00e9pression f\u00e9roce, la gr\u00e8ve g\u00e9n\u00e9rale d\u00e9montra le courage et la r\u00e9silience du peuple luxembourgeois, marquant une \u00e9tape majeure dans la r\u00e9sistance contre l\u2019occupation nazie.<\/p>\n\n<p>Dans son livre, Alphonse\u202fRodesch rapporte qu\u2019un message radiophonique du ministre britannique des Affaires \u00e9trang\u00e8res, Anthony Eden, fut diffus\u00e9 d\u00e8s le 7 septembre, s\u2019adressant ainsi au peuple luxembourgeois :<br\/><br\/>\u00ab Nous, en Angleterre, avons suivi avec admiration et sympathie la r\u00e9sistance h\u00e9ro\u00efque contre la tyrannie nazie d\u2019un petit peuple courageux. Vous, les Luxembourgeois, \u00eates unis dans votre haine du nazisme. Vous avez montr\u00e9 que vous vouliez rester ce que vous \u00eates : un peuple libre, et par votre courage et votre r\u00e9sistance, vous avez fermement affirm\u00e9 votre droit \u00e0 le faire. \u00bb   <\/p>\n\n<p>Le gouvernement en exil exploita l\u2019\u00e9v\u00e9nement pour obtenir une large couverture dans la presse britannique et am\u00e9ricaine. Le droit du Luxembourg \u00e0 l\u2019ind\u00e9pendance et \u00e0 la libert\u00e9 fut reconnu par les Alli\u00e9s. <\/p>\n\n<h2 class=\"wp-block-heading has-vivid-cyan-blue-color has-text-color has-link-color has-medium-font-size wp-elements-7ed39901675afa3d449279e6c6bedc9f\">La conscription forc\u00e9e<\/h2>\n\n<p>Les Allemands entam\u00e8rent la <a href=\"https:\/\/www.rtl.lu\/your-luxembourg\/knowledge-bites\/a\/1395527.html\">conscription forc\u00e9e<\/a> des Luxembourgeois dans l\u2019arm\u00e9e allemande le 30 ao\u00fbt 1942. Plus de 10 000 jeunes, \u00e2g\u00e9s de 18 \u00e0 24 ans, furent enr\u00f4l\u00e9s contre leur volont\u00e9. Plus de 3 000 d\u00e9sert\u00e8rent et nombreux rejoignirent la r\u00e9sistance, recourant \u00e0 des fili\u00e8res d\u2019\u00e9vasion pour \u00e9viter d\u2019\u00eatre captur\u00e9s, d\u00e9port\u00e9s, ou envoy\u00e9s au travail forc\u00e9 \u2014 voire ex\u00e9cut\u00e9s. Plus de 100 furent aid\u00e9s par Pierre Schon qui leur procura de fausses identit\u00e9s pour fuir vers la Belgique. Certains rejoignirent les rangs alli\u00e9s.<br\/><br\/>Pr\u00e8s de 3\u202f000 conscrits luxembourgeois perdirent la vie pendant la guerre. Envoy\u00e9s sur le front de l\u2019Est, un th\u00e9\u00e2tre d\u2019op\u00e9rations particuli\u00e8rement mortel, ils devaient faire face aux offensives sovi\u00e9tiques, aux conditions effroyables, et \u00e0 une mortalit\u00e9 extr\u00eamement \u00e9lev\u00e9e : entre 1943 et 1945, 1\u202f900 Luxembourgeois furent d\u00e9tenus dans des camps sovi\u00e9tiques (1\u202f000 \u00e0 Tambov), dont 165 moururent en camp, 38 \u00e0 l\u2019h\u00f4pital de Kirsanow, et 50 p\u00e9rirent lors de leur retour.    <\/p>\n\n<h2 class=\"wp-block-heading has-vivid-cyan-blue-color has-text-color has-link-color has-medium-font-size wp-elements-6b4b8f9af5ad42865b72eabd2648a6c7\">Camp de concentration nazi d\u2019Hinzert<\/h2>\n\n<p>Situ\u00e9 \u00e0 30\u202fkm de la fronti\u00e8re luxembourgeoise, Hinzert se trouvait sur le plateau du Hochwald, \u00e0 550\u202fm d\u2019altitude, surplombant le massif du Hunsr\u00fcck, entour\u00e9 de for\u00eats de pins. L\u2019environnement y \u00e9tait humide, venteux, aust\u00e8re et glac\u00e9 en hiver. <br\/><br\/>En f\u00e9vrier 1942, la gestion du camp fut confi\u00e9e aux SS ; il servit aussi de camp pour la Gestapo de la r\u00e9gion de Tr\u00e8ves-Luxembourg.<\/p>\n\n<figure class=\"wp-block-image size-full is-resized\"><img loading=\"lazy\" decoding=\"async\" width=\"818\" height=\"507\" src=\"https:\/\/www.pierre-schon.lu\/wp-content\/uploads\/2025\/04\/Hintzen.png\" alt=\"\" class=\"wp-image-244\" style=\"width:656px;height:auto\" srcset=\"https:\/\/www.pierre-schon.lu\/wp-content\/uploads\/2025\/04\/Hintzen.png 818w, https:\/\/www.pierre-schon.lu\/wp-content\/uploads\/2025\/04\/Hintzen-300x186.png 300w, https:\/\/www.pierre-schon.lu\/wp-content\/uploads\/2025\/04\/Hintzen-768x476.png 768w\" sizes=\"auto, (max-width: 818px) 100vw, 818px\" \/><\/figure>\n\n<p>Entre 1939 et 1945, environ 13\u202f600 prisonniers politiques \u00e2g\u00e9s de 13 \u00e0 80 ans furent d\u00e9tenus \u00e0 Hinzert. Beaucoup n\u2019y faisaient que transiter vers d\u2019autres camps, o\u00f9 la plupart furent extermin\u00e9s. Parmi eux, des r\u00e9sistants luxembourgeois, des conscrits d\u00e9serteurs, ainsi que des opposants politiques. On estime que 1600 Luxembourgeois ont \u00e9t\u00e9 intern\u00e9s \u00e0 un moment donn\u00e9 \u00e0 Hinzert, et que 82 y sont morts. Cependant, de nombreux prisonniers y ont \u00e9galement \u00e9t\u00e9 ex\u00e9cut\u00e9s. Le 25 f\u00e9vrier 1944, 23 chefs de la r\u00e9sistance luxembourgeoise ont \u00e9t\u00e9 fusill\u00e9s. Le camp \u00e9tait administr\u00e9, dirig\u00e9 et gard\u00e9 principalement par la SS, qui, selon les survivants, \u00e9tait r\u00e9put\u00e9e pour sa brutalit\u00e9 et sa cruaut\u00e9.      <br\/><br\/>Le meilleur ami de Pierre, L\u00e9on, y effectua deux ans de travaux forc\u00e9s apr\u00e8s avoir refus\u00e9 la conscription. Bien que camp de transit, Hinzert fut le lieu de la mort de 321 d\u00e9tenus (r\u00e9sistants compris), souvent par fusillade dans la for\u00eat environnante, noyade ou injection mortelle \u2013 certains estiment le bilan encore plus \u00e9lev\u00e9.   <br\/><br\/>Les corps de 78 Luxembourgeois ex\u00e9cut\u00e9s \u00e0 Hinzert (r\u00e9sistants pour la plupart), \u00e0 la prison Klingelp\u00fctz de Cologne, ou \u00e0 la prison de Preungesheim \u00e0 Francfort furent exhum\u00e9s et rapatri\u00e9s au Luxembourg les 9 et 10 mars 1946. Le long de l\u2019itin\u00e9raire, des citoyens habill\u00e9s de l\u2019uniforme \u00e0 rayures rendaient hommage aux victimes. Ils furent provisoirement d\u00e9pos\u00e9s sur la Place d\u2019Armes \u00e0 Luxembourg-ville, en pr\u00e9sence de dignitaires, puis inhum\u00e9s au cimeti\u00e8re Notre-Dame. (<a href=\"https:\/\/en.wikipedia.org\/wiki\/Hinzert_concentration_camp\">Source : Wikip\u00e9dia<\/a>)    <br\/><\/p>\n\n<figure class=\"wp-block-gallery has-nested-images columns-default is-cropped wp-block-gallery-1 is-layout-flex wp-block-gallery-is-layout-flex\">\n<figure class=\"wp-block-image size-large\"><img loading=\"lazy\" decoding=\"async\" width=\"1024\" height=\"685\" data-id=\"438\" src=\"https:\/\/www.pierre-schon.lu\/wp-content\/uploads\/2025\/05\/KRIER_Tony_1946_0020_0006_PM-1024x685.jpg\" alt=\"\" class=\"wp-image-438\" srcset=\"https:\/\/www.pierre-schon.lu\/wp-content\/uploads\/2025\/05\/KRIER_Tony_1946_0020_0006_PM-1024x685.jpg 1024w, https:\/\/www.pierre-schon.lu\/wp-content\/uploads\/2025\/05\/KRIER_Tony_1946_0020_0006_PM-300x201.jpg 300w, https:\/\/www.pierre-schon.lu\/wp-content\/uploads\/2025\/05\/KRIER_Tony_1946_0020_0006_PM-768x514.jpg 768w, https:\/\/www.pierre-schon.lu\/wp-content\/uploads\/2025\/05\/KRIER_Tony_1946_0020_0006_PM-1536x1028.jpg 1536w, https:\/\/www.pierre-schon.lu\/wp-content\/uploads\/2025\/05\/KRIER_Tony_1946_0020_0006_PM-2048x1370.jpg 2048w\" sizes=\"auto, (max-width: 1024px) 100vw, 1024px\" \/><\/figure>\n\n\n\n<figure class=\"wp-block-image size-large\"><img loading=\"lazy\" decoding=\"async\" width=\"1024\" height=\"685\" data-id=\"440\" src=\"https:\/\/www.pierre-schon.lu\/wp-content\/uploads\/2025\/05\/KRIER_Tony_1946_0020_0008_PM-1024x685.jpg\" alt=\"\" class=\"wp-image-440\" srcset=\"https:\/\/www.pierre-schon.lu\/wp-content\/uploads\/2025\/05\/KRIER_Tony_1946_0020_0008_PM-1024x685.jpg 1024w, https:\/\/www.pierre-schon.lu\/wp-content\/uploads\/2025\/05\/KRIER_Tony_1946_0020_0008_PM-300x201.jpg 300w, https:\/\/www.pierre-schon.lu\/wp-content\/uploads\/2025\/05\/KRIER_Tony_1946_0020_0008_PM-768x514.jpg 768w, https:\/\/www.pierre-schon.lu\/wp-content\/uploads\/2025\/05\/KRIER_Tony_1946_0020_0008_PM-1536x1028.jpg 1536w, https:\/\/www.pierre-schon.lu\/wp-content\/uploads\/2025\/05\/KRIER_Tony_1946_0020_0008_PM-2048x1370.jpg 2048w\" sizes=\"auto, (max-width: 1024px) 100vw, 1024px\" \/><\/figure>\n\n\n\n<figure class=\"wp-block-image size-large\"><img loading=\"lazy\" decoding=\"async\" width=\"1024\" height=\"687\" data-id=\"439\" src=\"https:\/\/www.pierre-schon.lu\/wp-content\/uploads\/2025\/05\/KRIER_Tony_1946_0020_0020_PM-1024x687.jpg\" alt=\"\" class=\"wp-image-439\" srcset=\"https:\/\/www.pierre-schon.lu\/wp-content\/uploads\/2025\/05\/KRIER_Tony_1946_0020_0020_PM-1024x687.jpg 1024w, https:\/\/www.pierre-schon.lu\/wp-content\/uploads\/2025\/05\/KRIER_Tony_1946_0020_0020_PM-300x201.jpg 300w, https:\/\/www.pierre-schon.lu\/wp-content\/uploads\/2025\/05\/KRIER_Tony_1946_0020_0020_PM-768x515.jpg 768w, https:\/\/www.pierre-schon.lu\/wp-content\/uploads\/2025\/05\/KRIER_Tony_1946_0020_0020_PM-1536x1030.jpg 1536w, https:\/\/www.pierre-schon.lu\/wp-content\/uploads\/2025\/05\/KRIER_Tony_1946_0020_0020_PM-2048x1374.jpg 2048w\" sizes=\"auto, (max-width: 1024px) 100vw, 1024px\" \/><\/figure>\n<\/figure>\n\n<p class=\"has-small-font-size\">Photos \u00a9 Phototh\u00e8que de la ville de Luxembourg. Auteur : Tony Krier <\/p>\n\n<p>Chaque ann\u00e9e, des <a href=\"https:\/\/www.vdl.lu\/fr\/visiter\/art-et-culture\/architecture-et-patrimoine\/tombes-remarquables\/hinzerter-kraiz\">c\u00e9r\u00e9monies comm\u00e9moratives<\/a> ont lieu \u00e0 Luxembourg-Ville en hommage \u00e0 ces \u00e9v\u00e9nements tragiques. <\/p>\n\n<div class=\"wp-block-buttons is-content-justification-center is-layout-flex wp-container-core-buttons-is-layout-a89b3969 wp-block-buttons-is-layout-flex\">\n<div class=\"wp-block-button\"><a class=\"wp-block-button__link wp-element-button\" href=\"https:\/\/www.pierre-schon.lu\/fr\/luxembourg\/amis-perdus\/\">Suivant<\/a><\/div>\n<\/div>\n","protected":false},"excerpt":{"rendered":"<p>Photo d\u2019en-t\u00eate : Quartier g\u00e9n\u00e9ral de la Gestapo dans la Villa Pauly, \u00e0 Luxembourg-Ville. \u00a9 Phototh\u00e8que de la ville de [&hellip;]<\/p>\n","protected":false},"author":1,"featured_media":0,"parent":4459,"menu_order":0,"comment_status":"closed","ping_status":"closed","template":"","meta":{"site-sidebar-layout":"default","site-content-layout":"","ast-site-content-layout":"","site-content-style":"default","site-sidebar-style":"default","ast-global-header-display":"","ast-banner-title-visibility":"","ast-main-header-display":"","ast-hfb-above-header-display":"","ast-hfb-below-header-display":"","ast-hfb-mobile-header-display":"","site-post-title":"","ast-breadcrumbs-content":"","ast-featured-img":"","footer-sml-layout":"","ast-disable-related-posts":"","theme-transparent-header-meta":"","adv-header-id-meta":"","stick-header-meta":"","header-above-stick-meta":"","header-main-stick-meta":"","header-below-stick-meta":"","astra-migrate-meta-layouts":"default","ast-page-background-enabled":"default","ast-page-background-meta":{"desktop":{"background-color":"var(--ast-global-color-5)","background-image":"","background-repeat":"repeat","background-position":"center center","background-size":"auto","background-attachment":"scroll","background-type":"","background-media":"","overlay-type":"","overlay-color":"","overlay-opacity":"","overlay-gradient":""},"tablet":{"background-color":"","background-image":"","background-repeat":"repeat","background-position":"center center","background-size":"auto","background-attachment":"scroll","background-type":"","background-media":"","overlay-type":"","overlay-color":"","overlay-opacity":"","overlay-gradient":""},"mobile":{"background-color":"","background-image":"","background-repeat":"repeat","background-position":"center center","background-size":"auto","background-attachment":"scroll","background-type":"","background-media":"","overlay-type":"","overlay-color":"","overlay-opacity":"","overlay-gradient":""}},"ast-content-background-meta":{"desktop":{"background-color":"var(--ast-global-color-4)","background-image":"","background-repeat":"repeat","background-position":"center center","background-size":"auto","background-attachment":"scroll","background-type":"","background-media":"","overlay-type":"","overlay-color":"","overlay-opacity":"","overlay-gradient":""},"tablet":{"background-color":"var(--ast-global-color-4)","background-image":"","background-repeat":"repeat","background-position":"center center","background-size":"auto","background-attachment":"scroll","background-type":"","background-media":"","overlay-type":"","overlay-color":"","overlay-opacity":"","overlay-gradient":""},"mobile":{"background-color":"var(--ast-global-color-4)","background-image":"","background-repeat":"repeat","background-position":"center center","background-size":"auto","background-attachment":"scroll","background-type":"","background-media":"","overlay-type":"","overlay-color":"","overlay-opacity":"","overlay-gradient":""}},"footnotes":""},"class_list":["post-2801","page","type-page","status-publish","hentry"],"_links":{"self":[{"href":"https:\/\/www.pierre-schon.lu\/fr\/wp-json\/wp\/v2\/pages\/2801","targetHints":{"allow":["GET"]}}],"collection":[{"href":"https:\/\/www.pierre-schon.lu\/fr\/wp-json\/wp\/v2\/pages"}],"about":[{"href":"https:\/\/www.pierre-schon.lu\/fr\/wp-json\/wp\/v2\/types\/page"}],"author":[{"embeddable":true,"href":"https:\/\/www.pierre-schon.lu\/fr\/wp-json\/wp\/v2\/users\/1"}],"replies":[{"embeddable":true,"href":"https:\/\/www.pierre-schon.lu\/fr\/wp-json\/wp\/v2\/comments?post=2801"}],"version-history":[{"count":35,"href":"https:\/\/www.pierre-schon.lu\/fr\/wp-json\/wp\/v2\/pages\/2801\/revisions"}],"predecessor-version":[{"id":4603,"href":"https:\/\/www.pierre-schon.lu\/fr\/wp-json\/wp\/v2\/pages\/2801\/revisions\/4603"}],"up":[{"embeddable":true,"href":"https:\/\/www.pierre-schon.lu\/fr\/wp-json\/wp\/v2\/pages\/4459"}],"wp:attachment":[{"href":"https:\/\/www.pierre-schon.lu\/fr\/wp-json\/wp\/v2\/media?parent=2801"}],"curies":[{"name":"wp","href":"https:\/\/api.w.org\/{rel}","templated":true}]}}