{"id":2787,"date":"2025-04-07T12:53:20","date_gmt":"2025-04-07T10:53:20","guid":{"rendered":"https:\/\/www.pierre-schon.lu\/mise-en-place-de-la-resistance\/"},"modified":"2026-02-22T16:24:20","modified_gmt":"2026-02-22T15:24:20","slug":"mise-en-place-de-la-resistance","status":"publish","type":"page","link":"https:\/\/www.pierre-schon.lu\/fr\/luxembourg\/mise-en-place-de-la-resistance\/","title":{"rendered":"Mise en place de la r\u00e9sistance"},"content":{"rendered":"\n<div class=\"wp-block-group page-hero has-background is-vertical is-content-justification-center is-layout-flex wp-container-core-group-is-layout-ce155fab wp-block-group-is-layout-flex\" style=\"background-color:#00a3e0\">\n<div class=\"wp-block-group is-vertical is-layout-flex wp-container-core-group-is-layout-fe9cc265 wp-block-group-is-layout-flex\">\n<p class=\"has-ast-global-color-4-color has-text-color has-link-color wp-elements-b5be9b0022782dfb977bba45c8b0337e\"><\/p>\n\n\n\n<figure class=\"wp-block-image size-full\"><img loading=\"lazy\" decoding=\"async\" width=\"628\" height=\"877\" src=\"https:\/\/www.pierre-schon.lu\/wp-content\/uploads\/2025\/08\/Patriotic-poster.jpg\" alt=\"\" class=\"wp-image-3239\" srcset=\"https:\/\/www.pierre-schon.lu\/wp-content\/uploads\/2025\/08\/Patriotic-poster.jpg 628w, https:\/\/www.pierre-schon.lu\/wp-content\/uploads\/2025\/08\/Patriotic-poster-215x300.jpg 215w\" sizes=\"auto, (max-width: 628px) 100vw, 628px\" \/><\/figure>\n<\/div>\n<\/div>\n\n<p class=\"has-small-font-size\">Image d\u2019en-t\u00eate \u2014 Affiche patriotique de la LPL repr\u00e9sentant Grande-Duchesse Charlotte et portant le slogan \u00ab Mir w\u00eblle bleiwe wat mir sinn \u00bb (\u00ab Nous voulons rester ce que nous sommes \u00bb). \u00a9 Alex Wagner, Ettelbruck (1897\u20131973). Plus de 100 000 exemplaires ont \u00e9t\u00e9 imprim\u00e9s, dont certains ont atteint l\u2019Angleterre et les \u00c9tats-Unis. Photographe de la LPL et soutien de la R\u00e9sistance, produisant \u00e9galement des photos d\u2019identit\u00e9 utilis\u00e9es pour des faux papiers, Wagner fut d\u00e9port\u00e9 \u00e0 partir de 1942 dans les camps de concentration de Hinzert, Natzweiler-Struthof et Dachau ; son commerce fut ferm\u00e9 et son \u00e9pouse emprisonn\u00e9e pendant plusieurs mois \u00e0 la prison pour femmes du Grund. Pour plus de contexte, Will Ferigo (\u00ab GREG Band 2 \u2013 Ettelbr\u00fccker Fotografie im Widerstand, \u00bb.    <\/p>\n\n<h2 class=\"wp-block-heading has-vivid-cyan-blue-color has-text-color has-link-color has-medium-font-size wp-elements-b2d2b1b2bb71f8e743c2ecb15f261f59\">Cr\u00e9ation de la L\u00ebtzebuerger Patrioten Liga (LPL Nord)<\/h2>\n\n<p>C\u2019est dans ce contexte alarmant que plusieurs mouvements de r\u00e9sistance commenc\u00e8rent \u00e0 se former au Luxembourg fin 1940. Leur objectif principal : diffuser de la propagande anti-nazie, aider des personnes \u00e0 fuir, et saboter les op\u00e9rations allemandes. Au d\u00e9part, la r\u00e9sistance luxembourgeoise \u00e9tait fragment\u00e9e, constitu\u00e9e de plusieurs groupes clandestins agissant de mani\u00e8re ind\u00e9pendante.  <br\/><br\/>En novembre 1940, la L\u00ebtzebuerger Patrioten Liga (LPL Nord) fut cofond\u00e9e \u00e0 Clervaux par Alphonse Rodesch, un agent des douanes \u00e0 la retraite. La LPL devint l\u2019un des mouvements de r\u00e9sistance les plus importants du pays pendant la Seconde Guerre mondiale. Elle fut particuli\u00e8rement active \u00e0 Clervaux et dans les villages environnants, une r\u00e9gion strat\u00e9gique proche de la Belgique.  <\/p>\n\n<figure class=\"wp-block-image size-full is-resized\"><img loading=\"lazy\" decoding=\"async\" width=\"515\" height=\"567\" src=\"https:\/\/www.pierre-schon.lu\/wp-content\/uploads\/2025\/04\/mapofLuxembourg.png\" alt=\"\" class=\"wp-image-201\" style=\"width:388px;height:auto\" srcset=\"https:\/\/www.pierre-schon.lu\/wp-content\/uploads\/2025\/04\/mapofLuxembourg.png 515w, https:\/\/www.pierre-schon.lu\/wp-content\/uploads\/2025\/04\/mapofLuxembourg-272x300.png 272w\" sizes=\"auto, (max-width: 515px) 100vw, 515px\" \/><\/figure>\n\n<p>En tant que cofondateur de la LPL, Alphonse Rodesch joua un r\u00f4le essentiel dans l\u2019organisation des activit\u00e9s de r\u00e9sistance, la collecte de renseignements et le soutien aux r\u00e9seaux d\u2019\u00e9vasion. Avant la guerre, Rodesch \u00e9tait d\u00e9j\u00e0 engag\u00e9 dans les cercles patriotiques et culturels du Luxembourg, d\u00e9termin\u00e9 \u00e0 pr\u00e9server l\u2019identit\u00e9 nationale luxembourgeoise. L\u2019occupation ne fit que renforcer sa volont\u00e9 de s\u2019opposer \u00e0 la nazification du pays.  <\/p>\n\n<figure class=\"wp-block-image size-full is-resized\"><img loading=\"lazy\" decoding=\"async\" width=\"300\" height=\"367\" src=\"https:\/\/www.pierre-schon.lu\/wp-content\/uploads\/2025\/09\/Rodesch.jpg\" alt=\"\" class=\"wp-image-3584\" style=\"width:199px;height:auto\" srcset=\"https:\/\/www.pierre-schon.lu\/wp-content\/uploads\/2025\/09\/Rodesch.jpg 300w, https:\/\/www.pierre-schon.lu\/wp-content\/uploads\/2025\/09\/Rodesch-245x300.jpg 245w\" sizes=\"auto, (max-width: 300px) 100vw, 300px\" \/><\/figure>\n\n<p class=\"has-small-font-size\">Alphonse Rodesch \u00a9 Amicale LPL<\/p>\n\n<p class=\"has-small-font-size\"><\/p>\n\n<p>L\u2019autre cofondateur, Josy Fellens, se concentra sur la collecte de renseignements. En 1942, il obtint des informations cruciales sur les projets d\u2019annexion du Luxembourg et sur l\u2019introduction de la conscription forc\u00e9e dans l\u2019arm\u00e9e allemande.<br\/><br\/>Il transporta ces informations jusqu\u2019\u00e0 Bruxelles, o\u00f9 elles furent utilis\u00e9es pour imprimer des tracts alertant la population luxembourgeoise sur les mesures \u00e0 venir. Il participa \u00e9galement \u00e0 l\u2019exfiltration de personnes menac\u00e9es vers la Belgique. Apr\u00e8s avoir \u00e9chapp\u00e9 de justesse \u00e0 une arrestation par la Gestapo, Josy Fellens passa les deux derni\u00e8res ann\u00e9es de l\u2019occupation cach\u00e9, changeant r\u00e9guli\u00e8rement de lieu.    <\/p>\n\n<h2 class=\"wp-block-heading has-vivid-cyan-blue-color has-text-color has-link-color has-medium-font-size wp-elements-b7146715ce51ec0dec2607bbcce8d6f4\">La propagande en action<\/h2>\n\n<p>Fellens faisait fr\u00e9quemment la navette entre le Luxembourg et Bruxelles en utilisant de faux papiers. Lors de ces missions, il fournissait \u00e0 la r\u00e9sistance luxembourgeoise des tracts et bulletins clandestins imprim\u00e9s \u00e0 Bruxelles, destin\u00e9s \u00e0 remonter le moral de l\u2019opposition et \u00e0 informer la population. <br\/><br\/>D\u00e8s d\u00e9cembre 1941, la LPL publia un journal clandestin d\u2019investigation, critique et satirique appel\u00e9 De freie L\u00f6tzeburger (\u00ab Le Luxembourgeois libre \u00bb), imprim\u00e9 \u00e0 Bruxelles. En septembre 1942, il fut renomm\u00e9 De freie Letzeburger (Ons H\u00e9mecht). <br data-mce-bogus=\"1\"\/> Pour se moquer de la censure nazie, la LPL indiqua dans l\u2019ours du journal \u2014 interdit par l\u2019occupant \u2014 un \u00e9diteur fictif nomm\u00e9 D\u00e9ngens D\u00f6mmy, domicili\u00e9 \u00e0 la Prison \u00ab am Grond \u00bb, avec une impression soi-disant faite au 57, boulevard de la P\u00e9trusse, Luxembourg\u2026 soit \u00e0 la Villa Pauly, si\u00e8ge local de la Gestapo. <a href=\"http:\/\/www.ons-jongen-a-meedercher.lu\/uploads\/media\/document\/0001\/95\/02c94e38a084e2638cb8504bd94dddb08eec4a74.pdf\">En savoir plus<\/a><\/p>\n\n<figure class=\"wp-block-image size-full is-resized\"><img loading=\"lazy\" decoding=\"async\" width=\"782\" height=\"707\" src=\"https:\/\/www.pierre-schon.lu\/wp-content\/uploads\/2025\/04\/FreeLuxembourger.png\" alt=\"\" class=\"wp-image-204\" style=\"width:623px;height:auto\" srcset=\"https:\/\/www.pierre-schon.lu\/wp-content\/uploads\/2025\/04\/FreeLuxembourger.png 782w, https:\/\/www.pierre-schon.lu\/wp-content\/uploads\/2025\/04\/FreeLuxembourger-300x271.png 300w, https:\/\/www.pierre-schon.lu\/wp-content\/uploads\/2025\/04\/FreeLuxembourger-768x694.png 768w\" sizes=\"auto, (max-width: 782px) 100vw, 782px\" \/><\/figure>\n\n<h2 class=\"wp-block-heading has-vivid-cyan-blue-color has-text-color has-link-color has-medium-font-size wp-elements-d827f7bb75ee3eb79c096562da7955c0\">Pierre Schon rejoint la r\u00e9sistance<\/h2>\n\n<p>Pierre Schon rejoignit la LPL en novembre 1940, le mois m\u00eame de sa fondation. \u00c2g\u00e9 de 25 ans, il vivait dans le petit village de Doennange, \u00e0 7 km de Clervaux, et travaillait \u00e0 la ferme familiale.  Il devint chef de groupe LPL pour la ligne Rodesch (Luxembourg-Bruxelles) et agissait en tant qu\u2019officier de liaison pour le renseignement (carte de membre des services de renseignement belgo-luxembourgeois OT 0193), tout en participant activement aux op\u00e9rations de terrain. <br\/><br\/>La maison familiale servait de lieu de r\u00e9union pour la LPL et d\u2019abri pour les r\u00e9fugi\u00e9s politiques en transit, le temps de leur fournir une nouvelle identit\u00e9 et un transfert vers un endroit s\u00fbr. <\/p>\n\n<figure class=\"wp-block-image size-large is-resized\"><img loading=\"lazy\" decoding=\"async\" width=\"1024\" height=\"768\" src=\"https:\/\/www.pierre-schon.lu\/wp-content\/uploads\/2025\/07\/House-Doennange-1024x768.png\" alt=\"\" class=\"wp-image-2048\" style=\"width:555px;height:auto\" srcset=\"https:\/\/www.pierre-schon.lu\/wp-content\/uploads\/2025\/07\/House-Doennange-1024x768.png 1024w, https:\/\/www.pierre-schon.lu\/wp-content\/uploads\/2025\/07\/House-Doennange-300x225.png 300w, https:\/\/www.pierre-schon.lu\/wp-content\/uploads\/2025\/07\/House-Doennange-768x576.png 768w, https:\/\/www.pierre-schon.lu\/wp-content\/uploads\/2025\/07\/House-Doennange-1536x1152.png 1536w, https:\/\/www.pierre-schon.lu\/wp-content\/uploads\/2025\/07\/House-Doennange.png 2000w\" sizes=\"auto, (max-width: 1024px) 100vw, 1024px\" \/><\/figure>\n\n<p>Parmi les personnes cach\u00e9es chez les Schon figuraient plusieurs r\u00e9sistants de premier plan, comme Raymond Petit (fondateur de la LPL \u00e0 Echternach), Gaston Wormeringer, capitaine de Diekirch, et L\u00e9opold Betz, capitaine de Walferdange.<\/p>\n\n<p>Entour\u00e9 de for\u00eats, ce paisible village aux maisons en pierre dispers\u00e9es au milieu des champs et des fermes offrait un abri id\u00e9al et discret pour les activit\u00e9s de r\u00e9sistance. <\/p>\n\n<figure class=\"wp-block-image size-full\"><img loading=\"lazy\" decoding=\"async\" width=\"737\" height=\"248\" src=\"https:\/\/www.pierre-schon.lu\/wp-content\/uploads\/2025\/04\/Donnange.png\" alt=\"\" class=\"wp-image-205\" srcset=\"https:\/\/www.pierre-schon.lu\/wp-content\/uploads\/2025\/04\/Donnange.png 737w, https:\/\/www.pierre-schon.lu\/wp-content\/uploads\/2025\/04\/Donnange-300x101.png 300w\" sizes=\"auto, (max-width: 737px) 100vw, 737px\" \/><\/figure>\n\n<p>Cependant, les risques \u00e9taient immenses. Un r\u00e9seau d\u2019informateurs nazis et de membres de la VdB \u00e9tait actif dans toute la r\u00e9gion. Pierre Schon fut t\u00e9moin de l\u2019arrestation et de la mort de plusieurs de ses compatriotes et amis entre 1942 et le d\u00e9but de 1945. Ces pertes ne firent que renforcer sa d\u00e9termination \u00e0 lutter contre l\u2019occupant et \u00e0 sauver encore plus de personnes des griffes du r\u00e9gime nazi.  <\/p>\n\n<div class=\"wp-block-buttons is-content-justification-center is-layout-flex wp-container-core-buttons-is-layout-a89b3969 wp-block-buttons-is-layout-flex\">\n<div class=\"wp-block-button\"><a class=\"wp-block-button__link wp-element-button\" href=\"https:\/\/www.pierre-schon.lu\/fr\/luxembourg\/pierre-schon-1941-a-1943\/\">Suivant<\/a><\/div>\n<\/div>\n","protected":false},"excerpt":{"rendered":"<p>Image d\u2019en-t\u00eate \u2014 Affiche patriotique de la LPL repr\u00e9sentant Grande-Duchesse Charlotte et portant le slogan \u00ab Mir w\u00eblle bleiwe wat [&hellip;]<\/p>\n","protected":false},"author":1,"featured_media":0,"parent":4459,"menu_order":0,"comment_status":"closed","ping_status":"closed","template":"","meta":{"site-sidebar-layout":"default","site-content-layout":"","ast-site-content-layout":"","site-content-style":"default","site-sidebar-style":"default","ast-global-header-display":"","ast-banner-title-visibility":"","ast-main-header-display":"","ast-hfb-above-header-display":"","ast-hfb-below-header-display":"","ast-hfb-mobile-header-display":"","site-post-title":"","ast-breadcrumbs-content":"","ast-featured-img":"","footer-sml-layout":"","ast-disable-related-posts":"","theme-transparent-header-meta":"","adv-header-id-meta":"","stick-header-meta":"","header-above-stick-meta":"","header-main-stick-meta":"","header-below-stick-meta":"","astra-migrate-meta-layouts":"default","ast-page-background-enabled":"default","ast-page-background-meta":{"desktop":{"background-color":"var(--ast-global-color-5)","background-image":"","background-repeat":"repeat","background-position":"center center","background-size":"auto","background-attachment":"scroll","background-type":"","background-media":"","overlay-type":"","overlay-color":"","overlay-opacity":"","overlay-gradient":""},"tablet":{"background-color":"","background-image":"","background-repeat":"repeat","background-position":"center center","background-size":"auto","background-attachment":"scroll","background-type":"","background-media":"","overlay-type":"","overlay-color":"","overlay-opacity":"","overlay-gradient":""},"mobile":{"background-color":"","background-image":"","background-repeat":"repeat","background-position":"center center","background-size":"auto","background-attachment":"scroll","background-type":"","background-media":"","overlay-type":"","overlay-color":"","overlay-opacity":"","overlay-gradient":""}},"ast-content-background-meta":{"desktop":{"background-color":"var(--ast-global-color-4)","background-image":"","background-repeat":"repeat","background-position":"center center","background-size":"auto","background-attachment":"scroll","background-type":"","background-media":"","overlay-type":"","overlay-color":"","overlay-opacity":"","overlay-gradient":""},"tablet":{"background-color":"var(--ast-global-color-4)","background-image":"","background-repeat":"repeat","background-position":"center center","background-size":"auto","background-attachment":"scroll","background-type":"","background-media":"","overlay-type":"","overlay-color":"","overlay-opacity":"","overlay-gradient":""},"mobile":{"background-color":"var(--ast-global-color-4)","background-image":"","background-repeat":"repeat","background-position":"center center","background-size":"auto","background-attachment":"scroll","background-type":"","background-media":"","overlay-type":"","overlay-color":"","overlay-opacity":"","overlay-gradient":""}},"footnotes":""},"class_list":["post-2787","page","type-page","status-publish","hentry"],"_links":{"self":[{"href":"https:\/\/www.pierre-schon.lu\/fr\/wp-json\/wp\/v2\/pages\/2787","targetHints":{"allow":["GET"]}}],"collection":[{"href":"https:\/\/www.pierre-schon.lu\/fr\/wp-json\/wp\/v2\/pages"}],"about":[{"href":"https:\/\/www.pierre-schon.lu\/fr\/wp-json\/wp\/v2\/types\/page"}],"author":[{"embeddable":true,"href":"https:\/\/www.pierre-schon.lu\/fr\/wp-json\/wp\/v2\/users\/1"}],"replies":[{"embeddable":true,"href":"https:\/\/www.pierre-schon.lu\/fr\/wp-json\/wp\/v2\/comments?post=2787"}],"version-history":[{"count":11,"href":"https:\/\/www.pierre-schon.lu\/fr\/wp-json\/wp\/v2\/pages\/2787\/revisions"}],"predecessor-version":[{"id":4618,"href":"https:\/\/www.pierre-schon.lu\/fr\/wp-json\/wp\/v2\/pages\/2787\/revisions\/4618"}],"up":[{"embeddable":true,"href":"https:\/\/www.pierre-schon.lu\/fr\/wp-json\/wp\/v2\/pages\/4459"}],"wp:attachment":[{"href":"https:\/\/www.pierre-schon.lu\/fr\/wp-json\/wp\/v2\/media?parent=2787"}],"curies":[{"name":"wp","href":"https:\/\/api.w.org\/{rel}","templated":true}]}}