{"id":2765,"date":"2025-04-07T12:52:37","date_gmt":"2025-04-07T10:52:37","guid":{"rendered":"https:\/\/www.pierre-schon.lu\/linvasion-allemande\/"},"modified":"2025-11-24T16:21:09","modified_gmt":"2025-11-24T15:21:09","slug":"linvasion-allemande","status":"publish","type":"page","link":"https:\/\/www.pierre-schon.lu\/fr\/luxembourg\/linvasion-allemande\/","title":{"rendered":"L&rsquo;invasion allemande"},"content":{"rendered":"\n<div class=\"wp-block-group page-hero has-background is-vertical is-layout-flex wp-container-core-group-is-layout-fe9cc265 wp-block-group-is-layout-flex\" style=\"background-color:#00a3e0\">\n<div class=\"wp-block-group is-vertical is-layout-flex wp-container-core-group-is-layout-fe9cc265 wp-block-group-is-layout-flex\">\n<figure class=\"wp-block-image size-full hero-image\"><img loading=\"lazy\" decoding=\"async\" width=\"2560\" height=\"1853\" src=\"https:\/\/www.pierre-schon.lu\/wp-content\/uploads\/2025\/04\/INCONNU_1940_0005_4060_PM-scaled.jpg\" alt=\"\" class=\"wp-image-136\" style=\"object-fit:cover\" srcset=\"https:\/\/www.pierre-schon.lu\/wp-content\/uploads\/2025\/04\/INCONNU_1940_0005_4060_PM-scaled.jpg 2560w, https:\/\/www.pierre-schon.lu\/wp-content\/uploads\/2025\/04\/INCONNU_1940_0005_4060_PM-300x217.jpg 300w, https:\/\/www.pierre-schon.lu\/wp-content\/uploads\/2025\/04\/INCONNU_1940_0005_4060_PM-1024x741.jpg 1024w, https:\/\/www.pierre-schon.lu\/wp-content\/uploads\/2025\/04\/INCONNU_1940_0005_4060_PM-768x556.jpg 768w, https:\/\/www.pierre-schon.lu\/wp-content\/uploads\/2025\/04\/INCONNU_1940_0005_4060_PM-1536x1112.jpg 1536w, https:\/\/www.pierre-schon.lu\/wp-content\/uploads\/2025\/04\/INCONNU_1940_0005_4060_PM-2048x1482.jpg 2048w\" sizes=\"auto, (max-width: 2560px) 100vw, 2560px\" \/><\/figure>\n\n\n\n<p class=\"has-ast-global-color-4-color has-text-color has-link-color wp-elements-b5be9b0022782dfb977bba45c8b0337e\"><\/p>\n<\/div>\n<\/div>\n\n<p class=\"has-ast-global-color-2-color has-text-color has-link-color has-small-font-size wp-elements-6a3ccb435e686e6bf52f0738fbbee947\">Photo d\u2019en-t\u00eate : Des v\u00e9hicules militaires allemands traversent la ville de Luxembourg le 10 mai 1940. \u00a9 Phototh\u00e8que de la Ville de Luxembourg. Auteur inconnu.  <\/p>\n\n<h2 class=\"wp-block-heading has-vivid-cyan-blue-color has-text-color has-link-color has-medium-font-size wp-elements-07d27e9b4e024328b02afa1d1b34ceff\">Le calme avant la temp\u00eate<\/h2>\n\n<p>Pierre Schon est n\u00e9 le 8 avril 1915 dans la ferme familiale du petit village de Doennange, dans le nord du Luxembourg, au c\u0153ur des Ardennes luxembourgeoises.<br\/><br\/>Issu d\u2019une famille d\u2019agriculteurs remontant \u00e0 <a href=\"https:\/\/www.pierre-schon.lu\/wp-content\/uploads\/2025\/07\/FamilyTreeSchon.pdf\">dix g\u00e9n\u00e9rations<\/a>, son p\u00e8re Jean Schon (1875) et sa m\u00e8re Catherine Dengler (1868) eurent sept enfants. Trois s\u0153urs a\u00een\u00e9es : Marguerite, Rosalie et Anne-Marie ; un fr\u00e8re a\u00een\u00e9 : Nic ; Pierre, puis deux fr\u00e8res plus jeunes : Mich et Franz. Deux des enfants moururent en bas \u00e2ge : Anne-Marie \u00e0 6 ans et Franz \u00e0 11 ans.      <\/p>\n\n<figure class=\"wp-block-image size-large is-resized\"><img loading=\"lazy\" decoding=\"async\" width=\"1024\" height=\"768\" src=\"https:\/\/www.pierre-schon.lu\/wp-content\/uploads\/2025\/06\/Pierrebrothers-1024x768.jpg\" alt=\"\" class=\"wp-image-1784\" style=\"width:559px;height:auto\" srcset=\"https:\/\/www.pierre-schon.lu\/wp-content\/uploads\/2025\/06\/Pierrebrothers-1024x768.jpg 1024w, https:\/\/www.pierre-schon.lu\/wp-content\/uploads\/2025\/06\/Pierrebrothers-300x225.jpg 300w, https:\/\/www.pierre-schon.lu\/wp-content\/uploads\/2025\/06\/Pierrebrothers-768x576.jpg 768w, https:\/\/www.pierre-schon.lu\/wp-content\/uploads\/2025\/06\/Pierrebrothers-1536x1152.jpg 1536w, https:\/\/www.pierre-schon.lu\/wp-content\/uploads\/2025\/06\/Pierrebrothers.jpg 2000w\" sizes=\"auto, (max-width: 1024px) 100vw, 1024px\" \/><\/figure>\n\n<p class=\"has-small-font-size\">Photo : Pierre (deuxi\u00e8me \u00e0 gauche) avec son fr\u00e8re a\u00een\u00e9 Nic et son fr\u00e8re cadet Mich, en tenue du dimanche. Doennage, 1939. <\/p>\n\n<p>Les conditions de travail \u00e9taient rudes, la plupart des t\u00e2ches se faisant \u00e0 la main ou \u00e0 l\u2019aide de chevaux et de b\u0153ufs. La rotation des cultures et l\u2019agriculture mixte \u00e9taient courantes : les familles cultivaient pommes de terre, seigle, avoine et orge, tout en \u00e9levant vaches, porcs et poules pour la subsistance. Le travail se faisait en famille : les hommes s\u2019occupaient du labour et des travaux lourds, les femmes de la production laiti\u00e8re, du jardinage et des t\u00e2ches m\u00e9nag\u00e8res. Les enfants aidaient d\u00e8s leur plus jeune \u00e2ge, jonglant entre \u00e9cole et devoirs \u00e0 la ferme. Mais la vie familiale \u00e9tait soud\u00e9e, port\u00e9e par un esprit communautaire fort.    <br\/><\/p>\n\n<figure class=\"wp-block-image size-large\"><img loading=\"lazy\" decoding=\"async\" width=\"1024\" height=\"572\" src=\"https:\/\/www.pierre-schon.lu\/wp-content\/uploads\/2025\/06\/familySchon1939-1024x572.jpg\" alt=\"\" class=\"wp-image-1788\" srcset=\"https:\/\/www.pierre-schon.lu\/wp-content\/uploads\/2025\/06\/familySchon1939-1024x572.jpg 1024w, https:\/\/www.pierre-schon.lu\/wp-content\/uploads\/2025\/06\/familySchon1939-300x168.jpg 300w, https:\/\/www.pierre-schon.lu\/wp-content\/uploads\/2025\/06\/familySchon1939-768x429.jpg 768w, https:\/\/www.pierre-schon.lu\/wp-content\/uploads\/2025\/06\/familySchon1939-1536x858.jpg 1536w, https:\/\/www.pierre-schon.lu\/wp-content\/uploads\/2025\/06\/familySchon1939-2048x1145.jpg 2048w\" sizes=\"auto, (max-width: 1024px) 100vw, 1024px\" \/><\/figure>\n\n<p class=\"has-small-font-size\">Photo de famille, 1er d\u00e9cembre 1939 : mariage de Nic, fr\u00e8re a\u00een\u00e9 de Pierre, avec Albertine Erdel. Pierre Schon, deuxi\u00e8me rang, deuxi\u00e8me depuis la gauche.  <\/p>\n\n<p>En mai 1940, cette existence tranquille allait \u00eatre boulevers\u00e9e, alors que les quelque 300 000 habitants du Luxembourg entraient dans la p\u00e9riode la plus sombre de l\u2019histoire du pays. <\/p>\n\n<p class=\"has-vivid-cyan-blue-color has-text-color has-link-color has-medium-font-size wp-elements-c0a9106edfabebe01c0ed02e7103c4a3\"><strong>Une visite ind\u00e9sirable<\/strong><\/p>\n\n<p>T\u00f4t le matin du 10 mai 1940, les chars allemands franchirent la fronti\u00e8re luxembourgeoise. \u00c0 la fin de la journ\u00e9e, la majeure partie du pays \u00e9tait sous occupation nazie.<br\/><br\/>L\u2019invasion nazie du Luxembourg faisait partie d\u2019une op\u00e9ration militaire plus vaste connue sous le nom de \u00ab Campagne de l\u2019Ouest \u00bb. Les Allemands consid\u00e9raient le Luxembourg comme un point de passage strat\u00e9gique pour contourner la ligne Maginot, le principal dispositif d\u00e9fensif fran\u00e7ais face \u00e0 une attaque de l\u2019Est. <br\/><br\/>Ce m\u00eame jour, le 10 mai, l\u2019Allemagne lan\u00e7a \u00e9galement l\u2019invasion de la Belgique et des Pays-Bas, en utilisant la tactique du Blitzkrieg (\u00ab guerre \u00e9clair \u00bb), reposant sur des mouvements rapides de chars, d\u2019infanterie et de soutien a\u00e9rien pour submerger l\u2019ennemi avant qu\u2019il ne puisse r\u00e9agir efficacement. La reddition n\u00e9erlandaise survint apr\u00e8s le bombardement de Rotterdam et d\u2019autres villes, laissant le pays d\u00e9vast\u00e9. Les Pays-Bas furent enti\u00e8rement occup\u00e9s par les Allemands le 15 mai 1940. L\u2019arm\u00e9e belge opposa une r\u00e9sistance acharn\u00e9e, mais finit par capituler le 28 mai 1940.   <\/p>\n\n<figure class=\"wp-block-image size-full is-resized\"><img loading=\"lazy\" decoding=\"async\" width=\"747\" height=\"512\" src=\"https:\/\/www.pierre-schon.lu\/wp-content\/uploads\/2025\/04\/SmalltankBelgianborder.png\" alt=\"\" class=\"wp-image-160\" style=\"width:697px;height:auto\" srcset=\"https:\/\/www.pierre-schon.lu\/wp-content\/uploads\/2025\/04\/SmalltankBelgianborder.png 747w, https:\/\/www.pierre-schon.lu\/wp-content\/uploads\/2025\/04\/SmalltankBelgianborder-300x206.png 300w\" sizes=\"auto, (max-width: 747px) 100vw, 747px\" \/><\/figure>\n\n<p class=\"has-small-font-size\">Photo \u00a9 ANLux FD005-01-099 : Un petit char allemand approche la fronti\u00e8re belge <\/p>\n\n<p>Pendant ce temps, les Allemands poursuivaient leur offensive en direction de la France. Leur progression \u00e0 travers la Belgique et les Ardennes prit de court les arm\u00e9es fran\u00e7aise et britannique. L\u2019arm\u00e9e fran\u00e7aise, trop d\u00e9pendante de la ligne Maginot, \u00e9tait dispers\u00e9e et incapable d\u2019organiser une d\u00e9fense coh\u00e9rente.  <br\/><br\/>La perc\u00e9e allemande for\u00e7a les troupes britanniques et fran\u00e7aises \u00e0 battre en retraite. <a href=\"https:\/\/fr.wikipedia.org\/wiki\/%C3%89vacuation_de_Dunkerque\">L\u2019\u00e9vacuation de Dunkerque<\/a> (du 26 mai au 4 juin 1940) fut un moment cl\u00e9 de la guerre, durant lequel plus de 338 000 soldats britanniques et fran\u00e7ais furent \u00e9vacu\u00e9s des plages vers la Grande-Bretagne, souvent \u00e0 bord de petits bateaux civils, marquant une d\u00e9faite importante mais temporaire pour les Alli\u00e9s.<\/p>\n\n<p class=\"has-small-font-size\">\u00c9vacuation de Dunkerque. Photo : Charles Ernest Cundall (domaine public) <\/p>\n\n<figure class=\"wp-block-image size-full is-resized\"><img loading=\"lazy\" decoding=\"async\" width=\"823\" height=\"442\" src=\"https:\/\/www.pierre-schon.lu\/wp-content\/uploads\/2025\/04\/Evacation-of-Dunkirk.png\" alt=\"\" class=\"wp-image-158\" style=\"width:724px;height:auto\" srcset=\"https:\/\/www.pierre-schon.lu\/wp-content\/uploads\/2025\/04\/Evacation-of-Dunkirk.png 823w, https:\/\/www.pierre-schon.lu\/wp-content\/uploads\/2025\/04\/Evacation-of-Dunkirk-300x161.png 300w, https:\/\/www.pierre-schon.lu\/wp-content\/uploads\/2025\/04\/Evacation-of-Dunkirk-768x412.png 768w\" sizes=\"auto, (max-width: 823px) 100vw, 823px\" \/><\/figure>\n\n<p>Le gouvernement fran\u00e7ais signa officiellement l\u2019armistice le 22 juin 1940. La France fut alors divis\u00e9e en deux zones : une zone occup\u00e9e au nord et une zone libre sous contr\u00f4le du r\u00e9gime de Vichy au sud. <\/p>\n\n<p>En seulement six semaines, la majeure partie de l\u2019Europe de l\u2019Ouest tomba sous contr\u00f4le nazi \u2014 une dictature totalitaire marqu\u00e9e par un nationalisme agressif, le militarisme et une id\u00e9ologie raciale extr\u00eame. La rapidit\u00e9 de l\u2019occupation choqua l\u2019opinion publique, mais la stupeur initiale fit rapidement place \u00e0 l\u2019indignation. Dans les pays alli\u00e9s, les mouvements de r\u00e9sistance commenc\u00e8rent \u00e0 se former et rest\u00e8rent actifs tout au long du conflit, poursuivant la lutte pour la libert\u00e9 pendant quatre ann\u00e9es et demie.  <\/p>\n\n<figure class=\"wp-block-image size-full is-resized\"><img loading=\"lazy\" decoding=\"async\" width=\"801\" height=\"580\" src=\"https:\/\/www.pierre-schon.lu\/wp-content\/uploads\/2025\/04\/GermantroopsLuxcity-1.png\" alt=\"\" class=\"wp-image-171\" style=\"width:721px;height:auto\" srcset=\"https:\/\/www.pierre-schon.lu\/wp-content\/uploads\/2025\/04\/GermantroopsLuxcity-1.png 801w, https:\/\/www.pierre-schon.lu\/wp-content\/uploads\/2025\/04\/GermantroopsLuxcity-1-300x217.png 300w, https:\/\/www.pierre-schon.lu\/wp-content\/uploads\/2025\/04\/GermantroopsLuxcity-1-768x556.png 768w\" sizes=\"auto, (max-width: 801px) 100vw, 801px\" \/><\/figure>\n\n<p class=\"has-small-font-size\">Photo \u00a9 ANLux FD005-01-104 : Troupes allemandes marchant dans Luxembourg l\u2019apr\u00e8s-midi du 10 mai 1940. <\/p>\n\n<h2 class=\"wp-block-heading has-vivid-cyan-blue-color has-text-color has-link-color has-medium-font-size wp-elements-10a96c0f4d052944aa5a41dcb9b83401\">Galerie<\/h2>\n\n<figure class=\"wp-block-gallery has-nested-images columns-default is-cropped wp-block-gallery-1 is-layout-flex wp-block-gallery-is-layout-flex\">\n<figure class=\"wp-block-image size-large\"><img loading=\"lazy\" decoding=\"async\" width=\"962\" height=\"653\" data-id=\"410\" src=\"https:\/\/www.pierre-schon.lu\/wp-content\/uploads\/2025\/05\/FlakkononaWasserbillig-1.png\" alt=\"\" class=\"wp-image-410\" srcset=\"https:\/\/www.pierre-schon.lu\/wp-content\/uploads\/2025\/05\/FlakkononaWasserbillig-1.png 962w, https:\/\/www.pierre-schon.lu\/wp-content\/uploads\/2025\/05\/FlakkononaWasserbillig-1-300x204.png 300w, https:\/\/www.pierre-schon.lu\/wp-content\/uploads\/2025\/05\/FlakkononaWasserbillig-1-768x521.png 768w\" sizes=\"auto, (max-width: 962px) 100vw, 962px\" \/><\/figure>\n\n\n\n<figure class=\"wp-block-image size-large\"><img loading=\"lazy\" decoding=\"async\" width=\"980\" height=\"662\" data-id=\"413\" src=\"https:\/\/www.pierre-schon.lu\/wp-content\/uploads\/2025\/05\/GermantanksBelgium.png\" alt=\"\" class=\"wp-image-413\" srcset=\"https:\/\/www.pierre-schon.lu\/wp-content\/uploads\/2025\/05\/GermantanksBelgium.png 980w, https:\/\/www.pierre-schon.lu\/wp-content\/uploads\/2025\/05\/GermantanksBelgium-300x203.png 300w, https:\/\/www.pierre-schon.lu\/wp-content\/uploads\/2025\/05\/GermantanksBelgium-768x519.png 768w\" sizes=\"auto, (max-width: 980px) 100vw, 980px\" \/><\/figure>\n<\/figure>\n\n<p class=\"has-small-font-size\">Photo en haut \u00e0 gauche : Les Allemands franchissent la fronti\u00e8re \u00e0 Wasserbillig le 10 mai 1940, avec un canon antia\u00e9rien de 8,8 cm. Photo \u00a9 ANLux FD 005-01-101<br\/>\u00c0 droite : Des chars allemands traversant la Belgique en mai 1940. Photo Bundesarchiv 101I-127-0396-13A<br\/><br\/>   <\/p>\n\n<div class=\"wp-block-buttons is-content-justification-center is-layout-flex wp-container-core-buttons-is-layout-a89b3969 wp-block-buttons-is-layout-flex\">\n<div class=\"wp-block-button\"><a class=\"wp-block-button__link wp-element-button\" href=\"https:\/\/www.pierre-schon.lu\/fr\/luxembourg\/debut-de-loccupation-allemande\/\">Suivant<\/a><\/div>\n<\/div>\n\n<p><\/p>\n","protected":false},"excerpt":{"rendered":"<p>Photo d\u2019en-t\u00eate : Des v\u00e9hicules militaires allemands traversent la ville de Luxembourg le 10 mai 1940. \u00a9 Phototh\u00e8que de la [&hellip;]<\/p>\n","protected":false},"author":1,"featured_media":0,"parent":4459,"menu_order":0,"comment_status":"closed","ping_status":"closed","template":"","meta":{"site-sidebar-layout":"default","site-content-layout":"","ast-site-content-layout":"","site-content-style":"default","site-sidebar-style":"default","ast-global-header-display":"","ast-banner-title-visibility":"","ast-main-header-display":"","ast-hfb-above-header-display":"","ast-hfb-below-header-display":"","ast-hfb-mobile-header-display":"","site-post-title":"","ast-breadcrumbs-content":"","ast-featured-img":"","footer-sml-layout":"","ast-disable-related-posts":"","theme-transparent-header-meta":"","adv-header-id-meta":"","stick-header-meta":"","header-above-stick-meta":"","header-main-stick-meta":"","header-below-stick-meta":"","astra-migrate-meta-layouts":"default","ast-page-background-enabled":"default","ast-page-background-meta":{"desktop":{"background-color":"var(--ast-global-color-5)","background-image":"","background-repeat":"repeat","background-position":"center center","background-size":"auto","background-attachment":"scroll","background-type":"","background-media":"","overlay-type":"","overlay-color":"","overlay-opacity":"","overlay-gradient":""},"tablet":{"background-color":"","background-image":"","background-repeat":"repeat","background-position":"center center","background-size":"auto","background-attachment":"scroll","background-type":"","background-media":"","overlay-type":"","overlay-color":"","overlay-opacity":"","overlay-gradient":""},"mobile":{"background-color":"","background-image":"","background-repeat":"repeat","background-position":"center center","background-size":"auto","background-attachment":"scroll","background-type":"","background-media":"","overlay-type":"","overlay-color":"","overlay-opacity":"","overlay-gradient":""}},"ast-content-background-meta":{"desktop":{"background-color":"var(--ast-global-color-4)","background-image":"","background-repeat":"repeat","background-position":"center center","background-size":"auto","background-attachment":"scroll","background-type":"","background-media":"","overlay-type":"","overlay-color":"","overlay-opacity":"","overlay-gradient":""},"tablet":{"background-color":"var(--ast-global-color-4)","background-image":"","background-repeat":"repeat","background-position":"center center","background-size":"auto","background-attachment":"scroll","background-type":"","background-media":"","overlay-type":"","overlay-color":"","overlay-opacity":"","overlay-gradient":""},"mobile":{"background-color":"var(--ast-global-color-4)","background-image":"","background-repeat":"repeat","background-position":"center center","background-size":"auto","background-attachment":"scroll","background-type":"","background-media":"","overlay-type":"","overlay-color":"","overlay-opacity":"","overlay-gradient":""}},"footnotes":""},"class_list":["post-2765","page","type-page","status-publish","hentry"],"_links":{"self":[{"href":"https:\/\/www.pierre-schon.lu\/fr\/wp-json\/wp\/v2\/pages\/2765","targetHints":{"allow":["GET"]}}],"collection":[{"href":"https:\/\/www.pierre-schon.lu\/fr\/wp-json\/wp\/v2\/pages"}],"about":[{"href":"https:\/\/www.pierre-schon.lu\/fr\/wp-json\/wp\/v2\/types\/page"}],"author":[{"embeddable":true,"href":"https:\/\/www.pierre-schon.lu\/fr\/wp-json\/wp\/v2\/users\/1"}],"replies":[{"embeddable":true,"href":"https:\/\/www.pierre-schon.lu\/fr\/wp-json\/wp\/v2\/comments?post=2765"}],"version-history":[{"count":40,"href":"https:\/\/www.pierre-schon.lu\/fr\/wp-json\/wp\/v2\/pages\/2765\/revisions"}],"predecessor-version":[{"id":4460,"href":"https:\/\/www.pierre-schon.lu\/fr\/wp-json\/wp\/v2\/pages\/2765\/revisions\/4460"}],"up":[{"embeddable":true,"href":"https:\/\/www.pierre-schon.lu\/fr\/wp-json\/wp\/v2\/pages\/4459"}],"wp:attachment":[{"href":"https:\/\/www.pierre-schon.lu\/fr\/wp-json\/wp\/v2\/media?parent=2765"}],"curies":[{"name":"wp","href":"https:\/\/api.w.org\/{rel}","templated":true}]}}