{"id":2763,"date":"2025-04-07T12:52:57","date_gmt":"2025-04-07T10:52:57","guid":{"rendered":"https:\/\/www.pierre-schon.lu\/debut-de-loccupation-allemande\/"},"modified":"2025-11-25T16:09:29","modified_gmt":"2025-11-25T15:09:29","slug":"debut-de-loccupation-allemande","status":"publish","type":"page","link":"https:\/\/www.pierre-schon.lu\/fr\/luxembourg\/debut-de-loccupation-allemande\/","title":{"rendered":"D\u00e9but de l\u2019occupation allemande"},"content":{"rendered":"\n<div class=\"wp-block-group page-hero has-background is-vertical is-layout-flex wp-container-core-group-is-layout-fe9cc265 wp-block-group-is-layout-flex\" style=\"background-color:#00a3e0\">\n<div class=\"wp-block-group is-vertical is-layout-flex wp-container-core-group-is-layout-fe9cc265 wp-block-group-is-layout-flex\">\n<figure class=\"wp-block-image size-full hero-image\"><img loading=\"lazy\" decoding=\"async\" width=\"2560\" height=\"1871\" src=\"https:\/\/www.pierre-schon.lu\/wp-content\/uploads\/2025\/04\/INCONNU_1940-45_0004_4834_PM-scaled.jpg\" alt=\"\" class=\"wp-image-187\" style=\"object-fit:cover\" srcset=\"https:\/\/www.pierre-schon.lu\/wp-content\/uploads\/2025\/04\/INCONNU_1940-45_0004_4834_PM-scaled.jpg 2560w, https:\/\/www.pierre-schon.lu\/wp-content\/uploads\/2025\/04\/INCONNU_1940-45_0004_4834_PM-300x219.jpg 300w, https:\/\/www.pierre-schon.lu\/wp-content\/uploads\/2025\/04\/INCONNU_1940-45_0004_4834_PM-1024x748.jpg 1024w, https:\/\/www.pierre-schon.lu\/wp-content\/uploads\/2025\/04\/INCONNU_1940-45_0004_4834_PM-768x561.jpg 768w, https:\/\/www.pierre-schon.lu\/wp-content\/uploads\/2025\/04\/INCONNU_1940-45_0004_4834_PM-1536x1122.jpg 1536w, https:\/\/www.pierre-schon.lu\/wp-content\/uploads\/2025\/04\/INCONNU_1940-45_0004_4834_PM-2048x1496.jpg 2048w\" sizes=\"auto, (max-width: 2560px) 100vw, 2560px\" \/><\/figure>\n\n\n\n<p class=\"has-ast-global-color-4-color has-text-color has-link-color wp-elements-b5be9b0022782dfb977bba45c8b0337e\"><\/p>\n<\/div>\n<\/div>\n\n<p class=\"has-small-font-size\">Photo d&rsquo;en-t\u00eate Des drapeaux nazis ornent la place Guillaume, l&rsquo;une des principales places de la ville de Luxembourg. \u00a9 Phototh\u00e8que de la ville de Luxembourg. Auteur inconnu  <\/p>\n\n<p style=\"margin-top:var(--wp--preset--spacing--70);margin-bottom:0rem\"><a href=\"https:\/\/luxembourg.public.lu\/fr\/societe-et-culture\/histoire\/deuxieme-guerre-mondiale.html\">La Grande-Duchesse Charlotte et le gouvernement luxembourgeois<\/a>, pr\u00e9venus le jour de l\u2019invasion, quittent le pays. Leur parcours les m\u00e8ne d\u2019abord au Portugal, puis au Canada. Enfin, la famille grand-ducale et le gouvernement en exil s&rsquo;installent \u00e0 Londres pour encourager la r\u00e9sistance luxembourgeoise et collaborer avec les gouvernements alli\u00e9s.<br\/><br\/>Le 13 juillet 1940, le <a href=\"https:\/\/fr.wikipedia.org\/wiki\/Volksdeutsche_Bewegung\">Volksdeutsche Bewegung (VdB)<\/a> est fond\u00e9 \u00e0 Luxembourg-Ville. Son objectif principal \u00e9tait de pousser la population \u00e0 adopter une position favorable \u00e0 l&rsquo;Allemagne par le biais de la propagande, en utilisant l&rsquo;expression \u00ab Heim ins Reich \u00bb.<br\/><\/p>\n\n<p><a href=\"https:\/\/alchetron.com\/Volksdeutsche-Bewegung\">Carte de membre du VdB<\/a><\/p>\n\n<figure class=\"wp-block-image size-full is-resized\"><img loading=\"lazy\" decoding=\"async\" width=\"531\" height=\"412\" src=\"https:\/\/www.pierre-schon.lu\/wp-content\/uploads\/2025\/04\/VdBcard.png\" alt=\"\" class=\"wp-image-190\" style=\"width:408px;height:auto\" srcset=\"https:\/\/www.pierre-schon.lu\/wp-content\/uploads\/2025\/04\/VdBcard.png 531w, https:\/\/www.pierre-schon.lu\/wp-content\/uploads\/2025\/04\/VdBcard-300x233.png 300w\" sizes=\"auto, (max-width: 531px) 100vw, 531px\" \/><\/figure>\n\n<p>\u00c0 son apog\u00e9e, le VdB comptait 84 000 membres, soit pr\u00e8s de 30 % de la population. Toutefois, tous les fonctionnaires, policiers, enseignants, la magistrature etc., \u00e9taient contraints d\u2019y adh\u00e9rer sous peine de perdre leur emploi \u2013 ce qui signifiait ne plus pouvoir subvenir aux besoins de leur famille. La plupart d&rsquo;entre eux \u00e9taient des membres tr\u00e8s passifs et n&rsquo;envisageaient pas de d\u00e9noncer les juifs ou les membres de la r\u00e9sistance.   <br\/><br\/>Les nazis consid\u00e9raient le peuple luxembourgeois comme un simple groupe ethnique germanique et le Grand-Duch\u00e9 comme un territoire allemand.<br\/><br\/>Une vaste campagne de propagande pour la germanisation fut lanc\u00e9e. Ceux qui s\u2019opposaient ouvertement au r\u00e9gime perdaient leur emploi ou \u00e9taient d\u00e9port\u00e9s, principalement vers l\u2019est de l\u2019Allemagne, et dans les cas les plus tragiques, envoy\u00e9s dans des camps de la mort. \u00c0 partir du 6 ao\u00fbt 1940, l\u2019allemand devint la seule langue officielle et l\u2019usage du fran\u00e7ais fut interdit.  <\/p>\n\n<p>\u00c0 la fin juillet 1940, l\u2019administration militaire fut remplac\u00e9e par une administration civile plac\u00e9e sous l\u2019autorit\u00e9 du Gauleiter Gustav Simon, du Gau voisin de Coblence-Tr\u00e8ves. Gustav Simon dirigea le Luxembourg d\u2019une main de fer. <\/p>\n\n<figure class=\"wp-block-image size-full is-resized\"><img loading=\"lazy\" decoding=\"async\" width=\"351\" height=\"500\" src=\"https:\/\/www.pierre-schon.lu\/wp-content\/uploads\/2025\/11\/Gustav-Simon.jpg\" alt=\"\" class=\"wp-image-4070\" style=\"width:309px;height:auto\" srcset=\"https:\/\/www.pierre-schon.lu\/wp-content\/uploads\/2025\/11\/Gustav-Simon.jpg 351w, https:\/\/www.pierre-schon.lu\/wp-content\/uploads\/2025\/11\/Gustav-Simon-211x300.jpg 211w\" sizes=\"auto, (max-width: 351px) 100vw, 351px\" \/><\/figure>\n\n<p>La Gestapo (Geheime Staatspolizei, ou police secr\u00e8te d\u2019\u00c9tat) arriva au Luxembourg peu apr\u00e8s l\u2019invasion et devint rapidement un instrument redout\u00e9 de la r\u00e9pression nazie. Son r\u00f4le consistait \u00e0 \u00e9liminer la r\u00e9sistance, faire respecter la domination allemande, et terroriser la population locale afin de la soumettre. <br\/><br\/>La Gestapo installa son quartier g\u00e9n\u00e9ral dans la Villa Pauly, un manoir \u00e0 Luxembourg-Ville devenu synonyme de torture, d\u2019interrogatoires et d\u2019ex\u00e9cutions. Des bureaux r\u00e9gionaux furent \u00e9galement \u00e9tablis \u00e0 la Villa Seligmann \u00e0 Esch-sur-Alzette (au sud) et \u00e0 la Villa Conter \u00e0 Diekirch (au nord). <\/p>\n\n<figure class=\"wp-block-image size-large is-resized\"><img loading=\"lazy\" decoding=\"async\" width=\"721\" height=\"1024\" src=\"https:\/\/www.pierre-schon.lu\/wp-content\/uploads\/2025\/04\/KRIER-Tony-1944_5_4557_PM-721x1024.jpg\" alt=\"\" class=\"wp-image-194\" style=\"width:460px;height:auto\" srcset=\"https:\/\/www.pierre-schon.lu\/wp-content\/uploads\/2025\/04\/KRIER-Tony-1944_5_4557_PM-721x1024.jpg 721w, https:\/\/www.pierre-schon.lu\/wp-content\/uploads\/2025\/04\/KRIER-Tony-1944_5_4557_PM-211x300.jpg 211w, https:\/\/www.pierre-schon.lu\/wp-content\/uploads\/2025\/04\/KRIER-Tony-1944_5_4557_PM-768x1091.jpg 768w, https:\/\/www.pierre-schon.lu\/wp-content\/uploads\/2025\/04\/KRIER-Tony-1944_5_4557_PM-1081x1536.jpg 1081w, https:\/\/www.pierre-schon.lu\/wp-content\/uploads\/2025\/04\/KRIER-Tony-1944_5_4557_PM-1441x2048.jpg 1441w, https:\/\/www.pierre-schon.lu\/wp-content\/uploads\/2025\/04\/KRIER-Tony-1944_5_4557_PM-scaled.jpg 1802w\" sizes=\"auto, (max-width: 721px) 100vw, 721px\" \/><\/figure>\n\n<p class=\"has-small-font-size\">Quartier g\u00e9n\u00e9ral de la Gestapo \u2013 Villa Pauly. \u00a9 Phototh\u00e8que de la ville de Luxembourg. Auteur : Tony Krier  <\/p>\n\n<p>Leurs premi\u00e8res cibles furent les dissidents politiques, anciens membres du gouvernement et journalistes oppos\u00e9s au r\u00e9gime nazi. La Gestapo coop\u00e9ra \u00e9galement avec la Volksdeutsche Bewegung (VdB) pour identifier les \u00ab Allemands loyaux \u00bb et pers\u00e9cuter ceux qui r\u00e9sistaient \u00e0 la germanisation. <\/p>\n\n<figure class=\"wp-block-image size-large is-resized\"><img loading=\"lazy\" decoding=\"async\" width=\"1024\" height=\"629\" src=\"https:\/\/www.pierre-schon.lu\/wp-content\/uploads\/2025\/04\/INCONNU_1940-45_0004_4838_PM-1024x629.jpg\" alt=\"\" class=\"wp-image-197\" style=\"width:690px;height:auto\" srcset=\"https:\/\/www.pierre-schon.lu\/wp-content\/uploads\/2025\/04\/INCONNU_1940-45_0004_4838_PM-1024x629.jpg 1024w, https:\/\/www.pierre-schon.lu\/wp-content\/uploads\/2025\/04\/INCONNU_1940-45_0004_4838_PM-300x184.jpg 300w, https:\/\/www.pierre-schon.lu\/wp-content\/uploads\/2025\/04\/INCONNU_1940-45_0004_4838_PM-768x472.jpg 768w, https:\/\/www.pierre-schon.lu\/wp-content\/uploads\/2025\/04\/INCONNU_1940-45_0004_4838_PM-1536x943.jpg 1536w, https:\/\/www.pierre-schon.lu\/wp-content\/uploads\/2025\/04\/INCONNU_1940-45_0004_4838_PM-2048x1257.jpg 2048w\" sizes=\"auto, (max-width: 1024px) 100vw, 1024px\" \/><\/figure>\n\n<p class=\"has-small-font-size\">Troupes allemandes au centre-ville de Luxembourg. \u00a9 Phototh\u00e8que de la ville de Luxembourg. Auteur inconnu  <\/p>\n\n<div class=\"wp-block-buttons is-content-justification-center is-layout-flex wp-container-core-buttons-is-layout-a89b3969 wp-block-buttons-is-layout-flex\">\n<div class=\"wp-block-button\"><a class=\"wp-block-button__link has-text-align-center wp-element-button\" href=\"https:\/\/www.pierre-schon.lu\/fr\/luxembourg\/mise-en-place-de-la-resistance\/\">Suivant<\/a><\/div>\n<\/div>\n\n<p><\/p>\n","protected":false},"excerpt":{"rendered":"<p>Photo d&rsquo;en-t\u00eate Des drapeaux nazis ornent la place Guillaume, l&rsquo;une des principales places de la ville de Luxembourg. \u00a9 Phototh\u00e8que [&hellip;]<\/p>\n","protected":false},"author":1,"featured_media":0,"parent":4459,"menu_order":0,"comment_status":"closed","ping_status":"closed","template":"","meta":{"site-sidebar-layout":"default","site-content-layout":"","ast-site-content-layout":"","site-content-style":"default","site-sidebar-style":"default","ast-global-header-display":"","ast-banner-title-visibility":"","ast-main-header-display":"","ast-hfb-above-header-display":"","ast-hfb-below-header-display":"","ast-hfb-mobile-header-display":"","site-post-title":"","ast-breadcrumbs-content":"","ast-featured-img":"","footer-sml-layout":"","ast-disable-related-posts":"","theme-transparent-header-meta":"","adv-header-id-meta":"","stick-header-meta":"","header-above-stick-meta":"","header-main-stick-meta":"","header-below-stick-meta":"","astra-migrate-meta-layouts":"default","ast-page-background-enabled":"default","ast-page-background-meta":{"desktop":{"background-color":"var(--ast-global-color-5)","background-image":"","background-repeat":"repeat","background-position":"center center","background-size":"auto","background-attachment":"scroll","background-type":"","background-media":"","overlay-type":"","overlay-color":"","overlay-opacity":"","overlay-gradient":""},"tablet":{"background-color":"","background-image":"","background-repeat":"repeat","background-position":"center center","background-size":"auto","background-attachment":"scroll","background-type":"","background-media":"","overlay-type":"","overlay-color":"","overlay-opacity":"","overlay-gradient":""},"mobile":{"background-color":"","background-image":"","background-repeat":"repeat","background-position":"center center","background-size":"auto","background-attachment":"scroll","background-type":"","background-media":"","overlay-type":"","overlay-color":"","overlay-opacity":"","overlay-gradient":""}},"ast-content-background-meta":{"desktop":{"background-color":"var(--ast-global-color-4)","background-image":"","background-repeat":"repeat","background-position":"center center","background-size":"auto","background-attachment":"scroll","background-type":"","background-media":"","overlay-type":"","overlay-color":"","overlay-opacity":"","overlay-gradient":""},"tablet":{"background-color":"var(--ast-global-color-4)","background-image":"","background-repeat":"repeat","background-position":"center center","background-size":"auto","background-attachment":"scroll","background-type":"","background-media":"","overlay-type":"","overlay-color":"","overlay-opacity":"","overlay-gradient":""},"mobile":{"background-color":"var(--ast-global-color-4)","background-image":"","background-repeat":"repeat","background-position":"center center","background-size":"auto","background-attachment":"scroll","background-type":"","background-media":"","overlay-type":"","overlay-color":"","overlay-opacity":"","overlay-gradient":""}},"footnotes":""},"class_list":["post-2763","page","type-page","status-publish","hentry"],"_links":{"self":[{"href":"https:\/\/www.pierre-schon.lu\/fr\/wp-json\/wp\/v2\/pages\/2763","targetHints":{"allow":["GET"]}}],"collection":[{"href":"https:\/\/www.pierre-schon.lu\/fr\/wp-json\/wp\/v2\/pages"}],"about":[{"href":"https:\/\/www.pierre-schon.lu\/fr\/wp-json\/wp\/v2\/types\/page"}],"author":[{"embeddable":true,"href":"https:\/\/www.pierre-schon.lu\/fr\/wp-json\/wp\/v2\/users\/1"}],"replies":[{"embeddable":true,"href":"https:\/\/www.pierre-schon.lu\/fr\/wp-json\/wp\/v2\/comments?post=2763"}],"version-history":[{"count":28,"href":"https:\/\/www.pierre-schon.lu\/fr\/wp-json\/wp\/v2\/pages\/2763\/revisions"}],"predecessor-version":[{"id":4546,"href":"https:\/\/www.pierre-schon.lu\/fr\/wp-json\/wp\/v2\/pages\/2763\/revisions\/4546"}],"up":[{"embeddable":true,"href":"https:\/\/www.pierre-schon.lu\/fr\/wp-json\/wp\/v2\/pages\/4459"}],"wp:attachment":[{"href":"https:\/\/www.pierre-schon.lu\/fr\/wp-json\/wp\/v2\/media?parent=2763"}],"curies":[{"name":"wp","href":"https:\/\/api.w.org\/{rel}","templated":true}]}}