{"id":4481,"date":"2025-04-07T12:56:10","date_gmt":"2025-04-07T10:56:10","guid":{"rendered":"https:\/\/www.pierre-schon.lu\/archiven\/"},"modified":"2026-02-15T17:24:59","modified_gmt":"2026-02-15T16:24:59","slug":"archiven","status":"publish","type":"page","link":"https:\/\/www.pierre-schon.lu\/de\/archiven\/","title":{"rendered":"Archiv"},"content":{"rendered":"\n<div class=\"wp-block-group page-hero has-background is-content-justification-center is-nowrap is-layout-flex wp-container-core-group-is-layout-23441af8 wp-block-group-is-layout-flex\" style=\"background-color:#00a3e0\">\n<div class=\"wp-block-group is-vertical is-content-justification-left is-layout-flex wp-container-core-group-is-layout-58227553 wp-block-group-is-layout-flex\">\n<figure class=\"wp-block-image size-full hero-image\"><img loading=\"lazy\" decoding=\"async\" width=\"752\" height=\"452\" src=\"https:\/\/www.pierre-schon.lu\/wp-content\/uploads\/2025\/05\/Archives.png\" alt=\"\" class=\"wp-image-634\" style=\"aspect-ratio:1.3333333333333333;object-fit:cover\" srcset=\"https:\/\/www.pierre-schon.lu\/wp-content\/uploads\/2025\/05\/Archives.png 752w, https:\/\/www.pierre-schon.lu\/wp-content\/uploads\/2025\/05\/Archives-300x180.png 300w\" sizes=\"auto, (max-width: 752px) 100vw, 752px\" \/><\/figure>\n<\/div>\n<\/div>\n\n<p><\/p>\n\n<p>Unten finden Sie die Unterlagen aus den nationalen Alliiertenarchiven, die wertvolle Informationen liefern, um Pierre Schons ereignisreiche Reise nachzuvollziehen. Wenn Sie planen, Dokumente zu verwenden oder zu ver\u00f6ffentlichen, wenden Sie sich bitte an die entsprechenden Archive, um die erforderlichen Genehmigungen zu beantragen. Die Aktenreferenzen und E-Mail-Kontaktadressen finden Sie unten.  <\/p>\n\n<h2 class=\"wp-block-heading has-vivid-cyan-blue-color has-text-color has-link-color has-medium-font-size wp-elements-d557d1f738ee025dc487cb35fc861cbb\"><strong>Nationalarchiv Luxemburg<\/strong><\/h2>\n\n<p>Aktennummern CDRR-01-3054 und EPU-01-18194. Email: service.reproduction@an.etat.lu <\/p>\n\n<p><strong>Quellenangaben und Dokumentenbeschreibung<br\/><a href=\"https:\/\/www.pierre-schon.lu\/wp-content\/uploads\/2025\/06\/ANFileLM6984.pdf\">Ref. L-M-69\/84 <\/a><\/strong> <\/p>\n\n<p>Conseil national de la r\u00e9sistance. Verleihung der M\u00e9daille de l\u2019Ordre de la R\u00e9sistance am 3. Januar 1970<br\/><br\/>  Formular \u00fcber patriotische Aktivit\u00e4ten 7. Oktober 1969 Fragebogen der Widerstandsunion \u00fcber patriotische Aktivit\u00e4ten, undatiert <br\/> T\u00e4gliche Fahndungsliste der Gestapo Zeitungsartikel Resistenz im hohen Norden<br\/>Zeitungsartikel in La Meuse Belge, August 1945. Die belgisch-luxemburgische Freundschaft <br\/>Mitteilung des Nationalrates des Widerstands.<br\/>  Verleihung der Medaille \u201eCroix de l\u2019Ordre de la R\u00e9sistance\u201c <br\/>Zeitungsanzeigen zum Tod von Pierre Sch\u00f6n, Juli 1991 <br\/>Foto, 12. Juni 1944: LPL-Mitglieder mit alliierten Fliegern am Bahnhof Limerl\u00e9 in Belgien<br\/><\/p>\n\n<p><strong><a href=\"https:\/\/www.pierre-schon.lu\/wp-content\/uploads\/2025\/06\/EpurationAN-1.pdf\">Dokumente Minist\u00e8re de l`\u00e9puration 1947<\/a><\/strong> <br\/><br\/>Brief der 6. Kommission der administrativen Untersuchung vom 13. August 1947 mit dem Vorschlag, Pierre Schon zu ehren <br\/> Zeitungsartikel vom 5. August 1945: Das Asyl von Marloie <br\/> Administrative Untersuchung vom 26. November 1947 <br\/> Anerkennungsurkunde (GB) der Alliierten Expeditionsstreitkr\u00e4fte vom 15. Juli 1946 <br\/> Bescheinigung von Sebastian Schmitz \u00fcber die Aktivit\u00e4ten von Pierre Schon im Widerstand vom 5. Februar 1946 <br\/> Best\u00e4tigung von Arille Thys \u00fcber die Widerstandsaktivit\u00e4ten von Pierre Schon vom 31. Januar 1947 <br\/> Schreiben der franz\u00f6sischen Regierung zur Verleihung der Anerkennungsmedaille an Pierre Schon vom 10. Dezember 1947 <br\/> Vierseitiger handschriftlicher Brief von Pierre Schon vom 2. M\u00e4rz 1947 an die S\u00e4uberungskommission \u00fcber seine Aktivit\u00e4ten im Widerstand     <\/p>\n\n<h2 class=\"wp-block-heading has-vivid-cyan-blue-color has-text-color has-link-color has-medium-font-size wp-elements-180c1a62162381671441fb0260bba8db\"><a href=\"https:\/\/www.arch.be\/index.php?l=en\">Staatsarchiv Belgien<\/a><\/h2>\n\n<p>Aktennummern Police des \u00c9trangers Nr. A39221 und R\u00e9sistant arm\u00e9 F1944 Nr. 2720 Pierre Schon. Email: repro@arch.be   <br\/><br\/><strong><a href=\"https:\/\/www.pierre-schon.lu\/wp-content\/uploads\/2025\/06\/ANBPopulation-1.pdf\">Police des Etrangers:<\/a><\/strong><\/p>\n\n<p>Antrag auf belgischen Personalausweis, Verviers, 16. Januar 1937 <br\/>Kopie des belgischen Personalausweises ausgestellt am 8. August 1936 <br\/>Bericht und R\u00fcckmeldung der lokalen Beh\u00f6rde Verviers, 16. Januar 1937<br\/>Schreiben zur Best\u00e4tigung der Arbeitserlaubnis f\u00fcr Pierre Schon, g\u00fcltig bis 28. Februar 1939 <br\/>Best\u00e4tigung der Adress\u00e4nderung nach Br\u00fcssel, 2. Dezember 1938<\/p>\n\n<p><strong><a href=\"https:\/\/www.pierre-schon.lu\/wp-content\/uploads\/2025\/06\/ANBResistantarme-1.pdf\">R\u00e9sistant arm\u00e9 (bewaffnetes Mitglied des Widerstands) Pierre Schon:<\/a><\/strong><\/p>\n\n<p>Best\u00e4tigung des Verteidigungsministeriums vom 24. Februar 1950, dass die Kommission Pierre Sch\u00f6n den Status eines bewaffneten Widerstandsk\u00e4mpfers f\u00fcr den Zeitraum vom 15.05.1943 bis 15.10.1944 verliehen hat <br\/> Best\u00e4tigung des Leiters der Gruppe Jules Dominique vom 27. Dezember 1947 \u00fcber Pierre Sch\u00f6ns Zugeh\u00f6rigkeit zum belgischen Widerstand <br\/> Best\u00e4tigung des Verteidigungsministeriums vom 19. Juni 1970 \u00fcber Pierre Sch\u00f6n als bewaffnetes Mitglied des Widerstands in der Sektion Les Insoumis<br\/> Best\u00e4tigung des B\u00fcros des Widerstands vom 10. Februar 1950 \u00fcber die Dauer des aktiven Widerstandsdienstes <br\/>Best\u00e4tigung von Jules Dominique, Ordre Nr. XI\/1278, \u00fcber Pierre Sch\u00f6ns Aktivit\u00e4ten im belgischen Widerstand<br\/> Bescheinigung des Gerichts Luxemburg vom 24. Dezember 1947, dass Pierre Sch\u00f6n keiner antipatriotischen Aktivit\u00e4ten beschuldigt wurde <br\/> Schreiben des Verteidigungsministeriums vom 20. Januar 1970 zur Best\u00e4tigung der Verleihung der Medaille f\u00fcr freiwilligen Kriegsdienst \u2013 M\u00e9daille Comm\u00e9morative de la Guerre 1940\u20131945 mit zwei gekreuzten Schwertern <\/p>\n\n<p>Aktennummer R\u00e9sistant arm\u00e9 Jules Dominique SRA BE-A0547_2674_AA1333. Email: repro@arch.be  <\/p>\n\n<p style=\"font-size:15px\"><a href=\"https:\/\/www.pierre-schon.lu\/wp-content\/uploads\/2025\/07\/JDWebsite.pdf\"><strong>R\u00e9sistant arm\u00e9 (bewaffnetes Mitglied des Widerstands) Jules Dominique<\/strong><\/a><\/p>\n\n<p>Best\u00e4tigung des Gruppenleiters Camille Buysse \u00fcber Jules Dominique<br\/>Best\u00e4tigung des Verteidigungsministeriums vom 20.06.1950 \u00fcber die Dauer des aktiven Dienstes im Widerstand<br\/>Best\u00e4tigung der Rekrutierung durch Camille Buysse, datiert auf den 11.12.1947<br\/>Best\u00e4tigung der MNB \u00fcber die Zusammenarbeit zwischen der MNB und luxemburgischen Widerstandsbewegungen, datiert auf den 30.10.1947<br\/>Best\u00e4tigung von Les Insoumis, dass nur die Gruppe von Jules Dominique zu den luxemburgischen Widerstandsk\u00e4mpfern geh\u00f6rte, datiert auf den 20.09.1950<br\/>Best\u00e4tigung von Charles Janne \u00fcber Jules Dominique, datiert auf den 15.12.1947<br\/>Best\u00e4tigung von Priester Vincent, Widerstandsk\u00e4mpfer, \u00fcber Jules Dominique, datiert auf den 08.10.1947<br\/>Best\u00e4tigung von Augustin Roblain, Mitglied von Service Zero, \u00fcber Jules Dominique, datiert auf den 30.11.1947<br\/>Best\u00e4tigung von Ferdinand Fischbach \u00fcber Jules Dominique<br\/>Best\u00e4tigung von Nic Welter vom OF Antwerpen \u00fcber Jules Dominique, datiert auf den 18.11.1947<br\/>Best\u00e4tigung von Charles Diederich \u00fcber Jules Dominique <br\/>Best\u00e4tigung, dass Jules Dominique die Croix de Guerre-Medaille aus Belgien verliehen wurde, datiert auf den 20.06.1948<\/p>\n\n<h2 class=\"wp-block-heading has-vivid-cyan-blue-color has-text-color has-link-color has-medium-font-size wp-elements-6f03e414f83db679a27924d3ccb55d9c\">Franz\u00f6sische Archive: Archives diplomatiques du Minist\u00e8re de l\u2019Europe et des Affaires \u00e9trang\u00e8res \u2013 La Courneuve <\/h2>\n\n<p><a href=\"https:\/\/www.pierre-schon.lu\/wp-content\/uploads\/2025\/06\/ANF.pdf\">File no. 124 SUP\/373<\/a>. Email: lecture.archives@diplomatie.gouv.fr<\/p>\n\n<p>Brief des franz\u00f6sischen Ministeriums in Luxemburg vom 21. M\u00e4rz 1947 mit dem Vorschlag, Pierre Schon die franz\u00f6sische Anerkennungsmedaille zu verleihen<br\/> Brief vom 10. April 1947 des Minister Pl\u00e9nipotentiaire mit dem Vorschlag, Pierre Schon die franz\u00f6sische Anerkennungsmedaille zu verleihen<\/p>\n\n<h2 class=\"wp-block-heading has-vivid-cyan-blue-color has-text-color has-link-color has-medium-font-size wp-elements-8dbdb7212b773570f09902aae297c464\">Digital Public Library of America. Records of Headquarters, European Theater of Operations, United States Army (World War II) <\/h2>\n\n<p><a href=\"https:\/\/dp.la\/item\/1ce079d27187c13c3f9d811cbcc0ac3b\">https:\/\/dp.la\/item\/1ce079d27187c13c3f9d811cbcc0ac3b<\/a><\/p>\n\n<p><a href=\"https:\/\/www.pierre-schon.lu\/wp-content\/uploads\/2025\/06\/PDFAmericansite-1.pdf\">Ehrenurkunde von General Eisenhower<\/a> f\u00fcr die Unterst\u00fctzung bei der Flucht alliierter Soldaten vor dem Feind\u201c<\/p>\n\n<h2 class=\"wp-block-heading has-vivid-cyan-blue-color has-text-color has-link-color has-medium-font-size wp-elements-542e4af0fed0c96ff8960b98127311f1\"><a href=\"https:\/\/www.pierre-schon.lu\/wp-content\/uploads\/2025\/06\/PDFAmericansite.pdf\">Detaillierte Dokumente<\/a><\/h2>\n\n<p>Urkunde von Sebastian Schmitz, Leiter der Sektion Luxemburg im Widerstand, \u00fcber die Aktivit\u00e4ten von Pierre Schon im Widerstand, 22. August 1945 <br\/>Brief vom Amerikanischen Roten Kreuz, 14. Januar 1946 <br\/>Handgeschriebener Brief von Pierre Schon mit der Bitte, ihm einige Kleidungsst\u00fccke zur Verf\u00fcgung zu stellen, um die zu ersetzen, die er alliierten Fliegern gegeben hatte, datiert auf den 15. Dezember 1946 <br\/>Fragebogen f\u00fcr Helfer vom Hauptquartier des European Theatre of Operations Military Intelligence Service, in dem beschrieben wird, wie Pierre Schon alliierten Fliegern geholfen hat <\/p>\n\n<h2 class=\"wp-block-heading has-vivid-cyan-blue-color has-text-color has-link-color has-medium-font-size wp-elements-f16dc56db90270c16740bed6eee126e8\">Polnische Archive &#8211; <strong>Archiwum Akt Nowych w Warszawie<\/strong><\/h2>\n\n<p><\/p>\n\n<h2 class=\"wp-block-heading has-vivid-cyan-blue-color has-text-color has-link-color has-medium-font-size wp-elements-3a0e1b71705661c808f76280ebded708\">Britisches Nationalarchiv (TNA)<\/h2>\n\n<p>Unten folgt eine \u00dcbersicht \u00fcber mehrere britische SOE-Missionen, die 1944 in enger Abstimmung mit dem belgischen Widerstand durchgef\u00fchrt wurden. Forschung durchgef\u00fchrt von <a href=\"https:\/\/archivalresearcher.co.uk\/\">Dr. Hywel Maslen<\/a>, erfahrener Archivforscher mit Spezialisierung auf Geschichte.  <\/p>\n\n<p>1. Bassianus (Mai 1944) \u2013 Deckname: Violette<br\/> <br\/>Der im Mai 1944 nach Belgien entsandte Agent, bekannt unter dem Namen Violette, trat dem Nelly-Netzwerk bei mit dem Ziel, Widerstandsmitglieder im Sabotageeinsatz auszubilden. Der Schwerpunkt lag darauf, den deutschen Schienenverkehr zu st\u00f6ren, insbesondere durch Zugentgleisungen. Diese Aktionen sollten den Truppen- und Nachschubverkehr verlangsamen und waren Teil der umfassenderen Vorbereitung auf die D-Day-Invasion. Bassianus war eine von mehreren Missionen, die darauf abzielten, den Druck auf die Besatzungstruppen zu verst\u00e4rken, indem technisches Fachwissen und lokale Koordination genutzt wurden, um maximale St\u00f6rungen zu verursachen. <br\/><br\/>Referenz: HS 6\/51 <br\/>Beschreibung: BASSIANUS-Mission: Alphonse Mabille. Datum: 1944    <\/p>\n\n<p>2. Mencrates (April\/Mai 1944) \u2013 Deckname: Hortense <br\/><br\/>Hortense kam im Fr\u00fchjahr 1944 nach Belgien, um im Nelly-Netzwerk zu arbeiten. Ihr Ziel war es, Sabotageakte gegen die deutsche Infrastruktur zu erleichtern. Sie half bei der Erstellung von Pl\u00e4nen und der Koordination von Ma\u00dfnahmen, die darauf abzielten, die Kommunikations- und Transportm\u00f6glichkeiten des Feindes in der Region zu untergraben. In Zusammenarbeit mit Widerstandseinheiten spielte Hortense eine Rolle dabei, die Netzwerke aktiv und wirkungsvoll im Vorfeld der alliierten Landungen in der Normandie zu halten. <br\/><br\/>Referenz: HS 6\/148 <br\/>Beschreibung: MENCRATES-Mission: P. Davreux, Datum: 1944   <\/p>\n\n<p>3. Messala (Juni 1944) \u2013 Deckname: Huguette <br\/><br\/>Um die Sabotagestruktur in Belgien zu verst\u00e4rken, startete die SOE im Juni 1944 die Mission Messala. Huguette, die operative Agentin vor Ort, wurde entsandt, um die Sabotageaktivit\u00e4ten in der Region wiederaufzubauen und zu leiten. Ihre Arbeit umfasste die Wiederherstellung von Befehlsstrukturen, die Wiederausr\u00fcstung lokaler Gruppen und die Sicherstellung, dass die Bem\u00fchungen zur St\u00f6rung von Eisenbahnlinien aufrechterhalten wurden. Durch die Wiederherstellung der Grundlagen, die von der vorherigen Nelly-Mission gelegt wurden, st\u00e4rkte Messala die F\u00e4higkeit des Widerstands, feindliche Bewegungen zu verz\u00f6gern und zu sch\u00e4digen, zu einem entscheidenden Zeitpunkt des Krieges. <br\/><br\/>Referenz: HS 6\/149 <br\/>Beschreibung: MESSALA-Mission: Zerst\u00f6rung von Eisenbahnlinien; J. A. Rolin, Datum: 1944   <\/p>\n\n<p>4. Polonius (Januar 1944) \u2013 Deckname: Belt <br\/><br\/>Anfang 1944 startete die SOE die Mission Polonius, um die Aktivit\u00e4ten in der N\u00e4he von Nivelles zu unterst\u00fctzen. Belt, die operative Agentin vor Ort, war im Tybalt-Netzwerk eingebunden, um die Kommunikation und die taktische Koh\u00e4renz zu verbessern. Ihre Aufgabe konzentrierte sich darauf, das organisatorische Ger\u00fcst im Vorfeld einer gr\u00f6\u00dferen koordinierten Sabotageaktion zu st\u00e4rken. Die Anwesenheit von Belt stellte sicher, dass Widerstandszellen miteinander verbunden, flexibel und einsatzbereit blieben, wenn es Zeit war, wichtige feindliche Einrichtungen anzugreifen. <br\/><br\/>Referenz: HS 6\/170 <br\/>Beschreibung: POLONIUS-Mission: R. P. E. Hiersoux, Datum: 1943   <\/p>\n\n<p>5. Priam (Mai\/Juni 1944) \u2013 Deckname: Hubertine <br\/><br\/>Hubertine wurde im sp\u00e4ten Fr\u00fchjahr 1944 nach Belgien entsandt, um Spezialschulungen in Sabotagetechniken zu geben. Ihre Mission, mit dem Codenamen Priam, umfasste die Weitergabe von F\u00e4higkeiten wie dem Umgang mit Sprengstoffen, der gezielten Beeintr\u00e4chtigung von Nachschubwegen und der Vermeidung deutscher Entdeckung. Ziel war es, die \u00f6rtlichen Kr\u00e4fte auf koordinierte Angriffe im Vorfeld des D-Day vorzubereiten. Ihr Training legte die Grundlage f\u00fcr erfolgreiche Widerstandsaktionen, die die Logistik der Achsenm\u00e4chte in der gesamten Region st\u00f6rten. <br\/><br\/>Referenz: HS 6\/176 <br\/>Beschreibung: PRIAM-Mission: L. J. Stroobants, Datum: 1944   <\/p>\n\n<p>6. Vergillia (Februar 1944) \u2013 Deckname: Nelly <br\/><br\/>Nelly war der Deckname der zentralen Figur der Mission Vergillia, die im Februar 1944 begann. Sie operierte an der Schnittstelle zwischen SOE-Kommandostruktur und belgischem Geheimdienst und war damit beauftragt, Sabotageaktionen zu \u00fcberwachen, die die deutsche Transportinfrastruktur lahmlegen sollten. Ihr Netzwerk hatte das Ziel, maximalen Schaden an Eisenbahn- und Stra\u00dfensystemen im Vorfeld der alliierten Landungen zu verursachen. Nellys Leitung stellte sicher, dass der belgische Widerstand eine entscheidende Rolle dabei spielte, die Reaktionsf\u00e4higkeit des Feindes zu einem kritischen Zeitpunkt zu l\u00e4hmen. <br\/><br\/>Referenz: HS 6\/207 <br\/>Beschreibung: VERGILLIA-Mission: Jules Guillery, Datum: 1943\u20131945   <\/p>\n\n<div class=\"wp-block-buttons is-content-justification-center is-layout-flex wp-container-core-buttons-is-layout-a89b3969 wp-block-buttons-is-layout-flex\">\n<div class=\"wp-block-button\"><a class=\"wp-block-button__link wp-element-button\" href=\"https:\/\/www.pierre-schon.lu\/de\/danksagungen\/\">Weiter<\/a><\/div>\n<\/div>\n","protected":false},"excerpt":{"rendered":"<p>Unten finden Sie die Unterlagen aus den nationalen Alliiertenarchiven, die wertvolle Informationen liefern, um Pierre Schons ereignisreiche Reise nachzuvollziehen. Wenn [&hellip;]<\/p>\n","protected":false},"author":1,"featured_media":0,"parent":0,"menu_order":0,"comment_status":"closed","ping_status":"closed","template":"","meta":{"site-sidebar-layout":"default","site-content-layout":"","ast-site-content-layout":"","site-content-style":"default","site-sidebar-style":"default","ast-global-header-display":"","ast-banner-title-visibility":"","ast-main-header-display":"","ast-hfb-above-header-display":"","ast-hfb-below-header-display":"","ast-hfb-mobile-header-display":"","site-post-title":"","ast-breadcrumbs-content":"","ast-featured-img":"","footer-sml-layout":"","ast-disable-related-posts":"","theme-transparent-header-meta":"","adv-header-id-meta":"","stick-header-meta":"","header-above-stick-meta":"","header-main-stick-meta":"","header-below-stick-meta":"","astra-migrate-meta-layouts":"default","ast-page-background-enabled":"default","ast-page-background-meta":{"desktop":{"background-color":"var(--ast-global-color-5)","background-image":"","background-repeat":"repeat","background-position":"center center","background-size":"auto","background-attachment":"scroll","background-type":"","background-media":"","overlay-type":"","overlay-color":"","overlay-opacity":"","overlay-gradient":""},"tablet":{"background-color":"","background-image":"","background-repeat":"repeat","background-position":"center center","background-size":"auto","background-attachment":"scroll","background-type":"","background-media":"","overlay-type":"","overlay-color":"","overlay-opacity":"","overlay-gradient":""},"mobile":{"background-color":"","background-image":"","background-repeat":"repeat","background-position":"center center","background-size":"auto","background-attachment":"scroll","background-type":"","background-media":"","overlay-type":"","overlay-color":"","overlay-opacity":"","overlay-gradient":""}},"ast-content-background-meta":{"desktop":{"background-color":"var(--ast-global-color-4)","background-image":"","background-repeat":"repeat","background-position":"center center","background-size":"auto","background-attachment":"scroll","background-type":"","background-media":"","overlay-type":"","overlay-color":"","overlay-opacity":"","overlay-gradient":""},"tablet":{"background-color":"var(--ast-global-color-4)","background-image":"","background-repeat":"repeat","background-position":"center center","background-size":"auto","background-attachment":"scroll","background-type":"","background-media":"","overlay-type":"","overlay-color":"","overlay-opacity":"","overlay-gradient":""},"mobile":{"background-color":"var(--ast-global-color-4)","background-image":"","background-repeat":"repeat","background-position":"center center","background-size":"auto","background-attachment":"scroll","background-type":"","background-media":"","overlay-type":"","overlay-color":"","overlay-opacity":"","overlay-gradient":""}},"footnotes":""},"class_list":["post-4481","page","type-page","status-publish","hentry"],"_links":{"self":[{"href":"https:\/\/www.pierre-schon.lu\/de\/wp-json\/wp\/v2\/pages\/4481","targetHints":{"allow":["GET"]}}],"collection":[{"href":"https:\/\/www.pierre-schon.lu\/de\/wp-json\/wp\/v2\/pages"}],"about":[{"href":"https:\/\/www.pierre-schon.lu\/de\/wp-json\/wp\/v2\/types\/page"}],"author":[{"embeddable":true,"href":"https:\/\/www.pierre-schon.lu\/de\/wp-json\/wp\/v2\/users\/1"}],"replies":[{"embeddable":true,"href":"https:\/\/www.pierre-schon.lu\/de\/wp-json\/wp\/v2\/comments?post=4481"}],"version-history":[{"count":22,"href":"https:\/\/www.pierre-schon.lu\/de\/wp-json\/wp\/v2\/pages\/4481\/revisions"}],"predecessor-version":[{"id":4607,"href":"https:\/\/www.pierre-schon.lu\/de\/wp-json\/wp\/v2\/pages\/4481\/revisions\/4607"}],"wp:attachment":[{"href":"https:\/\/www.pierre-schon.lu\/de\/wp-json\/wp\/v2\/media?parent=4481"}],"curies":[{"name":"wp","href":"https:\/\/api.w.org\/{rel}","templated":true}]}}