{"id":4195,"date":"2025-04-07T12:54:06","date_gmt":"2025-04-07T10:54:06","guid":{"rendered":"https:\/\/www.pierre-schon.lu\/verlorene-freunde\/"},"modified":"2025-11-24T16:21:21","modified_gmt":"2025-11-24T15:21:21","slug":"verlorene-freunde","status":"publish","type":"page","link":"https:\/\/www.pierre-schon.lu\/de\/luxemburg\/verlorene-freunde\/","title":{"rendered":"Verlorene Freunde <br>"},"content":{"rendered":"\n<div class=\"wp-block-group page-hero has-background is-vertical is-layout-flex wp-container-core-group-is-layout-fe9cc265 wp-block-group-is-layout-flex\" style=\"background-color:#00a3e0\">\n<div class=\"wp-block-group is-vertical is-layout-flex wp-container-core-group-is-layout-fe9cc265 wp-block-group-is-layout-flex\">\n<figure class=\"wp-block-image size-full hero-image\"><img loading=\"lazy\" decoding=\"async\" width=\"2560\" height=\"1898\" src=\"https:\/\/www.pierre-schon.lu\/wp-content\/uploads\/2025\/04\/Firingsquad-scaled.jpg\" alt=\"\" class=\"wp-image-287\" srcset=\"https:\/\/www.pierre-schon.lu\/wp-content\/uploads\/2025\/04\/Firingsquad-scaled.jpg 2560w, https:\/\/www.pierre-schon.lu\/wp-content\/uploads\/2025\/04\/Firingsquad-300x222.jpg 300w, https:\/\/www.pierre-schon.lu\/wp-content\/uploads\/2025\/04\/Firingsquad-1024x759.jpg 1024w, https:\/\/www.pierre-schon.lu\/wp-content\/uploads\/2025\/04\/Firingsquad-768x569.jpg 768w, https:\/\/www.pierre-schon.lu\/wp-content\/uploads\/2025\/04\/Firingsquad-1536x1139.jpg 1536w, https:\/\/www.pierre-schon.lu\/wp-content\/uploads\/2025\/04\/Firingsquad-2048x1518.jpg 2048w\" sizes=\"auto, (max-width: 2560px) 100vw, 2560px\" \/><\/figure>\n\n\n\n<p class=\"has-ast-global-color-4-color has-text-color has-link-color wp-elements-3c37a9fe74407646a7c7a1354bdd950f\">Foto Alamy<\/p>\n<\/div>\n<\/div>\n\n<p class=\"has-small-font-size\"><\/p>\n\n<p style=\"margin-top:var(--wp--preset--spacing--60)\">Mitglied der Widerstandsbewegung zu sein, egal wo in von den Nazis besetzten Europa, bedeutete ein enormes Risiko. Pierre Schon verlor w\u00e4hrend der viereinhalb Jahre der nationalsozialistischen Besatzung Luxemburgs mehrere gute Freunde und Kameraden. <\/p>\n\n<h2 class=\"wp-block-heading has-vivid-cyan-blue-color has-text-color has-link-color has-medium-font-size wp-elements-2c8ee9408332f5046b6dc4df705cffcb\">Raymond Petit<\/h2>\n\n<p>Ende 1941, angesichts einer verst\u00e4rkten \u00dcberwachung durch die Gestapo, ging Raymond Petit, der den Decknamen \u201eFernand Schmitt\u201c oder \u201eAC13\u201c annahm, in den Untergrund. Einen Teil dieser Zeit verbrachte er versteckt im Elternhaus von Pierre Schon. Raymond war ein aktives Mitglied und Mitbegr\u00fcnder der LPL in Echternach. Trotz der Gefahren setzte er seine Widerstandsarbeit fort.    <\/p>\n\n<figure class=\"wp-block-image size-full is-resized\"><img loading=\"lazy\" decoding=\"async\" width=\"343\" height=\"411\" src=\"https:\/\/www.pierre-schon.lu\/wp-content\/uploads\/2025\/04\/Raymond-Petit.png\" alt=\"\" class=\"wp-image-289\" style=\"width:287px;height:auto\" srcset=\"https:\/\/www.pierre-schon.lu\/wp-content\/uploads\/2025\/04\/Raymond-Petit.png 343w, https:\/\/www.pierre-schon.lu\/wp-content\/uploads\/2025\/04\/Raymond-Petit-250x300.png 250w\" sizes=\"auto, (max-width: 343px) 100vw, 343px\" \/><\/figure>\n\n<p>Am 21. April 1942 versuchte die Gestapo, ihn in Berdorf festzunehmen. Raymond er\u00f6ffnete das Feuer und verletzte zwei deutsche Beamte. Um eine Gefangennahme zu vermeiden und so seine Kameraden sowie das Widerstandsnetzwerk zu sch\u00fctzen, benutzte er seine letzte Kugel gegen sich selbst und opferte sein Leben. Er war kaum 22 Jahre alt.  <\/p>\n\n<h2 class=\"wp-block-heading has-vivid-cyan-blue-color has-text-color has-link-color has-medium-font-size wp-elements-cd325a058414a939ee59c6471677dd20\">Aloyse Kremer und seine Familie<\/h2>\n\n<p>Die Patrioten Aloyse Kremer und sein Bruder Eug\u00e8ne, aktive Mitglieder der LPL, arbeiteten mit Pierre Schon zusammen, um viele Fl\u00fcchtlinge nach Belgien zu bringen. Foto unten: Pierre Schon und Aloyse Kremer im April 1944, wie sie Fl\u00fcchtlingen auf der belgischen Seite der Grenze helfen. Von links nach rechts: Robert Borman, Jany und Norbert Morn, Aloyse Kremer und Pierre Schon.  <\/p>\n\n<figure class=\"wp-block-image size-large is-resized\"><img loading=\"lazy\" decoding=\"async\" width=\"1024\" height=\"700\" src=\"https:\/\/www.pierre-schon.lu\/wp-content\/uploads\/2025\/06\/PierreAloyseApril1944-1024x700.jpg\" alt=\"\" class=\"wp-image-1750\" style=\"width:703px;height:auto\" srcset=\"https:\/\/www.pierre-schon.lu\/wp-content\/uploads\/2025\/06\/PierreAloyseApril1944-1024x700.jpg 1024w, https:\/\/www.pierre-schon.lu\/wp-content\/uploads\/2025\/06\/PierreAloyseApril1944-300x205.jpg 300w, https:\/\/www.pierre-schon.lu\/wp-content\/uploads\/2025\/06\/PierreAloyseApril1944-768x525.jpg 768w, https:\/\/www.pierre-schon.lu\/wp-content\/uploads\/2025\/06\/PierreAloyseApril1944-1536x1051.jpg 1536w, https:\/\/www.pierre-schon.lu\/wp-content\/uploads\/2025\/06\/PierreAloyseApril1944-2048x1401.jpg 2048w\" sizes=\"auto, (max-width: 1024px) 100vw, 1024px\" \/><\/figure>\n\n<p class=\"has-small-font-size\">Foto \u00a9 L.P.P.D <\/p>\n\n<p>Vier Mitglieder der Familie Kremer aus dem kleinen Dorf Biwisch nahe Ulfingen waren integraler Bestandteil der Widerstandsbewegung.<br\/><br\/>Zwischen 1941 und 1943 halfen Pierre Schon und Aloyse Kremer bei der \u00dcberf\u00fchrung von Deserteuren, franz\u00f6sischen Kriegsgefangenen und Fallschirmj\u00e4gern \u00fcber die stark bewachte luxemburgisch-belgische Grenze.<br\/><br\/>Ende 1943 musste Aloyse nach Belgien fliehen, um der Einberufung in die deutsche Wehrmacht zu entgehen. Er fand Zuflucht in einem Versteck und schloss sich dann dem belgischen Maquis an, dem Pierre Schon neun Monate zuvor nach seiner Flucht vor der Gestapo beigetreten war. Gemeinsam halfen sie weiterhin Fl\u00fcchtlingen von der belgischen Seite.   <br\/><br\/>Nur drei Monate nach der Aufnahme des obigen Fotos kehrte Aloyse im Juli 1944 nach Luxemburg zur\u00fcck, um seinen Bruder Eug\u00e8ne abzuholen, der ihn auf der luxemburgischen Seite ersetzt hatte. Er f\u00fchrte 40 Ausweiskarten, Geld und Fotos f\u00fcr die n\u00e4chste Gruppe von Fl\u00fcchtigen mit sich. In Amperloup (Belgien) erregte Aloyse die Aufmerksamkeit zweier deutscher Grenzw\u00e4chter, die ihn aufforderten, stehen zu bleiben. Im Bewusstsein der wichtigen Beweismittel, die er bei sich trug, ergriff er die Flucht. Die Wachen legten an, und er wurde angeschossen. Er lief weiter in ein Maisfeld, warf die Tasche mit den belastenden Unterlagen ab, ging noch so weit, wie er konnte, und brach schlie\u00dflich zusammen.    <\/p>\n\n<figure class=\"wp-block-image size-full is-resized\"><img loading=\"lazy\" decoding=\"async\" width=\"167\" height=\"218\" src=\"https:\/\/www.pierre-schon.lu\/wp-content\/uploads\/2025\/04\/ALoyseKremer.png\" alt=\"\" class=\"wp-image-291\" style=\"width:253px;height:auto\"\/><\/figure>\n\n<p>Er wurde gefangen genommen und zum Gestapohauptquartier in der Villa Pauly in Luxemburg-Stadt gebracht. Gl\u00fccklicherweise fanden die Deutschen die Tasche nicht, was f\u00fcr das Netzwerk eine enorme Erleichterung war. Trotz seiner Schussverletzungen widerstand er den Verh\u00f6ren und Misshandlungen der Gestapo und verriet nichts. Vielleicht h\u00e4tte er mit einer Gef\u00e4ngnisstrafe davonkommen k\u00f6nnen, wenn das Schicksal sich nicht tragisch eingemischt h\u00e4tte.    <\/p>\n\n<p>Sechs Wochen sp\u00e4ter beschlossen zwei luxemburgische Deserteure, denen er geholfen hatte und die in einem Widerstandslager im belgischen Wald untergebracht waren, zur\u00fcck nach Luxemburg zu gehen. Sie glaubten, dass der Krieg bald vorbei sei, und suchten die Geborgenheit ihres Zuhauses. Sie wurden festgenommen und von der Gestapo verh\u00f6rt, die wissen wollte, wer ihnen urspr\u00fcnglich zur Flucht nach Belgien verholfen hatte. In der Annahme, Aloyse sei nicht mehr am Leben, nannten sie seinen Namen. Die Widerstandsk\u00e4mpfer wurden darin geschult, nur die Namen bereits Verstorbener zu nennen. Die Gestapo lie\u00df Aloyse per Krankenwagen herbringen, um eine Konfrontation zu erzwingen. Das Spiel war aus, und Aloyse Kremer musste sich einem neuen Prozess stellen.     <\/p>\n\n<p>Am 1. September 1944 wurde er zum Tode verurteilt. Nachdem seine Wunden verheilt waren, wurde er vor dem Vorr\u00fccken der Alliierten in die deutsche Festung Torgau in Sachsen verlegt und am 19. Januar 1945, nur wenige Tage nach seinem 22. Geburtstag, durch ein Erschie\u00dfungskommando hingerichtet. Weniger als eine Woche sp\u00e4ter wurden die deutschen Truppen ein letztes Mal aus Luxemburg zur\u00fcckgedr\u00e4ngt, und das gesamte Land wurde befreit.  <\/p>\n\n<p>Aloyse hinterlie\u00df kurz vor seiner Hinrichtung einen Abschiedsbrief f\u00fcr Familie und Freunde. Die kurze Botschaft, mit Bleistift auf die R\u00fcckseite eines Passfotos geschrieben, wurde einige Jahre sp\u00e4ter von einem \u00fcberlebenden Gefangenen nach Luxemburg zur\u00fcckgebracht (Quelle: Eug\u00e8ne Kremer, Buch Uns\u00e4gliches Schicksal). <\/p>\n\n<p>\u201eLiebe unvergessliche Mutter, meine geliebten Geschwister und Familie. Weint nicht, ich bin zu Hause. Man hat mir mein unschuldiges Leben gestohlen. Wenn ihr noch lebt, passt auf euch auf. Im Himmel werden wir uns wiedersehen. Gr\u00fc\u00dfe an alle meine Kameraden. Aloyse Kremer\u201c<\/p>\n\n<p>Die beiden Widerstandsk\u00e4mpfer, die ihn ungewollt verraten hatten, wurden inhaftiert und nach dem Krieg wieder freigelassen \u2013 eine moralische Last, die sie wahrscheinlich ihr Leben lang trugen. <\/p>\n\n<p>Anne Kremer (die Mutter). Anne Kremer wurde im August 1944 von der Gestapo wegen ihrer Widerstandsaktivit\u00e4ten verhaftet. Schwer geschw\u00e4cht durch die Misshandlungen starb sie im Konzentrationslager Ravensbr\u00fcck im M\u00e4rz 1945, nur wenige Wochen vor der Befreiung des Lagers durch die Rote Armee. Sie war 53 Jahre alt.  <br\/><br\/>L\u00e9opold Kremer (der Bruder). L\u00e9opold Kremer trat 1939 in die luxemburgische Armee ein. Im Dezember 1940 wurde er nach Weimar geschickt, um eine Ausbildung als deutscher Polizist zu absolvieren. Nachdem er 1942 den Treueeid auf Hitler verweigert hatte, wurde L\u00e9on ins Konzentrationslager Dachau eingewiesen. Er ertrug die Leiden des Lagers bis zu seiner Befreiung am 29. April 1945 und kehrte im Sommer 1945 nach Luxemburg zur\u00fcck.   <br\/><br\/>Lina Kremer (die Schwester). Lina Kremer war aktiv im famili\u00e4ren Widerstand engagiert. Nach ihrer Verhaftung wurde auch sie von der Gestapo gefoltert. Im August 1944 wurde sie zusammen mit ihrer Mutter ins Lager Ravensbr\u00fcck deportiert, im M\u00e4rz 1945 ins Lager Bergen-Belsen verlegt. Dort infizierte sie sich mit Typhus und wurde nur knapp bei der Befreiung des Lagers im Mai durch die Briten gerettet. Mit Hilfe des Roten Kreuzes wurde sie, schwerkrank, nach Schweden gebracht, wo sie ihre Quarant\u00e4ne und Genesung verbrachte, bevor sie schlie\u00dflich nach Luxemburg zur\u00fcckkehrte. Bekannt als sanfte, altruistische und gro\u00dfz\u00fcgige Frau, trug Lina irreversible Gesundheitssch\u00e4den aus den Kriegserlebnissen davon. Sie starb im Alter von nur 39 Jahren.      <\/p>\n\n<figure class=\"wp-block-image size-full is-resized\"><img loading=\"lazy\" decoding=\"async\" width=\"377\" height=\"506\" src=\"https:\/\/www.pierre-schon.lu\/wp-content\/uploads\/2025\/06\/LinaKremer.png\" alt=\"\" class=\"wp-image-1833\" style=\"width:229px;height:auto\" srcset=\"https:\/\/www.pierre-schon.lu\/wp-content\/uploads\/2025\/06\/LinaKremer.png 377w, https:\/\/www.pierre-schon.lu\/wp-content\/uploads\/2025\/06\/LinaKremer-224x300.png 224w\" sizes=\"auto, (max-width: 377px) 100vw, 377px\" \/><\/figure>\n\n<p>Lina Kremer<\/p>\n\n<p>Eug\u00e8ne Kremer (der Bruder). Eug\u00e8ne Kremer setzte seine Passeurt\u00e4tigkeiten fort und ging im Juli 1944 in den Untergrund, um der Einberufung in die deutsche Wehrmacht zu entgehen, wo er vermutlich an die Ostfront gegen die Rote Armee geschickt worden w\u00e4re. Er \u00fcberlebte und erlebte die Befreiung des Landes 1945. <\/p>\n\n<figure class=\"wp-block-image size-full is-resized\"><img loading=\"lazy\" decoding=\"async\" width=\"701\" height=\"551\" src=\"https:\/\/www.pierre-schon.lu\/wp-content\/uploads\/2025\/04\/KremerFamily.png\" alt=\"\" class=\"wp-image-292\" style=\"width:573px;height:auto\" srcset=\"https:\/\/www.pierre-schon.lu\/wp-content\/uploads\/2025\/04\/KremerFamily.png 701w, https:\/\/www.pierre-schon.lu\/wp-content\/uploads\/2025\/04\/KremerFamily-300x236.png 300w\" sizes=\"auto, (max-width: 701px) 100vw, 701px\" \/><\/figure>\n\n<p>Die Opfer der Familie Kremer werden durch ein 1985 in Biwisch eingeweihtes Denkmal geehrt.<\/p>\n\n<h2 class=\"wp-block-heading has-vivid-cyan-blue-color has-text-color has-link-color has-medium-font-size wp-elements-a1af38cc0863e6d4260d27a11f7ac6f8\">Ernest Delosch<\/h2>\n\n<p>Ernest Delosch, ein enger Freund von Pierre und ein wichtiger Schl\u00fcsselmann in seinem Netzwerk zur Fluchthilfe, wurde im Juli 1943 verhaftet, im Gef\u00e4ngnis Grond eingesperrt und in der Villa Pauly brutal von der Gestapo verh\u00f6rt. Am 4. Februar 1944 wurde er ins Gef\u00e4ngnis Klingelp\u00fctz in K\u00f6ln gebracht, zusammen mit Michel Spaus \u2013 einem erfahrenen Passeur aus dem Nachbardorf Tratten und Vater von f\u00fcnf Kindern \u2013 sowie Henri Ameil, der beschuldigt wurde, Sabotageakte gegen strategische Anlagen durchgef\u00fchrt zu haben. Drei Tage sp\u00e4ter, am 7. Februar, wurden die drei zum Tode verurteilt. Am 8. Februar wurden sie guillotiniert, nachdem sie ihre letzte Brief an ihre Familien auf Deutsch schreiben durften. Ernest Delosch war 36 Jahre alt, Michel Spaus 43.    <\/p>\n\n<figure class=\"wp-block-image size-full is-resized\"><img loading=\"lazy\" decoding=\"async\" width=\"707\" height=\"515\" src=\"https:\/\/www.pierre-schon.lu\/wp-content\/uploads\/2025\/04\/ErnestDelosch-1.png\" alt=\"\" class=\"wp-image-302\" style=\"width:573px;height:auto\" srcset=\"https:\/\/www.pierre-schon.lu\/wp-content\/uploads\/2025\/04\/ErnestDelosch-1.png 707w, https:\/\/www.pierre-schon.lu\/wp-content\/uploads\/2025\/04\/ErnestDelosch-1-300x219.png 300w\" sizes=\"auto, (max-width: 707px) 100vw, 707px\" \/><\/figure>\n\n<p><br\/>Ernest wurde offenbar von Jules verraten, einem Gestapoinformanten, der sich als Luxemburger ausgab, zwangsweise in die deutsche Wehrmacht eingezogen worden war und angeblich fliehen wollte. Wahrscheinlich handelte es sich um denselben Jules, der auch Marie-Louise Didier verraten hatte. <br\/><br\/>Kurz nach dem Krieg floh Jules nach Frankreich, um seine Familie zu besuchen. Bei seiner R\u00fcckkehr nach Luxemburg jedoch erwartete ihn ein Empfangskomitee.. Er wurde verhaftet und verh\u00f6rt. Da er keinen Ausweg sah, beging er im Gef\u00e4ngnis Selbstmord. <\/p>\n\n<p>Michel Spaus und seine Kameraden hatten etwa 100 Zwangsrekrutierte und franz\u00f6sische Kriegsgefangene bei der Flucht nach Belgien geholfen. Im Juli 1943 wurde auch er verhaftet und wiederholt von der Gestapo in der Villa Pauly brutal gefoltert. Sp\u00e4ter im selben Jahr, im November, wurden seine Frau und f\u00fcnf kleine Kinder in ein Umsiedlungslager in Schlesien deportiert, wo sie zum Gl\u00fcck alle \u00fcberlebten. Die Denunziation, die zur Verhaftung und Hinrichtung von Michel f\u00fchrte, wurde sp\u00e4ter einem Nazispitzel namens L\u00e9on D. zugeschrieben.   <\/p>\n\n<p>Nach Angaben von N\u00e9ckel Kremer in seinem Buch <em>\u201cErennerungen un Deemools\u201d<\/em> wurde L\u00e9on D. von der belgischen \u201e<em>Wei\u00dfen Armee\u201c <\/em> (einer Widerstandsgruppe) verhaftet und verh\u00f6rt. Offenbar verlief das \u201eGespr\u00e4ch\u201c f\u00fcr ihn schlecht, denn er wurde danach nie wieder \u00f6ffentlich gesehen. <\/p>\n\n<p>Foto unten: Das Gef\u00e4ngnis Klingelp\u00fctz in K\u00f6ln, wo \u00fcber 1.000 Personen \u2013 darunter 21 Luxemburger \u2013 unter dem NS-Regime haupts\u00e4chlich durch Enthauptung hingerichtet wurden. Es diente als Exekutionszentrum f\u00fcr Widerstandsk\u00e4mpfer aus dem besetzten Westeuropa. <\/p>\n\n<figure class=\"wp-block-image size-full is-resized\"><img loading=\"lazy\" decoding=\"async\" width=\"801\" height=\"505\" src=\"https:\/\/www.pierre-schon.lu\/wp-content\/uploads\/2025\/06\/KlingelPutzSite.png\" alt=\"\" class=\"wp-image-1563\" style=\"width:737px;height:auto\" srcset=\"https:\/\/www.pierre-schon.lu\/wp-content\/uploads\/2025\/06\/KlingelPutzSite.png 801w, https:\/\/www.pierre-schon.lu\/wp-content\/uploads\/2025\/06\/KlingelPutzSite-300x189.png 300w, https:\/\/www.pierre-schon.lu\/wp-content\/uploads\/2025\/06\/KlingelPutzSite-768x484.png 768w\" sizes=\"auto, (max-width: 801px) 100vw, 801px\" \/><\/figure>\n\n<p class=\"has-small-font-size\">Foto: Klingelp\u00fctz \u2013 Verband der Zwangsrekrutierten, Luxemburg <\/p>\n\n<h2 class=\"wp-block-heading has-vivid-cyan-blue-color has-text-color has-link-color has-medium-font-size wp-elements-95108cf467c3eb6ffb37ea2869387eca\">Das \u201eNacht und Nebel\u201c-Dekret (NN) <br data-mce-bogus=\"1\"\/><\/h2>\n\n<p>Im Dezember 1941 erlie\u00df Hitler das geheime Dekret \u201e<a href=\"https:\/\/en.wikipedia.org\/wiki\/Nacht_und_Nebel\">Nacht und Nebel\u201c<\/a>, eine geheime Anweisung zur Einsch\u00fcchterung und Terrorisierung von Widerstandsmitgliedern und politischen Gegnern im besetzten Westeuropa \u2013 insbesondere in Frankreich, Belgien, Luxemburg und den Niederlanden.  <\/p>\n\n<p>Das Dekret wurde von Wilhelm Keitel, dem Chef des Oberkommandos der Wehrmacht, umgesetzt, der erkl\u00e4rte: \u201eEine wirksame und dauerhafte Abschreckung kann nur durch den Tod oder durch Ma\u00dfnahmen erreicht werden, die die Familie und die Bev\u00f6lkerung im Unklaren \u00fcber das Schicksal des T\u00e4ters lassen.\u201c Das Gef\u00e4ngnis Klingelp\u00fctz war einer der Orte, an denen dieses Dekret angewandt wurde. Die Leichen der hingerichteten Gefangenen wurden manchmal an anatomische Institute in K\u00f6ln oder in anderen St\u00e4dten geschickt, um eine Beerdigung oder Identifikation zu verhindern.  <\/p>\n\n<p>Trotzdem gaben die Widerstandsbewegungen nicht auf. Im Gegenteil, ihre Mitglieder wurden noch vorsichtiger, in dem Wissen, dass die Gestapo ihre Repressionskampagnen versch\u00e4rfen und auch ihre Familien mit Verhaftung oder Deportation bedrohen w\u00fcrde. <\/p>\n\n<div class=\"wp-block-buttons is-content-justification-center is-layout-flex wp-container-core-buttons-is-layout-a89b3969 wp-block-buttons-is-layout-flex\">\n<div class=\"wp-block-button\"><a class=\"wp-block-button__link wp-element-button\" href=\"https:\/\/www.pierre-schon.lu\/de\/belgien\/\">Weiter<\/a><\/div>\n<\/div>\n\n<p><\/p>\n","protected":false},"excerpt":{"rendered":"<p>Foto Alamy Mitglied der Widerstandsbewegung zu sein, egal wo in von den Nazis besetzten Europa, bedeutete ein enormes Risiko. Pierre [&hellip;]<\/p>\n","protected":false},"author":1,"featured_media":0,"parent":4465,"menu_order":0,"comment_status":"closed","ping_status":"closed","template":"","meta":{"site-sidebar-layout":"default","site-content-layout":"","ast-site-content-layout":"","site-content-style":"default","site-sidebar-style":"default","ast-global-header-display":"","ast-banner-title-visibility":"","ast-main-header-display":"","ast-hfb-above-header-display":"","ast-hfb-below-header-display":"","ast-hfb-mobile-header-display":"","site-post-title":"","ast-breadcrumbs-content":"","ast-featured-img":"","footer-sml-layout":"","ast-disable-related-posts":"","theme-transparent-header-meta":"","adv-header-id-meta":"","stick-header-meta":"","header-above-stick-meta":"","header-main-stick-meta":"","header-below-stick-meta":"","astra-migrate-meta-layouts":"default","ast-page-background-enabled":"default","ast-page-background-meta":{"desktop":{"background-color":"var(--ast-global-color-5)","background-image":"","background-repeat":"repeat","background-position":"center center","background-size":"auto","background-attachment":"scroll","background-type":"","background-media":"","overlay-type":"","overlay-color":"","overlay-opacity":"","overlay-gradient":""},"tablet":{"background-color":"","background-image":"","background-repeat":"repeat","background-position":"center center","background-size":"auto","background-attachment":"scroll","background-type":"","background-media":"","overlay-type":"","overlay-color":"","overlay-opacity":"","overlay-gradient":""},"mobile":{"background-color":"","background-image":"","background-repeat":"repeat","background-position":"center center","background-size":"auto","background-attachment":"scroll","background-type":"","background-media":"","overlay-type":"","overlay-color":"","overlay-opacity":"","overlay-gradient":""}},"ast-content-background-meta":{"desktop":{"background-color":"var(--ast-global-color-4)","background-image":"","background-repeat":"repeat","background-position":"center center","background-size":"auto","background-attachment":"scroll","background-type":"","background-media":"","overlay-type":"","overlay-color":"","overlay-opacity":"","overlay-gradient":""},"tablet":{"background-color":"var(--ast-global-color-4)","background-image":"","background-repeat":"repeat","background-position":"center center","background-size":"auto","background-attachment":"scroll","background-type":"","background-media":"","overlay-type":"","overlay-color":"","overlay-opacity":"","overlay-gradient":""},"mobile":{"background-color":"var(--ast-global-color-4)","background-image":"","background-repeat":"repeat","background-position":"center center","background-size":"auto","background-attachment":"scroll","background-type":"","background-media":"","overlay-type":"","overlay-color":"","overlay-opacity":"","overlay-gradient":""}},"footnotes":""},"class_list":["post-4195","page","type-page","status-publish","hentry"],"_links":{"self":[{"href":"https:\/\/www.pierre-schon.lu\/de\/wp-json\/wp\/v2\/pages\/4195","targetHints":{"allow":["GET"]}}],"collection":[{"href":"https:\/\/www.pierre-schon.lu\/de\/wp-json\/wp\/v2\/pages"}],"about":[{"href":"https:\/\/www.pierre-schon.lu\/de\/wp-json\/wp\/v2\/types\/page"}],"author":[{"embeddable":true,"href":"https:\/\/www.pierre-schon.lu\/de\/wp-json\/wp\/v2\/users\/1"}],"replies":[{"embeddable":true,"href":"https:\/\/www.pierre-schon.lu\/de\/wp-json\/wp\/v2\/comments?post=4195"}],"version-history":[{"count":8,"href":"https:\/\/www.pierre-schon.lu\/de\/wp-json\/wp\/v2\/pages\/4195\/revisions"}],"predecessor-version":[{"id":4328,"href":"https:\/\/www.pierre-schon.lu\/de\/wp-json\/wp\/v2\/pages\/4195\/revisions\/4328"}],"up":[{"embeddable":true,"href":"https:\/\/www.pierre-schon.lu\/de\/wp-json\/wp\/v2\/pages\/4465"}],"wp:attachment":[{"href":"https:\/\/www.pierre-schon.lu\/de\/wp-json\/wp\/v2\/media?parent=4195"}],"curies":[{"name":"wp","href":"https:\/\/api.w.org\/{rel}","templated":true}]}}