{"id":4181,"date":"2025-04-07T12:53:51","date_gmt":"2025-04-07T10:53:51","guid":{"rendered":"https:\/\/www.pierre-schon.lu\/die-repression-durch-die-gestapo\/"},"modified":"2026-02-15T17:15:02","modified_gmt":"2026-02-15T16:15:02","slug":"die-repression-durch-die-gestapo","status":"publish","type":"page","link":"https:\/\/www.pierre-schon.lu\/de\/luxemburg\/die-repression-durch-die-gestapo\/","title":{"rendered":"Die Repression durch die Gestapo <br>"},"content":{"rendered":"\n<div class=\"wp-block-group page-hero has-background is-nowrap is-layout-flex wp-container-core-group-is-layout-6c531013 wp-block-group-is-layout-flex\" style=\"background-color:#00a3e0\">\n<div class=\"wp-block-group is-vertical is-layout-flex wp-container-core-group-is-layout-fe9cc265 wp-block-group-is-layout-flex\">\n<figure class=\"wp-block-image size-full hero-image\"><img loading=\"lazy\" decoding=\"async\" width=\"2560\" height=\"1557\" src=\"https:\/\/www.pierre-schon.lu\/wp-content\/uploads\/2025\/04\/INCONNU_1940-45_0011_5027_PM-scaled.jpg\" alt=\"\" class=\"wp-image-232\" srcset=\"https:\/\/www.pierre-schon.lu\/wp-content\/uploads\/2025\/04\/INCONNU_1940-45_0011_5027_PM-scaled.jpg 2560w, https:\/\/www.pierre-schon.lu\/wp-content\/uploads\/2025\/04\/INCONNU_1940-45_0011_5027_PM-300x182.jpg 300w, https:\/\/www.pierre-schon.lu\/wp-content\/uploads\/2025\/04\/INCONNU_1940-45_0011_5027_PM-1024x623.jpg 1024w, https:\/\/www.pierre-schon.lu\/wp-content\/uploads\/2025\/04\/INCONNU_1940-45_0011_5027_PM-768x467.jpg 768w, https:\/\/www.pierre-schon.lu\/wp-content\/uploads\/2025\/04\/INCONNU_1940-45_0011_5027_PM-1536x934.jpg 1536w, https:\/\/www.pierre-schon.lu\/wp-content\/uploads\/2025\/04\/INCONNU_1940-45_0011_5027_PM-2048x1245.jpg 2048w\" sizes=\"auto, (max-width: 2560px) 100vw, 2560px\" \/><\/figure>\n\n\n\n<p class=\"has-ast-global-color-4-color has-text-color has-link-color wp-elements-ef2c62e517298810c599a2dded2ce294\">Titelbild: Gestapo-Hauptquartier in der Villa Pauly, Luxemburg-Stadt. \u00a9 Phototh\u00e8que de la Ville de Luxembourg. Urheber unbekannt.<br data-mce-bogus=\"1\"\/>  <\/p>\n<\/div>\n<\/div>\n\n<p class=\"has-small-font-size\"><\/p>\n\n<h2 class=\"wp-block-heading has-vivid-cyan-blue-color has-text-color has-link-color has-medium-font-size wp-elements-707cd534b52e607a8cefd9af93caad2b\" style=\"margin-top:var(--wp--preset--spacing--60)\">Gestapo-Razzia<\/h2>\n\n<p>Im Jahr 1942 intensivierten die Nazis ihre Repression gegen Widerstandsbewegungen, einschliessich gegen die LPL. Gestapo-Agenten drangen in die Bewegung ein, was zur Verhaftung von LPL-Mitgliedern in Klierf und Umgebung f\u00fchrte. Viele wurden in Konzentrationslager deportiert oder hingerichtet.  <br\/><br\/>Infolgedessen wurden Pierre Schon und f\u00fcnf junge M\u00e4nner aus seinem Dorf D\u00fcnningen am 5. Mai 1942 von der Gestapo verhaftet und zum Hauptquartier Nord in die Villa Conter in Diekirch gebracht, wo sie verh\u00f6rt werden sollten. Pierre verbrachte eine Nacht in Haft, wurde drei Stunden lang verh\u00f6rt und mehrfach mit der Rosshaarpeitsche geschlagen. Trotz der Brutalit\u00e4t der Verh\u00f6re gelang es ihm, seine Bewacher davon zu \u00fcberzeugen, dass er nicht im Widerstand aktiv war, woraufhin sie ihn schlie\u00dflich freilie\u00dfen. W\u00e4hrend dieser Repressionswelle wurden viele junge Menschen verh\u00f6rt, in der Hoffnung, sie w\u00fcrden unter Folter gestehen, Teil des Widerstands zu sein oder jemanden zu kennen, der aktiv war.   <\/p>\n\n<p>Am 10. September 1942 wurde Pierre erneut verhaftet, diesmal von deutschen Zollbeamten, unter dem Vorwand, er sei bei Hoffelt \u00fcber die Grenze gegangen. Er wurde eine Nacht im Gef\u00e4ngnis von Treinen festgehalten, ohne dass Beweise gegen ihn vorlagen. Auch diesmal hatte er das Gl\u00fcck, unverletzt freigelassen zu werden.  <\/p>\n\n<p>Gefangene und Verd\u00e4chtige wurden in der Villa Pauly verh\u00f6rt und gefoltert. Viele wurden geschlagen und f\u00fcrchteten um ihr Leben. Anschlie\u00dfend wurden sie in dunklen Zellen, die nur eine Holzbank enthielten und sich im Keller befanden, eingesperrt. <br data-mce-bogus=\"1\"\/>  <\/p>\n\n<figure class=\"wp-block-image size-large is-resized\"><img loading=\"lazy\" decoding=\"async\" width=\"1024\" height=\"723\" src=\"https:\/\/www.pierre-schon.lu\/wp-content\/uploads\/2025\/04\/KRIER-Tony-1944_5_4559_PM-1024x723.jpg\" alt=\"\" class=\"wp-image-249\" style=\"width:644px;height:auto\" srcset=\"https:\/\/www.pierre-schon.lu\/wp-content\/uploads\/2025\/04\/KRIER-Tony-1944_5_4559_PM-1024x723.jpg 1024w, https:\/\/www.pierre-schon.lu\/wp-content\/uploads\/2025\/04\/KRIER-Tony-1944_5_4559_PM-300x212.jpg 300w, https:\/\/www.pierre-schon.lu\/wp-content\/uploads\/2025\/04\/KRIER-Tony-1944_5_4559_PM-768x542.jpg 768w, https:\/\/www.pierre-schon.lu\/wp-content\/uploads\/2025\/04\/KRIER-Tony-1944_5_4559_PM-1536x1085.jpg 1536w, https:\/\/www.pierre-schon.lu\/wp-content\/uploads\/2025\/04\/KRIER-Tony-1944_5_4559_PM-2048x1446.jpg 2048w\" sizes=\"auto, (max-width: 1024px) 100vw, 1024px\" \/><\/figure>\n\n<p class=\"has-small-font-size\">\u00a9 Photothek der Stadt Luxemburg. Autor: Tony Krier <\/p>\n\n<p>Heute erinnert eine Gedenktafel an der Au\u00dfenseite der Villa Pauly an die Widerstandsk\u00e4mpfer, die dort w\u00e4hrend der Nazi-Besatzung gefoltert wurden.<\/p>\n\n<figure class=\"wp-block-image size-full is-resized\"><img loading=\"lazy\" decoding=\"async\" width=\"605\" height=\"422\" src=\"https:\/\/www.pierre-schon.lu\/wp-content\/uploads\/2025\/04\/Plaque-villa-Pauly.png\" alt=\"\" class=\"wp-image-255\" style=\"width:485px;height:auto\" srcset=\"https:\/\/www.pierre-schon.lu\/wp-content\/uploads\/2025\/04\/Plaque-villa-Pauly.png 605w, https:\/\/www.pierre-schon.lu\/wp-content\/uploads\/2025\/04\/Plaque-villa-Pauly-300x209.png 300w\" sizes=\"auto, (max-width: 605px) 100vw, 605px\" \/><\/figure>\n\n<p><\/p>\n\n<p>Nach diesen beiden nur knapp entkommenen Verhaftungen musste Pierre erkennen, dass er nun auf der schwarzen Liste der Gestapo stand und seine erneute Verhaftung oder sogar Hinrichtung bevorstand. Im April 1943 kam der Moment, in dem er seine List, seine tiefgehenden Kenntnisse der Waldwege und sein weitreichendes Netzwerk nutzen musste, um vor der Gestapo nach Belgien zu fliehen. <br\/><br\/>Die Versuche der Gestapo, den Widerstand zu infiltrieren und zu zerschlagen, waren weit verbreitet. Dennoch gelang es der LPL von Klierf und anderen Gruppen, ihre F\u00fchrung dank einer dezentralen Organisation und der Verwendung von Pseudonymen zu sch\u00fctzen. <br\/><br\/>Die LPL passte ihre Methoden an, arbeitete nun in kleineren Zellen und nutzte improvisierte Verstecke.<\/p>\n\n<h2 class=\"wp-block-heading has-vivid-cyan-blue-color has-text-color has-link-color has-medium-font-size wp-elements-a94757416d6e204d2840c266dbdcb49b\">Der Generalstreik von 1942<\/h2>\n\n<p>Die LPL und andere Widerstandsbewegungen, gest\u00fctzt auf Informationen von Josy Fellens, riefen am 30. August 1942 zu einem Generalstreik auf, um gegen die Annexion Luxemburgs und die Einf\u00fchrung der Zwangsrekrutierung zu protestieren. Dies war der einzige Generalstreik im besetzten Europa. Er begann in der Lederfabrik von Wiltz und breitete sich rasch \u00fcber das ganze Land aus. Der Streik war ein bedeutender Akt zivilen Ungehorsams, der die luxemburgische Wirtschaft mehrere Tage lahmlegte. Obwohl die deutschen Beh\u00f6rden versuchten, den Streik mit milit\u00e4rischer Gewalt zu unterdr\u00fccken, verz\u00f6gerte die Solidarit\u00e4t und Entschlossenheit der Arbeiter die Aufl\u00f6sung erheblich.     <br\/><br\/>Nach dem Krieg erkl\u00e4rte Pierre Sch\u00f6n vor dem Nationalen Widerstandsrats, dass er vier Tage vor dem Streik mehrere P\u00e4ckchen mit Flugbl\u00e4ttern an der belgischen Grenze eingesammelt hatte, die von Alphonse Rodesch aus Br\u00fcssel geschickt worden waren. Er und andere Widerstandsk\u00e4mpfer hatten diese landesweit verteilt.<\/p>\n\n<p>In seinem Werk \u201eQuatre Ann\u00e9es de Lutte\u201c, 2011 von der Amicale LPL neu herausgegeben, best\u00e4tigt Alphonse Rodesch, dass die LPL am 26. August \u00fcber den belgischen Widerstandsfunkdienst \u201eLuc\u201c die Exilregierung in London informierte, dass der Streik ohne Gegensignal stattfinden w\u00fcrde. Da keine gegenteiligen Anweisungen eintrafen, wurde die Erlaubnis erteilt, 10.000 Flugbl\u00e4tter zu drucken, die zum Arbeitsausstand und zur Desertion aufriefen.  <br\/><br\/>Die Nazis reagierten heftig, h\u00e4rter als erwartet. Viele F\u00fchrer und Teilnehmer wurden verhaftet, Tausende inhaftiert und viele in Konzentrationslager oder Umsiedlungslager geschickt. Mindestens 21 Personen wurden zum Tode verurteilt und im Konzentrationslager Hinzert, etwa 30 km hinter der deutschen Grenze, hingerichtet. Nazi-Plakate ver\u00f6ffentlichten schon morgens die Namen der Hingerichteten, um die Bev\u00f6lkerung einzusch\u00fcchtern.   <br\/><\/p>\n\n<figure class=\"wp-block-image size-large is-resized\"><img loading=\"lazy\" decoding=\"async\" width=\"798\" height=\"1024\" src=\"https:\/\/www.pierre-schon.lu\/wp-content\/uploads\/2025\/04\/INCONNU_1942_0005_4284_PM-798x1024.jpg\" alt=\"\" class=\"wp-image-237\" style=\"width:429px;height:auto\" srcset=\"https:\/\/www.pierre-schon.lu\/wp-content\/uploads\/2025\/04\/INCONNU_1942_0005_4284_PM-798x1024.jpg 798w, https:\/\/www.pierre-schon.lu\/wp-content\/uploads\/2025\/04\/INCONNU_1942_0005_4284_PM-234x300.jpg 234w, https:\/\/www.pierre-schon.lu\/wp-content\/uploads\/2025\/04\/INCONNU_1942_0005_4284_PM-768x986.jpg 768w, https:\/\/www.pierre-schon.lu\/wp-content\/uploads\/2025\/04\/INCONNU_1942_0005_4284_PM-1196x1536.jpg 1196w, https:\/\/www.pierre-schon.lu\/wp-content\/uploads\/2025\/04\/INCONNU_1942_0005_4284_PM-1595x2048.jpg 1595w, https:\/\/www.pierre-schon.lu\/wp-content\/uploads\/2025\/04\/INCONNU_1942_0005_4284_PM-scaled.jpg 1994w\" sizes=\"auto, (max-width: 798px) 100vw, 798px\" \/><\/figure>\n\n<p class=\"has-small-font-size\">\u00a9 Photothek der Stadt Luxemburg. Unbekannter Autor <\/p>\n\n<p>W\u00e4hrend dieser Zeit engagierte sich Pierre aktiv f\u00fcr die Sammlung von Mitteln zur Unterst\u00fctzung der Familien, der von der Gestapo verhafteten M\u00e4nner. Die deutschen Beh\u00f6rden verh\u00e4ngten auch Vergeltungsma\u00dfnahmen gegen Familienangeh\u00f6rige: Deportationen von Angeh\u00f6rigen in Konzentrationslager oder Umsiedlungslager. Trotz dieser brutalen Repression zeigte der Generalstreik den Mut und die Widerstandskraft des luxemburgischen Volkes und markierte einen wichtigen Meilenstein im Kampf gegen die Nazi-Besatzung.<\/p>\n\n<p>In seinem Buch berichtet Alphonse Rodesch, dass am 7. September eine Radiobotschaft des britischen Au\u00dfenministers Anthony Eden ausgestrahlt wurde, die sich an das luxemburgische Volk richtete: \u201eWir in England haben mit Bewunderung und Sympathie den heldenhaften Widerstand gegen die nazistische Tyrannei eines kleinen, mutigen Volkes verfolgt. Ihr, Luxemburger, seid vereint in eurem Hass auf den Nazismus. Ihr habt gezeigt, dass ihr bleiben wollt, was ihr seid: ein freies Volk. Durch euren Mut und euren Widerstand habt ihr euer Recht darauf fest behauptet.\u201c   <\/p>\n\n<p>Die Exilregierung nutzte das Ereignis f\u00fcr eine breite Berichterstattung in der britischen und amerikanischen Presse. Das Recht Luxemburgs auf Unabh\u00e4ngigkeit und Freiheit wurde von den Alliierten anerkannt. <\/p>\n\n<h2 class=\"wp-block-heading has-vivid-cyan-blue-color has-text-color has-link-color has-medium-font-size wp-elements-40133d17584fd250972d66a6a6269e2c\">Die Zwangsrekrutierung<\/h2>\n\n<p>Am 30. August 1942 begannen die Deutschen mit der <a href=\"https:\/\/www.rtl.lu\/your-luxembourg\/knowledge-bites\/a\/1395527.html\">Zwangsrekrutierung<\/a> luxemburgischer Jugendlicher in die deutsche Armee. \u00dcber 10.000 junge M\u00e4nner im Alter von 18 bis 24 Jahren wurden gegen ihren Willen eingezogen. \u00dcber 3.000 von ihnen desertierten, und viele schlossen sich dem Widerstand an, wobei sie Fluchtnetzwerke nutzten, um Gefangennahme, Deportation, Zwangsarbeit oder Hinrichtung zu entgehen. Mehr als 100 von ihnen wurden von Pierre Schon mit gef\u00e4lschten Identit\u00e4ten versorgt, um nach Belgien zu fliehen. Einige schlossen sich dort den alliierten Streitkr\u00e4ften an.<br\/><br\/>Nahezu 3.000 luxemburgische Zwangsrekrutierte verloren im Krieg ihr Leben. Sie wurden an die Ostfront geschickt, ein besonders t\u00f6dliches Einsatzgebiet, und mussten sowjetischen Offensiven, entsetzlichen Bedingungen und einer extrem hohen Sterblichkeit trotzen. Zwischen 1943 und 1945 wurden 1.900 Luxemburger in sowjetischen Lagern festgehalten \u2013 1.000 davon im Lager Tambow \u2013, von denen 165 im Lager starben, 38 im Krankenhaus Kirsanow und 50 auf dem R\u00fcckweg ums Leben kamen.    <\/p>\n\n<h2 class=\"wp-block-heading has-vivid-cyan-blue-color has-text-color has-link-color has-medium-font-size wp-elements-1eac24c810966a67e38f73ac24f0b7d6\">Konzentrationslager Hinzert<\/h2>\n\n<p>Das Lager Hinzert lag 30 km von der luxemburgischen Grenze entfernt auf dem Hochwald-Plateau, 550 m hoch, mit Blick auf den Hunsr\u00fcck, umgeben von Kiefernw\u00e4ldern. Die Umgebung war feucht, windig, karg und im Winter eisig kalt. <br\/><br\/>Im Februar 1942 wurde die Lagerverwaltung der SS \u00fcbergeben; das Lager diente auch als Gestapo-Gef\u00e4ngnis f\u00fcr die Region Trier-Luxemburg.<\/p>\n\n<figure class=\"wp-block-image size-full is-resized\"><img loading=\"lazy\" decoding=\"async\" width=\"818\" height=\"507\" src=\"https:\/\/www.pierre-schon.lu\/wp-content\/uploads\/2025\/04\/Hintzen.png\" alt=\"\" class=\"wp-image-244\" style=\"width:656px;height:auto\" srcset=\"https:\/\/www.pierre-schon.lu\/wp-content\/uploads\/2025\/04\/Hintzen.png 818w, https:\/\/www.pierre-schon.lu\/wp-content\/uploads\/2025\/04\/Hintzen-300x186.png 300w, https:\/\/www.pierre-schon.lu\/wp-content\/uploads\/2025\/04\/Hintzen-768x476.png 768w\" sizes=\"auto, (max-width: 818px) 100vw, 818px\" \/><\/figure>\n\n<p>Zwischen 1939 und 1945 wurden etwa 13.600 politische Gefangene im Alter von 13 bis 80 Jahren in Hinzert festgehalten. Viele waren nur auf dem Weg zu anderen Lagern, in denen die meisten ermordet wurden. Darunter waren luxemburgische Widerstandsk\u00e4mpfer, Deserteure und politische Gegner. Es wird gesch\u00e4tzt, dass etwa 1.600 Luxemburger zu irgendeiner Zeit in Hinzert interniert waren und 82 dort starben. Viele Gefangene wurden auch hingerichtet. Am 25. Februar 1944 wurden 23 F\u00fchrer des luxemburgischen Widerstands erschossen. Das Lager wurde haupts\u00e4chlich von der SS geleitet und bewacht, die nach Angaben von \u00dcberlebenden f\u00fcr ihre Brutalit\u00e4t und Grausamkeit ber\u00fcchtigt war.      <br\/><br\/>Pierres bester Freund L\u00e9on verbrachte dort zwei Jahre Zwangsarbeit, nachdem er die Einberufung verweigert hatte. Obwohl Hinzert als Durchgangslager fungierte, war es zugleich der Ort, an dem 321 H\u00e4ftlinge \u2013 darunter zahlreiche Widerstandsk\u00e4mpfer \u2013 ums Leben kamen, oft durch Erschie\u00dfungen im umliegenden Wald, Ertr\u00e4nken oder t\u00f6dliche Injektionen. Manche Sch\u00e4tzungen gehen sogar von einer noch h\u00f6heren Zahl aus.   <br\/><br\/>Die Leichen von 78 in Hinzert, im K\u00f6lner Gef\u00e4ngnis Klingelp\u00fctz oder im Frankfurter Gef\u00e4ngnis Preungesheim hingerichteten Luxemburgern (\u00fcberwiegend Widerstandsk\u00e4mpfer) wurden am 9. und 10. M\u00e4rz 1946 exhumiert und nach Luxemburg zur\u00fcckgebracht. Entlang der Strecke ehrten B\u00fcrger in gestreiften H\u00e4ftlingsuniformen die Opfer. Sie wurden vor\u00fcbergehend auf dem Place d\u2019Armes in Luxemburg-Stadt, in Anwesenheit von W\u00fcrdentr\u00e4gern, aufgebahrt und anschlie\u00dfend auf dem Friedhof Notre-Dame beigesetzt. (Quelle: <a href=\"https:\/\/en.wikipedia.org\/wiki\/Hinzert_concentration_camp\">Wikipedia<\/a>)    <br\/><\/p>\n\n<figure class=\"wp-block-gallery has-nested-images columns-default is-cropped wp-block-gallery-1 is-layout-flex wp-block-gallery-is-layout-flex\">\n<figure class=\"wp-block-image size-large\"><img loading=\"lazy\" decoding=\"async\" width=\"1024\" height=\"685\" data-id=\"438\" src=\"https:\/\/www.pierre-schon.lu\/wp-content\/uploads\/2025\/05\/KRIER_Tony_1946_0020_0006_PM-1024x685.jpg\" alt=\"\" class=\"wp-image-438\" srcset=\"https:\/\/www.pierre-schon.lu\/wp-content\/uploads\/2025\/05\/KRIER_Tony_1946_0020_0006_PM-1024x685.jpg 1024w, https:\/\/www.pierre-schon.lu\/wp-content\/uploads\/2025\/05\/KRIER_Tony_1946_0020_0006_PM-300x201.jpg 300w, https:\/\/www.pierre-schon.lu\/wp-content\/uploads\/2025\/05\/KRIER_Tony_1946_0020_0006_PM-768x514.jpg 768w, https:\/\/www.pierre-schon.lu\/wp-content\/uploads\/2025\/05\/KRIER_Tony_1946_0020_0006_PM-1536x1028.jpg 1536w, https:\/\/www.pierre-schon.lu\/wp-content\/uploads\/2025\/05\/KRIER_Tony_1946_0020_0006_PM-2048x1370.jpg 2048w\" sizes=\"auto, (max-width: 1024px) 100vw, 1024px\" \/><\/figure>\n\n\n\n<figure class=\"wp-block-image size-large\"><img loading=\"lazy\" decoding=\"async\" width=\"1024\" height=\"685\" data-id=\"440\" src=\"https:\/\/www.pierre-schon.lu\/wp-content\/uploads\/2025\/05\/KRIER_Tony_1946_0020_0008_PM-1024x685.jpg\" alt=\"\" class=\"wp-image-440\" srcset=\"https:\/\/www.pierre-schon.lu\/wp-content\/uploads\/2025\/05\/KRIER_Tony_1946_0020_0008_PM-1024x685.jpg 1024w, https:\/\/www.pierre-schon.lu\/wp-content\/uploads\/2025\/05\/KRIER_Tony_1946_0020_0008_PM-300x201.jpg 300w, https:\/\/www.pierre-schon.lu\/wp-content\/uploads\/2025\/05\/KRIER_Tony_1946_0020_0008_PM-768x514.jpg 768w, https:\/\/www.pierre-schon.lu\/wp-content\/uploads\/2025\/05\/KRIER_Tony_1946_0020_0008_PM-1536x1028.jpg 1536w, https:\/\/www.pierre-schon.lu\/wp-content\/uploads\/2025\/05\/KRIER_Tony_1946_0020_0008_PM-2048x1370.jpg 2048w\" sizes=\"auto, (max-width: 1024px) 100vw, 1024px\" \/><\/figure>\n\n\n\n<figure class=\"wp-block-image size-large\"><img loading=\"lazy\" decoding=\"async\" width=\"1024\" height=\"687\" data-id=\"439\" src=\"https:\/\/www.pierre-schon.lu\/wp-content\/uploads\/2025\/05\/KRIER_Tony_1946_0020_0020_PM-1024x687.jpg\" alt=\"\" class=\"wp-image-439\" srcset=\"https:\/\/www.pierre-schon.lu\/wp-content\/uploads\/2025\/05\/KRIER_Tony_1946_0020_0020_PM-1024x687.jpg 1024w, https:\/\/www.pierre-schon.lu\/wp-content\/uploads\/2025\/05\/KRIER_Tony_1946_0020_0020_PM-300x201.jpg 300w, https:\/\/www.pierre-schon.lu\/wp-content\/uploads\/2025\/05\/KRIER_Tony_1946_0020_0020_PM-768x515.jpg 768w, https:\/\/www.pierre-schon.lu\/wp-content\/uploads\/2025\/05\/KRIER_Tony_1946_0020_0020_PM-1536x1030.jpg 1536w, https:\/\/www.pierre-schon.lu\/wp-content\/uploads\/2025\/05\/KRIER_Tony_1946_0020_0020_PM-2048x1374.jpg 2048w\" sizes=\"auto, (max-width: 1024px) 100vw, 1024px\" \/><\/figure>\n<\/figure>\n\n<p class=\"has-small-font-size\">Fotos \u00a9 Photothek der Stadt Luxemburg. Autor: Tony Krier <\/p>\n\n<p>J\u00e4hrlich finden in Luxemburg-Stadt <a href=\"https:\/\/www.vdl.lu\/en\/hinzerter-kraiz\">Gedenkfeiern<\/a> statt, um an diese tragischen Ereignisse zu erinnern. <\/p>\n\n<div class=\"wp-block-buttons is-content-justification-center is-layout-flex wp-container-core-buttons-is-layout-a89b3969 wp-block-buttons-is-layout-flex\">\n<div class=\"wp-block-button\"><a class=\"wp-block-button__link wp-element-button\" href=\"https:\/\/www.pierre-schon.lu\/de\/luxemburg\/verlorene-freunde\/\">Weiter<\/a><\/div>\n<\/div>\n","protected":false},"excerpt":{"rendered":"<p>Titelbild: Gestapo-Hauptquartier in der Villa Pauly, Luxemburg-Stadt. \u00a9 Phototh\u00e8que de la Ville de Luxembourg. Urheber unbekannt. Gestapo-Razzia Im Jahr 1942 [&hellip;]<\/p>\n","protected":false},"author":1,"featured_media":0,"parent":4465,"menu_order":0,"comment_status":"closed","ping_status":"closed","template":"","meta":{"site-sidebar-layout":"default","site-content-layout":"","ast-site-content-layout":"","site-content-style":"default","site-sidebar-style":"default","ast-global-header-display":"","ast-banner-title-visibility":"","ast-main-header-display":"","ast-hfb-above-header-display":"","ast-hfb-below-header-display":"","ast-hfb-mobile-header-display":"","site-post-title":"","ast-breadcrumbs-content":"","ast-featured-img":"","footer-sml-layout":"","ast-disable-related-posts":"","theme-transparent-header-meta":"","adv-header-id-meta":"","stick-header-meta":"","header-above-stick-meta":"","header-main-stick-meta":"","header-below-stick-meta":"","astra-migrate-meta-layouts":"default","ast-page-background-enabled":"default","ast-page-background-meta":{"desktop":{"background-color":"var(--ast-global-color-5)","background-image":"","background-repeat":"repeat","background-position":"center center","background-size":"auto","background-attachment":"scroll","background-type":"","background-media":"","overlay-type":"","overlay-color":"","overlay-opacity":"","overlay-gradient":""},"tablet":{"background-color":"","background-image":"","background-repeat":"repeat","background-position":"center center","background-size":"auto","background-attachment":"scroll","background-type":"","background-media":"","overlay-type":"","overlay-color":"","overlay-opacity":"","overlay-gradient":""},"mobile":{"background-color":"","background-image":"","background-repeat":"repeat","background-position":"center center","background-size":"auto","background-attachment":"scroll","background-type":"","background-media":"","overlay-type":"","overlay-color":"","overlay-opacity":"","overlay-gradient":""}},"ast-content-background-meta":{"desktop":{"background-color":"var(--ast-global-color-4)","background-image":"","background-repeat":"repeat","background-position":"center center","background-size":"auto","background-attachment":"scroll","background-type":"","background-media":"","overlay-type":"","overlay-color":"","overlay-opacity":"","overlay-gradient":""},"tablet":{"background-color":"var(--ast-global-color-4)","background-image":"","background-repeat":"repeat","background-position":"center center","background-size":"auto","background-attachment":"scroll","background-type":"","background-media":"","overlay-type":"","overlay-color":"","overlay-opacity":"","overlay-gradient":""},"mobile":{"background-color":"var(--ast-global-color-4)","background-image":"","background-repeat":"repeat","background-position":"center center","background-size":"auto","background-attachment":"scroll","background-type":"","background-media":"","overlay-type":"","overlay-color":"","overlay-opacity":"","overlay-gradient":""}},"footnotes":""},"class_list":["post-4181","page","type-page","status-publish","hentry"],"_links":{"self":[{"href":"https:\/\/www.pierre-schon.lu\/de\/wp-json\/wp\/v2\/pages\/4181","targetHints":{"allow":["GET"]}}],"collection":[{"href":"https:\/\/www.pierre-schon.lu\/de\/wp-json\/wp\/v2\/pages"}],"about":[{"href":"https:\/\/www.pierre-schon.lu\/de\/wp-json\/wp\/v2\/types\/page"}],"author":[{"embeddable":true,"href":"https:\/\/www.pierre-schon.lu\/de\/wp-json\/wp\/v2\/users\/1"}],"replies":[{"embeddable":true,"href":"https:\/\/www.pierre-schon.lu\/de\/wp-json\/wp\/v2\/comments?post=4181"}],"version-history":[{"count":6,"href":"https:\/\/www.pierre-schon.lu\/de\/wp-json\/wp\/v2\/pages\/4181\/revisions"}],"predecessor-version":[{"id":4604,"href":"https:\/\/www.pierre-schon.lu\/de\/wp-json\/wp\/v2\/pages\/4181\/revisions\/4604"}],"up":[{"embeddable":true,"href":"https:\/\/www.pierre-schon.lu\/de\/wp-json\/wp\/v2\/pages\/4465"}],"wp:attachment":[{"href":"https:\/\/www.pierre-schon.lu\/de\/wp-json\/wp\/v2\/media?parent=4181"}],"curies":[{"name":"wp","href":"https:\/\/api.w.org\/{rel}","templated":true}]}}