{"id":4146,"date":"2025-04-07T12:53:20","date_gmt":"2025-04-07T10:53:20","guid":{"rendered":"https:\/\/www.pierre-schon.lu\/aufbau-des-widerstands\/"},"modified":"2026-02-22T16:29:56","modified_gmt":"2026-02-22T15:29:56","slug":"aufbau-des-widerstands","status":"publish","type":"page","link":"https:\/\/www.pierre-schon.lu\/de\/luxemburg\/aufbau-des-widerstands\/","title":{"rendered":"Aufbau des Widerstands <br>"},"content":{"rendered":"\n<div class=\"wp-block-group page-hero has-background is-vertical is-content-justification-center is-layout-flex wp-container-core-group-is-layout-ce155fab wp-block-group-is-layout-flex\" style=\"background-color:#00a3e0\">\n<div class=\"wp-block-group is-vertical is-layout-flex wp-container-core-group-is-layout-fe9cc265 wp-block-group-is-layout-flex\">\n<p class=\"has-ast-global-color-4-color has-text-color has-link-color wp-elements-b5be9b0022782dfb977bba45c8b0337e\"><\/p>\n\n\n\n<figure class=\"wp-block-image size-full\"><img loading=\"lazy\" decoding=\"async\" width=\"628\" height=\"877\" src=\"https:\/\/www.pierre-schon.lu\/wp-content\/uploads\/2025\/08\/Patriotic-poster.jpg\" alt=\"\" class=\"wp-image-3239\" srcset=\"https:\/\/www.pierre-schon.lu\/wp-content\/uploads\/2025\/08\/Patriotic-poster.jpg 628w, https:\/\/www.pierre-schon.lu\/wp-content\/uploads\/2025\/08\/Patriotic-poster-215x300.jpg 215w\" sizes=\"auto, (max-width: 628px) 100vw, 628px\" \/><\/figure>\n<\/div>\n<\/div>\n\n<p class=\"has-small-font-size\">Kopfzeilenfoto \u2013 Patriotisches LPL-Plakat mit Gro\u00dfherzogin Charlotte und dem Slogan \u201eMir w\u00eblle bleiwe wat mir sinn\u201c. (\u201eWir wollen bleiben, was wir sind\u201c).\u00a9 Fotograf Alex Wagner, Ettelbr\u00fcck (1897\u20131973). \u00dcber 100.000 Exemplare wurden gedruckt. Einige gelangten auch nach England und in die USA. Als Fotograf der LPL und Unterst\u00fctzer des Widerstands, auch durch die Anfertigung von Passfotos f\u00fcr gef\u00e4lschte Papiere, wurde Wagner ab 1942 in die KZ Hinzert, Natzweiler-Struthof und Dachau deportiert; sein Gesch\u00e4ft wurde geschlossen, seine Ehefrau f\u00fcr mehrere Monate im Frauengef\u00e4ngnis im Grund inhaftiert. Weitere Hintergr\u00fcnde von Will Ferigo (erschienen im Buch \u201eEttelbr\u00fcck im 2. Weltkrieg \u2013 Band 2 \u2013 Ettelbr\u00fccker Fotografie im Widerstand \u2013 Herausgeber: GREG-2024).    <\/p>\n\n<h2 class=\"wp-block-heading has-vivid-cyan-blue-color has-text-color has-link-color has-medium-font-size wp-elements-47fbad8fbac8b1958cb15df48effde34\">Gr\u00fcndung der L\u00ebtzebuerger Patrioten Liga (LPL Nord)<\/h2>\n\n<p>In diesem alarmierenden Kontext begannen sich Ende 1940 mehrere Widerstandsbewegungen, in Luxemburg zu formieren. Ihr Hauptziel: anti-nazistische Propaganda verbreiten, Menschen bei der Flucht helfen und deutsche Operationen sabotieren. Anfangs war der luxemburgische Widerstand zersplittert, bestehend aus mehreren unabh\u00e4ngigen Untergrundgruppen.  <br\/><br\/>Im November 1940 wurde in Klierf die L\u00ebtzebuerger Patrioten Liga (LPL Nord) von Alphonse Rodesch, einem pensionierten Zollbeamten, mitbegr\u00fcndet. Die LPL wurde eine der bedeutendsten Widerstandsbewegungen des Landes w\u00e4hrend des Zweiten Weltkriegs. Besonders aktiv war sie in Klierf und den umliegenden D\u00f6rfern \u2013 einer strategisch wichtigen Region in der N\u00e4he der belgischen Grenze.  <\/p>\n\n<figure class=\"wp-block-image size-full is-resized\"><img loading=\"lazy\" decoding=\"async\" width=\"515\" height=\"567\" src=\"https:\/\/www.pierre-schon.lu\/wp-content\/uploads\/2025\/04\/mapofLuxembourg.png\" alt=\"\" class=\"wp-image-201\" style=\"width:388px;height:auto\" srcset=\"https:\/\/www.pierre-schon.lu\/wp-content\/uploads\/2025\/04\/mapofLuxembourg.png 515w, https:\/\/www.pierre-schon.lu\/wp-content\/uploads\/2025\/04\/mapofLuxembourg-272x300.png 272w\" sizes=\"auto, (max-width: 515px) 100vw, 515px\" \/><\/figure>\n\n<p>Als Mitbegr\u00fcnder der LPL spielte Alphonse Rodesch eine zentrale Rolle bei der Organisation von Widerstandsaktivit\u00e4ten, der Sammlung von Informationen und der Unterst\u00fctzung von Fluchtnetzwerken. Schon vor dem Krieg war Rodesch in patriotischen und kulturellen Kreisen aktiv, entschlossen, die nationale Identit\u00e4t Luxemburgs zu bewahren. Die Besatzung st\u00e4rkte nur seinen Willen, sich gegen die Nazifizierung des Landes zu wehren.  <\/p>\n\n<figure class=\"wp-block-image size-full is-resized\"><img loading=\"lazy\" decoding=\"async\" width=\"300\" height=\"367\" src=\"https:\/\/www.pierre-schon.lu\/wp-content\/uploads\/2025\/09\/Rodesch.jpg\" alt=\"\" class=\"wp-image-3584\" style=\"width:199px;height:auto\" srcset=\"https:\/\/www.pierre-schon.lu\/wp-content\/uploads\/2025\/09\/Rodesch.jpg 300w, https:\/\/www.pierre-schon.lu\/wp-content\/uploads\/2025\/09\/Rodesch-245x300.jpg 245w\" sizes=\"auto, (max-width: 300px) 100vw, 300px\" \/><\/figure>\n\n<p class=\"has-small-font-size\">Alphonse Rodesch \u00a9 Amicale LPL<\/p>\n\n<p class=\"has-small-font-size\"><\/p>\n\n<p>Der zweite Mitbegr\u00fcnder, Josy Fellens, konzentrierte sich auf die Informationsbeschaffung. 1942 gelangte er an entscheidende Informationen \u00fcber die geplante Annexion Luxemburgs sowie die Einf\u00fchrung der Zwangsrekrutierung in die deutsche Wehrmacht. Er \u00fcbermittelte die Informationen nach Br\u00fcssel, um daraus Flugbl\u00e4tter herstellen zu lassen, die die luxemburgische Bev\u00f6lkerung vor den drohenden Ma\u00dfnahmen warnten. Zudem war er an der Fluchthilfe bedrohter Personen nach Belgien beteiligt. Nach einer knapp entgangenen Verhaftung durch die Gestapo verbrachte Josy Fellens die letzten zwei Jahre der Besatzung im Untergrund, wobei er st\u00e4ndig seinen Aufenthaltsort wechselte.    <\/p>\n\n<h2 class=\"wp-block-heading has-vivid-cyan-blue-color has-text-color has-link-color has-medium-font-size wp-elements-716fe82f7a767854cb78a13b02c7f864\">Propaganda im Einsatz<\/h2>\n\n<p>Fellens reiste regelm\u00e4\u00dfig mit gef\u00e4lschten Papieren zwischen Luxemburg und Br\u00fcssel. Auf diesen Missionen brachte er Flugbl\u00e4tter und Untergrundzeitungen, die in Br\u00fcssel gedruckt worden waren, zur luxemburgischen Widerstandsbewegung, um den Widerstand zu ermutigen und die Bev\u00f6lkerung zu informieren. <br\/><br\/>Bereits im Dezember 1941 ver\u00f6ffentlichte die LPL eine illegale, in Br\u00fcssel gedruckte Widerstandszeitung, kritisch und satirisch, mit dem Titel De freie L\u00f6tzeburger (\u201eDer freie Luxemburger\u201c),. Im September 1942 wurde sie in \u201cDe freie Letzeburger\u201d umbenannt (Ons H\u00e9mecht). Um die Nazi-Zensur zu verspotten, gab die LPL im Impressum der verbotenen Zeitung einen fiktiven Herausgeber namens D\u00e9ngens D\u00f6mmy an, mit Wohnsitz im Gef\u00e4ngnis \u201eam Gronn\u201c \u2013 und angeblichem Druckort: Boulevard de la P\u00e9trusse 57, Luxemburg, also Villa Pauly \u2013 das lokale Gestapo-Hauptquartier. <a href=\"http:\/\/www.ons-jongen-a-meedercher.lu\/uploads\/media\/document\/0001\/95\/02c94e38a084e2638cb8504bd94dddb08eec4a74.pdf\">Mehr erfahren<\/a><\/p>\n\n<figure class=\"wp-block-image size-full is-resized\"><img loading=\"lazy\" decoding=\"async\" width=\"782\" height=\"707\" src=\"https:\/\/www.pierre-schon.lu\/wp-content\/uploads\/2025\/04\/FreeLuxembourger.png\" alt=\"\" class=\"wp-image-204\" style=\"width:623px;height:auto\" srcset=\"https:\/\/www.pierre-schon.lu\/wp-content\/uploads\/2025\/04\/FreeLuxembourger.png 782w, https:\/\/www.pierre-schon.lu\/wp-content\/uploads\/2025\/04\/FreeLuxembourger-300x271.png 300w, https:\/\/www.pierre-schon.lu\/wp-content\/uploads\/2025\/04\/FreeLuxembourger-768x694.png 768w\" sizes=\"auto, (max-width: 782px) 100vw, 782px\" \/><\/figure>\n\n<h2 class=\"wp-block-heading has-vivid-cyan-blue-color has-text-color has-link-color has-medium-font-size wp-elements-88456cd20a402bb1cef81e7c84928b5c\">Pierre Schon schlie\u00dft sich dem Widerstand an<\/h2>\n\n<p>Im November 1940, dem Gr\u00fcndungsmonat der Bewegung, trat Pierre Schon der LPL bei. Er war 25 Jahre alt, lebte im kleinen Dorf D\u00fcnningen, nur 7 km von Klierf (Clervaux) entfernt, und arbeitete auf dem Familienhof. Er wurde Gruppenleiter der LPL f\u00fcr die Linie Rodesch (Luxemburg\u2013Br\u00fcssel) und war zugleich als Verbindungsoffizier f\u00fcr Nachrichtendienste t\u00e4tig (Mitgliedsausweis des belgisch-luxemburgischen Geheimdienstes: OT 0193). Zudem war er aktiv in verschiedenen Eins\u00e4tzen vor Ort eingebunden. <br\/><br\/>Das Familienhaus wurde zu einem wichtigen Treffpunkt der LPL und bot verfolgten politischen Fl\u00fcchtlingen Unterschlupf, bis f\u00fcr sie neue Identit\u00e4ten geschaffen und sichere Transfers vorbereitet waren. <\/p>\n\n<figure class=\"wp-block-image size-large is-resized\"><img loading=\"lazy\" decoding=\"async\" width=\"1024\" height=\"768\" src=\"https:\/\/www.pierre-schon.lu\/wp-content\/uploads\/2025\/07\/House-Doennange-1024x768.png\" alt=\"\" class=\"wp-image-2048\" style=\"width:555px;height:auto\" srcset=\"https:\/\/www.pierre-schon.lu\/wp-content\/uploads\/2025\/07\/House-Doennange-1024x768.png 1024w, https:\/\/www.pierre-schon.lu\/wp-content\/uploads\/2025\/07\/House-Doennange-300x225.png 300w, https:\/\/www.pierre-schon.lu\/wp-content\/uploads\/2025\/07\/House-Doennange-768x576.png 768w, https:\/\/www.pierre-schon.lu\/wp-content\/uploads\/2025\/07\/House-Doennange-1536x1152.png 1536w, https:\/\/www.pierre-schon.lu\/wp-content\/uploads\/2025\/07\/House-Doennange.png 2000w\" sizes=\"auto, (max-width: 1024px) 100vw, 1024px\" \/><\/figure>\n\n<p>Zu den versteckten Personen bei der Familie Schon geh\u00f6rten namhafte Widerstandsk\u00e4mpfer wie: \u2013 Raymond Petit (Gr\u00fcnder der LPL in Echternach) \u2013 Gaston Wormeringer, Hauptmann aus Diekirch \u2013 L\u00e9opold Betz, Hauptmann aus Walferdingen <br\/><\/p>\n\n<p>Umgeben von W\u00e4ldern, bot das ruhige Dorf mit seinen verstreut liegenden Steinh\u00e4usern, Feldern und Bauernh\u00f6fen einen idealen und diskreten Ort f\u00fcr Widerstandsaktivit\u00e4ten. <\/p>\n\n<figure class=\"wp-block-image size-full\"><img loading=\"lazy\" decoding=\"async\" width=\"737\" height=\"248\" src=\"https:\/\/www.pierre-schon.lu\/wp-content\/uploads\/2025\/04\/Donnange.png\" alt=\"\" class=\"wp-image-205\" srcset=\"https:\/\/www.pierre-schon.lu\/wp-content\/uploads\/2025\/04\/Donnange.png 737w, https:\/\/www.pierre-schon.lu\/wp-content\/uploads\/2025\/04\/Donnange-300x101.png 300w\" sizes=\"auto, (max-width: 737px) 100vw, 737px\" \/><\/figure>\n\n<p>Doch die Gefahr war allgegenw\u00e4rtig. In der gesamten Region war ein dichtes Netz von Nazi-Informanten und VdB-Mitgliedern aktiv. Pierre Schon wurde zwischen 1942 und Anfang 1945 Zeuge der Verhaftung und Ermordung mehrerer Freunde und Kameraden. Trotz dieser Verluste wuchs seine Entschlossenheit, den Besatzern zu widerstehen und noch mehr Menschen vor dem Zugriff des Nazi-Regimes zu bewahren.  <\/p>\n\n<div class=\"wp-block-buttons is-content-justification-center is-layout-flex wp-container-core-buttons-is-layout-a89b3969 wp-block-buttons-is-layout-flex\">\n<div class=\"wp-block-button\"><a class=\"wp-block-button__link wp-element-button\" href=\"https:\/\/www.pierre-schon.lu\/de\/luxemburg\/pierre-schon-1941-bis-1943\/\">Weiter<\/a><\/div>\n<\/div>\n","protected":false},"excerpt":{"rendered":"<p>Kopfzeilenfoto \u2013 Patriotisches LPL-Plakat mit Gro\u00dfherzogin Charlotte und dem Slogan \u201eMir w\u00eblle bleiwe wat mir sinn\u201c. (\u201eWir wollen bleiben, was [&hellip;]<\/p>\n","protected":false},"author":1,"featured_media":0,"parent":4465,"menu_order":0,"comment_status":"closed","ping_status":"closed","template":"","meta":{"site-sidebar-layout":"default","site-content-layout":"","ast-site-content-layout":"","site-content-style":"default","site-sidebar-style":"default","ast-global-header-display":"","ast-banner-title-visibility":"","ast-main-header-display":"","ast-hfb-above-header-display":"","ast-hfb-below-header-display":"","ast-hfb-mobile-header-display":"","site-post-title":"","ast-breadcrumbs-content":"","ast-featured-img":"","footer-sml-layout":"","ast-disable-related-posts":"","theme-transparent-header-meta":"","adv-header-id-meta":"","stick-header-meta":"","header-above-stick-meta":"","header-main-stick-meta":"","header-below-stick-meta":"","astra-migrate-meta-layouts":"default","ast-page-background-enabled":"default","ast-page-background-meta":{"desktop":{"background-color":"var(--ast-global-color-5)","background-image":"","background-repeat":"repeat","background-position":"center center","background-size":"auto","background-attachment":"scroll","background-type":"","background-media":"","overlay-type":"","overlay-color":"","overlay-opacity":"","overlay-gradient":""},"tablet":{"background-color":"","background-image":"","background-repeat":"repeat","background-position":"center center","background-size":"auto","background-attachment":"scroll","background-type":"","background-media":"","overlay-type":"","overlay-color":"","overlay-opacity":"","overlay-gradient":""},"mobile":{"background-color":"","background-image":"","background-repeat":"repeat","background-position":"center center","background-size":"auto","background-attachment":"scroll","background-type":"","background-media":"","overlay-type":"","overlay-color":"","overlay-opacity":"","overlay-gradient":""}},"ast-content-background-meta":{"desktop":{"background-color":"var(--ast-global-color-4)","background-image":"","background-repeat":"repeat","background-position":"center center","background-size":"auto","background-attachment":"scroll","background-type":"","background-media":"","overlay-type":"","overlay-color":"","overlay-opacity":"","overlay-gradient":""},"tablet":{"background-color":"var(--ast-global-color-4)","background-image":"","background-repeat":"repeat","background-position":"center center","background-size":"auto","background-attachment":"scroll","background-type":"","background-media":"","overlay-type":"","overlay-color":"","overlay-opacity":"","overlay-gradient":""},"mobile":{"background-color":"var(--ast-global-color-4)","background-image":"","background-repeat":"repeat","background-position":"center center","background-size":"auto","background-attachment":"scroll","background-type":"","background-media":"","overlay-type":"","overlay-color":"","overlay-opacity":"","overlay-gradient":""}},"footnotes":""},"class_list":["post-4146","page","type-page","status-publish","hentry"],"_links":{"self":[{"href":"https:\/\/www.pierre-schon.lu\/de\/wp-json\/wp\/v2\/pages\/4146","targetHints":{"allow":["GET"]}}],"collection":[{"href":"https:\/\/www.pierre-schon.lu\/de\/wp-json\/wp\/v2\/pages"}],"about":[{"href":"https:\/\/www.pierre-schon.lu\/de\/wp-json\/wp\/v2\/types\/page"}],"author":[{"embeddable":true,"href":"https:\/\/www.pierre-schon.lu\/de\/wp-json\/wp\/v2\/users\/1"}],"replies":[{"embeddable":true,"href":"https:\/\/www.pierre-schon.lu\/de\/wp-json\/wp\/v2\/comments?post=4146"}],"version-history":[{"count":14,"href":"https:\/\/www.pierre-schon.lu\/de\/wp-json\/wp\/v2\/pages\/4146\/revisions"}],"predecessor-version":[{"id":4624,"href":"https:\/\/www.pierre-schon.lu\/de\/wp-json\/wp\/v2\/pages\/4146\/revisions\/4624"}],"up":[{"embeddable":true,"href":"https:\/\/www.pierre-schon.lu\/de\/wp-json\/wp\/v2\/pages\/4465"}],"wp:attachment":[{"href":"https:\/\/www.pierre-schon.lu\/de\/wp-json\/wp\/v2\/media?parent=4146"}],"curies":[{"name":"wp","href":"https:\/\/api.w.org\/{rel}","templated":true}]}}