{"id":4139,"date":"2025-04-07T12:52:57","date_gmt":"2025-04-07T10:52:57","guid":{"rendered":"https:\/\/www.pierre-schon.lu\/beginn-der-deutschen-besatzung\/"},"modified":"2025-11-25T15:48:51","modified_gmt":"2025-11-25T14:48:51","slug":"beginn-der-deutschen-besatzung","status":"publish","type":"page","link":"https:\/\/www.pierre-schon.lu\/de\/luxemburg\/beginn-der-deutschen-besatzung\/","title":{"rendered":"Beginn der deutschen Besatzung <br>"},"content":{"rendered":"\n<div class=\"wp-block-group page-hero has-background is-vertical is-layout-flex wp-container-core-group-is-layout-fe9cc265 wp-block-group-is-layout-flex\" style=\"background-color:#00a3e0\">\n<div class=\"wp-block-group is-vertical is-layout-flex wp-container-core-group-is-layout-fe9cc265 wp-block-group-is-layout-flex\">\n<figure class=\"wp-block-image size-full hero-image\"><img loading=\"lazy\" decoding=\"async\" width=\"2560\" height=\"1871\" src=\"https:\/\/www.pierre-schon.lu\/wp-content\/uploads\/2025\/04\/INCONNU_1940-45_0004_4834_PM-scaled.jpg\" alt=\"\" class=\"wp-image-187\" style=\"object-fit:cover\" srcset=\"https:\/\/www.pierre-schon.lu\/wp-content\/uploads\/2025\/04\/INCONNU_1940-45_0004_4834_PM-scaled.jpg 2560w, https:\/\/www.pierre-schon.lu\/wp-content\/uploads\/2025\/04\/INCONNU_1940-45_0004_4834_PM-300x219.jpg 300w, https:\/\/www.pierre-schon.lu\/wp-content\/uploads\/2025\/04\/INCONNU_1940-45_0004_4834_PM-1024x748.jpg 1024w, https:\/\/www.pierre-schon.lu\/wp-content\/uploads\/2025\/04\/INCONNU_1940-45_0004_4834_PM-768x561.jpg 768w, https:\/\/www.pierre-schon.lu\/wp-content\/uploads\/2025\/04\/INCONNU_1940-45_0004_4834_PM-1536x1122.jpg 1536w, https:\/\/www.pierre-schon.lu\/wp-content\/uploads\/2025\/04\/INCONNU_1940-45_0004_4834_PM-2048x1496.jpg 2048w\" sizes=\"auto, (max-width: 2560px) 100vw, 2560px\" \/><\/figure>\n\n\n\n<p class=\"has-ast-global-color-4-color has-text-color has-link-color wp-elements-b5be9b0022782dfb977bba45c8b0337e\"><\/p>\n<\/div>\n<\/div>\n\n<p class=\"has-small-font-size\">Kopfzeilenfoto &#8211; Hakenkreuzfahnen schm\u00fccken den Place Guillaume, einen der Hauptpl\u00e4tze der Stadt Luxemburg. \u00a9 Phototh\u00e8que de la Ville de Luxembourg. Urheber unbekannt.  <\/p>\n\n<p style=\"margin-top:var(--wp--preset--spacing--70);margin-bottom:0rem\"><a href=\"https:\/\/luxembourg.public.lu\/en\/society-and-culture\/history\/second-world-war.html\">Gro\u00dfherzogin Charlotte und die luxemburgische Regierung<\/a>, am Tag der Invasion vorgewarnt, verlie\u00dfen das Land. Ihre Reise f\u00fchrte sie zun\u00e4chst nach Portugal und sp\u00e4ter weiter nach Kanada. Schlie\u00dflich lie\u00dfen sich die gro\u00dfherzogliche Familie und die Exilregierung in London nieder, um den luxemburgischen Widerstand zu unterst\u00fctzen und mit den alliierten Regierungen zusammenzuarbeiten.  <br\/><br\/>Am 13. Juli 1940 wurde in Luxemburg-Stadt die <a href=\"https:\/\/en.wikipedia.org\/wiki\/Volksdeutsche_Bewegung\">Volksdeutsche Bewegung (VdB)<\/a> gegr\u00fcndet. Ihr Hauptziel bestand darin, die Bev\u00f6lkerung mithilfe von Propaganda zur Unterst\u00fctzung Deutschlands zu bewegen \u2013 unter anderem durch die Parole \u201aHeim ins Reich\u2018. Mitgliedsausweis der VdB <br\/><\/p>\n\n<p><a href=\"https:\/\/alchetron.com\/Volksdeutsche-Bewegung\">Mitgliedskarte des VdB<\/a><\/p>\n\n<figure class=\"wp-block-image size-full is-resized\"><img loading=\"lazy\" decoding=\"async\" width=\"531\" height=\"412\" src=\"https:\/\/www.pierre-schon.lu\/wp-content\/uploads\/2025\/04\/VdBcard.png\" alt=\"\" class=\"wp-image-190\" style=\"width:408px;height:auto\" srcset=\"https:\/\/www.pierre-schon.lu\/wp-content\/uploads\/2025\/04\/VdBcard.png 531w, https:\/\/www.pierre-schon.lu\/wp-content\/uploads\/2025\/04\/VdBcard-300x233.png 300w\" sizes=\"auto, (max-width: 531px) 100vw, 531px\" \/><\/figure>\n\n<p>Auf dem H\u00f6hepunkt z\u00e4hlte die VdB rund 84.000 Mitglieder \u2013 das entsprach fast 30 % der Bev\u00f6lkerung. Viele Beamte, Polizisten, Lehrer, Richter und andere Berufsgruppen wurden jedoch zum Beitritt gezwungen, da ihnen andernfalls der Verlust ihrer Arbeitsstelle und damit ihrer wirtschaftlichen Existenz drohte. Die meisten von ihnen waren passive Mitglieder und dachten nicht daran, Juden oder Widerstandsk\u00e4mpfer zu denunzieren.   <br\/><br\/>Die Nationalsozialisten betrachteten das luxemburgische Volk lediglich als eine germanische Volksgruppe und das Gro\u00dfherzogtum als deutsches Gebiet.<br\/><br\/>Eine massive Propagandakampagne zur Germanisierung wurde gestartet. Wer sich offen gegen das Regime stellte, verlor seinen Arbeitsplatz oder wurde deportiert \u2013 meist in den Osten Deutschlands, und im schlimmsten Fall in Konzentrationslager geschickt. Ab dem 6. August 1940 wurde Deutsch zur einzigen Amtssprache, die Verwendung der franz\u00f6sischen Sprache wurde verboten.  <\/p>\n\n<p>Ende Juli 1940 wurde die Milit\u00e4rverwaltung durch eine zivile Verwaltung unter der Autorit\u00e4t des Gauleiters Gustav Simon aus dem benachbarten Gau Koblenz-Trier ersetzt. Gustav Simon regierte Luxemburg mit eiserner Hand. <br data-mce-bogus=\"1\"\/> <\/p>\n\n<figure class=\"wp-block-image size-full is-resized\"><img loading=\"lazy\" decoding=\"async\" width=\"351\" height=\"500\" src=\"https:\/\/www.pierre-schon.lu\/wp-content\/uploads\/2025\/11\/Gustav-Simon.jpg\" alt=\"\" class=\"wp-image-4070\" style=\"width:309px;height:auto\" srcset=\"https:\/\/www.pierre-schon.lu\/wp-content\/uploads\/2025\/11\/Gustav-Simon.jpg 351w, https:\/\/www.pierre-schon.lu\/wp-content\/uploads\/2025\/11\/Gustav-Simon-211x300.jpg 211w\" sizes=\"auto, (max-width: 351px) 100vw, 351px\" \/><\/figure>\n\n<p>Die Gestapo (Geheime Staatspolizei) kam kurz nach der Invasion nach Luxemburg und wurde rasch zu einem gef\u00fcrchteten Instrument der nationalsozialistischen Repression. Ihre Aufgaben bestanden darin, den Widerstand zu zerschlagen, die deutsche Herrschaft durchzusetzen und die Bev\u00f6lkerung durch Terror gef\u00fcgig zu machen. <br data-mce-bogus=\"1\"\/> <br\/><br\/>Ihr Hauptquartier wurde in der Villa Pauly eingerichtet, einem Herrenhaus in Luxemburg-Stadt, welches zum Synonym f\u00fcr Folter, Verh\u00f6re und Hinrichtungen wurde. Weitere regionale B\u00fcros entstanden in der Villa Seligmann in Esch-sur-Alzette (im S\u00fcden) und in der Villa Conter in Diekirch (im Norden). <\/p>\n\n<figure class=\"wp-block-image size-large is-resized\"><img loading=\"lazy\" decoding=\"async\" width=\"721\" height=\"1024\" src=\"https:\/\/www.pierre-schon.lu\/wp-content\/uploads\/2025\/04\/KRIER-Tony-1944_5_4557_PM-721x1024.jpg\" alt=\"\" class=\"wp-image-194\" style=\"width:460px;height:auto\" srcset=\"https:\/\/www.pierre-schon.lu\/wp-content\/uploads\/2025\/04\/KRIER-Tony-1944_5_4557_PM-721x1024.jpg 721w, https:\/\/www.pierre-schon.lu\/wp-content\/uploads\/2025\/04\/KRIER-Tony-1944_5_4557_PM-211x300.jpg 211w, https:\/\/www.pierre-schon.lu\/wp-content\/uploads\/2025\/04\/KRIER-Tony-1944_5_4557_PM-768x1091.jpg 768w, https:\/\/www.pierre-schon.lu\/wp-content\/uploads\/2025\/04\/KRIER-Tony-1944_5_4557_PM-1081x1536.jpg 1081w, https:\/\/www.pierre-schon.lu\/wp-content\/uploads\/2025\/04\/KRIER-Tony-1944_5_4557_PM-1441x2048.jpg 1441w, https:\/\/www.pierre-schon.lu\/wp-content\/uploads\/2025\/04\/KRIER-Tony-1944_5_4557_PM-scaled.jpg 1802w\" sizes=\"auto, (max-width: 721px) 100vw, 721px\" \/><\/figure>\n\n<p class=\"has-small-font-size\">Gestapo-Hauptquartier \u2013 Villa Pauly. \u00a9 Phototh\u00e8que de la Ville de Luxembourg. Fotograf: Tony Krier  <\/p>\n\n<p>Zu den ersten Opfern der Gestapo geh\u00f6rten politische Dissidenten, ehemalige Regierungsmitglieder und regimekritische Journalisten. Die Gestapo arbeitete eng mit der Volksdeutschen Bewegung (VdB) zusammen, um sogenannte &#8222;loyale Deutsche&#8220; zu identifizieren und jene zu verfolgen, die sich der Germanisierung widersetzten. <\/p>\n\n<figure class=\"wp-block-image size-large is-resized\"><img loading=\"lazy\" decoding=\"async\" width=\"1024\" height=\"629\" src=\"https:\/\/www.pierre-schon.lu\/wp-content\/uploads\/2025\/04\/INCONNU_1940-45_0004_4838_PM-1024x629.jpg\" alt=\"\" class=\"wp-image-197\" style=\"width:690px;height:auto\" srcset=\"https:\/\/www.pierre-schon.lu\/wp-content\/uploads\/2025\/04\/INCONNU_1940-45_0004_4838_PM-1024x629.jpg 1024w, https:\/\/www.pierre-schon.lu\/wp-content\/uploads\/2025\/04\/INCONNU_1940-45_0004_4838_PM-300x184.jpg 300w, https:\/\/www.pierre-schon.lu\/wp-content\/uploads\/2025\/04\/INCONNU_1940-45_0004_4838_PM-768x472.jpg 768w, https:\/\/www.pierre-schon.lu\/wp-content\/uploads\/2025\/04\/INCONNU_1940-45_0004_4838_PM-1536x943.jpg 1536w, https:\/\/www.pierre-schon.lu\/wp-content\/uploads\/2025\/04\/INCONNU_1940-45_0004_4838_PM-2048x1257.jpg 2048w\" sizes=\"auto, (max-width: 1024px) 100vw, 1024px\" \/><\/figure>\n\n<p class=\"has-small-font-size\">Deutsche Truppen im Stadtzentrum von Luxemburg. \u00a9 Phototh\u00e8que de la Ville de Luxembourg. Urheber unbekannt  <\/p>\n\n<div class=\"wp-block-buttons is-content-justification-center is-layout-flex wp-container-core-buttons-is-layout-a89b3969 wp-block-buttons-is-layout-flex\">\n<div class=\"wp-block-button\"><a class=\"wp-block-button__link has-text-align-center wp-element-button\" href=\"https:\/\/www.pierre-schon.lu\/de\/luxemburg\/aufbau-des-widerstands\/\">Weiter<\/a><\/div>\n<\/div>\n\n<p><\/p>\n","protected":false},"excerpt":{"rendered":"<p>Kopfzeilenfoto &#8211; Hakenkreuzfahnen schm\u00fccken den Place Guillaume, einen der Hauptpl\u00e4tze der Stadt Luxemburg. \u00a9 Phototh\u00e8que de la Ville de Luxembourg. [&hellip;]<\/p>\n","protected":false},"author":1,"featured_media":0,"parent":4465,"menu_order":0,"comment_status":"closed","ping_status":"closed","template":"","meta":{"site-sidebar-layout":"default","site-content-layout":"","ast-site-content-layout":"","site-content-style":"default","site-sidebar-style":"default","ast-global-header-display":"","ast-banner-title-visibility":"","ast-main-header-display":"","ast-hfb-above-header-display":"","ast-hfb-below-header-display":"","ast-hfb-mobile-header-display":"","site-post-title":"","ast-breadcrumbs-content":"","ast-featured-img":"","footer-sml-layout":"","ast-disable-related-posts":"","theme-transparent-header-meta":"","adv-header-id-meta":"","stick-header-meta":"","header-above-stick-meta":"","header-main-stick-meta":"","header-below-stick-meta":"","astra-migrate-meta-layouts":"default","ast-page-background-enabled":"default","ast-page-background-meta":{"desktop":{"background-color":"var(--ast-global-color-5)","background-image":"","background-repeat":"repeat","background-position":"center center","background-size":"auto","background-attachment":"scroll","background-type":"","background-media":"","overlay-type":"","overlay-color":"","overlay-opacity":"","overlay-gradient":""},"tablet":{"background-color":"","background-image":"","background-repeat":"repeat","background-position":"center center","background-size":"auto","background-attachment":"scroll","background-type":"","background-media":"","overlay-type":"","overlay-color":"","overlay-opacity":"","overlay-gradient":""},"mobile":{"background-color":"","background-image":"","background-repeat":"repeat","background-position":"center center","background-size":"auto","background-attachment":"scroll","background-type":"","background-media":"","overlay-type":"","overlay-color":"","overlay-opacity":"","overlay-gradient":""}},"ast-content-background-meta":{"desktop":{"background-color":"var(--ast-global-color-4)","background-image":"","background-repeat":"repeat","background-position":"center center","background-size":"auto","background-attachment":"scroll","background-type":"","background-media":"","overlay-type":"","overlay-color":"","overlay-opacity":"","overlay-gradient":""},"tablet":{"background-color":"var(--ast-global-color-4)","background-image":"","background-repeat":"repeat","background-position":"center center","background-size":"auto","background-attachment":"scroll","background-type":"","background-media":"","overlay-type":"","overlay-color":"","overlay-opacity":"","overlay-gradient":""},"mobile":{"background-color":"var(--ast-global-color-4)","background-image":"","background-repeat":"repeat","background-position":"center center","background-size":"auto","background-attachment":"scroll","background-type":"","background-media":"","overlay-type":"","overlay-color":"","overlay-opacity":"","overlay-gradient":""}},"footnotes":""},"class_list":["post-4139","page","type-page","status-publish","hentry"],"_links":{"self":[{"href":"https:\/\/www.pierre-schon.lu\/de\/wp-json\/wp\/v2\/pages\/4139","targetHints":{"allow":["GET"]}}],"collection":[{"href":"https:\/\/www.pierre-schon.lu\/de\/wp-json\/wp\/v2\/pages"}],"about":[{"href":"https:\/\/www.pierre-schon.lu\/de\/wp-json\/wp\/v2\/types\/page"}],"author":[{"embeddable":true,"href":"https:\/\/www.pierre-schon.lu\/de\/wp-json\/wp\/v2\/users\/1"}],"replies":[{"embeddable":true,"href":"https:\/\/www.pierre-schon.lu\/de\/wp-json\/wp\/v2\/comments?post=4139"}],"version-history":[{"count":9,"href":"https:\/\/www.pierre-schon.lu\/de\/wp-json\/wp\/v2\/pages\/4139\/revisions"}],"predecessor-version":[{"id":4540,"href":"https:\/\/www.pierre-schon.lu\/de\/wp-json\/wp\/v2\/pages\/4139\/revisions\/4540"}],"up":[{"embeddable":true,"href":"https:\/\/www.pierre-schon.lu\/de\/wp-json\/wp\/v2\/pages\/4465"}],"wp:attachment":[{"href":"https:\/\/www.pierre-schon.lu\/de\/wp-json\/wp\/v2\/media?parent=4139"}],"curies":[{"name":"wp","href":"https:\/\/api.w.org\/{rel}","templated":true}]}}