{"id":4122,"date":"2025-04-07T12:52:37","date_gmt":"2025-04-07T10:52:37","guid":{"rendered":"https:\/\/www.pierre-schon.lu\/die-deutsche-invasion\/"},"modified":"2025-11-25T15:46:06","modified_gmt":"2025-11-25T14:46:06","slug":"die-deutsche-invasion","status":"publish","type":"page","link":"https:\/\/www.pierre-schon.lu\/de\/luxemburg\/die-deutsche-invasion\/","title":{"rendered":"Die deutsche Invasion<br>"},"content":{"rendered":"\n<div class=\"wp-block-group page-hero has-background is-vertical is-layout-flex wp-container-core-group-is-layout-fe9cc265 wp-block-group-is-layout-flex\" style=\"background-color:#00a3e0\">\n<div class=\"wp-block-group is-vertical is-layout-flex wp-container-core-group-is-layout-fe9cc265 wp-block-group-is-layout-flex\">\n<figure class=\"wp-block-image size-full hero-image\"><img loading=\"lazy\" decoding=\"async\" width=\"2560\" height=\"1853\" src=\"https:\/\/www.pierre-schon.lu\/wp-content\/uploads\/2025\/04\/INCONNU_1940_0005_4060_PM-scaled.jpg\" alt=\"\" class=\"wp-image-136\" style=\"object-fit:cover\" srcset=\"https:\/\/www.pierre-schon.lu\/wp-content\/uploads\/2025\/04\/INCONNU_1940_0005_4060_PM-scaled.jpg 2560w, https:\/\/www.pierre-schon.lu\/wp-content\/uploads\/2025\/04\/INCONNU_1940_0005_4060_PM-300x217.jpg 300w, https:\/\/www.pierre-schon.lu\/wp-content\/uploads\/2025\/04\/INCONNU_1940_0005_4060_PM-1024x741.jpg 1024w, https:\/\/www.pierre-schon.lu\/wp-content\/uploads\/2025\/04\/INCONNU_1940_0005_4060_PM-768x556.jpg 768w, https:\/\/www.pierre-schon.lu\/wp-content\/uploads\/2025\/04\/INCONNU_1940_0005_4060_PM-1536x1112.jpg 1536w, https:\/\/www.pierre-schon.lu\/wp-content\/uploads\/2025\/04\/INCONNU_1940_0005_4060_PM-2048x1482.jpg 2048w\" sizes=\"auto, (max-width: 2560px) 100vw, 2560px\" \/><\/figure>\n\n\n\n<p class=\"has-ast-global-color-4-color has-text-color has-link-color wp-elements-b5be9b0022782dfb977bba45c8b0337e\"><\/p>\n<\/div>\n<\/div>\n\n<p class=\"has-ast-global-color-2-color has-text-color has-link-color has-small-font-size wp-elements-0d3f3e6fb207f848a3ddcad6eaf7c733\">Titelbild: Deutsche gepanzerte Fahrzeuge rollen am 10. Mai 1940 durch die Stadt Luxemburg. \u00a9 Phototh\u00e8que de la Ville de Luxembourg. Autor unbekannt.<br data-mce-bogus=\"1\"\/>  <\/p>\n\n<h2 class=\"wp-block-heading has-vivid-cyan-blue-color has-text-color has-link-color has-medium-font-size wp-elements-de9b618d04e8026a8261fb3bfa704329\">Die Ruhe vor dem Sturm<\/h2>\n\n<p>Pierre Schon wurde am 8. April 1915 auf dem elterlichen Bauernhof im kleinen Dorf D\u00fcnningen (Doennage) im Norden Luxemburgs, im Herzen der luxemburgischen Ardennen geboren. Aus einer Bauernfamilie, deren Wurzeln <a href=\"https:\/\/www.pierre-schon.lu\/wp-content\/uploads\/2025\/07\/FamilyTreeSchon.pdf\">zehn Generationen<\/a> zur\u00fcckreichen, stammend, hatten sein Vater Jean Schon (1875) und seine Mutter Catherine Dengler (1868) sieben Kinder. Drei \u00e4ltere Schwestern: Marguerite, Rosalie und Anne-Marie; einen \u00e4lterer Bruder: Nic; Pierre sowie zwei j\u00fcngere Br\u00fcder: Mich und Franz. Zwei der Kinder starben im Kindesalter: Anne-Marie mit 6 Jahren und Franz mit 11 Jahren. Pierre besuchte die Dorfschule und arbeitete anschlie\u00dfend, wie es damals \u00fcblich war, auf dem Hof seiner Eltern.      <\/p>\n\n<figure class=\"wp-block-image size-large is-resized\"><img loading=\"lazy\" decoding=\"async\" width=\"1024\" height=\"768\" src=\"https:\/\/www.pierre-schon.lu\/wp-content\/uploads\/2025\/06\/Pierrebrothers-1024x768.jpg\" alt=\"\" class=\"wp-image-1784\" style=\"width:559px;height:auto\" srcset=\"https:\/\/www.pierre-schon.lu\/wp-content\/uploads\/2025\/06\/Pierrebrothers-1024x768.jpg 1024w, https:\/\/www.pierre-schon.lu\/wp-content\/uploads\/2025\/06\/Pierrebrothers-300x225.jpg 300w, https:\/\/www.pierre-schon.lu\/wp-content\/uploads\/2025\/06\/Pierrebrothers-768x576.jpg 768w, https:\/\/www.pierre-schon.lu\/wp-content\/uploads\/2025\/06\/Pierrebrothers-1536x1152.jpg 1536w, https:\/\/www.pierre-schon.lu\/wp-content\/uploads\/2025\/06\/Pierrebrothers.jpg 2000w\" sizes=\"auto, (max-width: 1024px) 100vw, 1024px\" \/><\/figure>\n\n<p class=\"has-small-font-size\">Foto: Pierre (zweiter von links) mit seinem \u00e4lteren Bruder Nic und seinem j\u00fcngeren Bruder Mich in Sonntagskleidung. D\u00fcnningen, 1939. <\/p>\n\n<p>Die Arbeitsbedingungen waren hart, die meisten Aufgaben wurden von Hand oder mit Hilfe von Pferden und Ochsen erledigt. Fruchtwechsel und Mischlandwirtschaft waren \u00fcblich: Die Familien bauten Kartoffeln, Roggen, Hafer und Gerste an und hielten K\u00fche, Schweine und H\u00fchner zur Selbstversorgung. Die Arbeit wurde in der Familie aufgeteilt: Die M\u00e4nner \u00fcbernahmen das Pfl\u00fcgen und schwere Arbeiten, die Frauen die Milchproduktion, den Garten und den Haushalt. Die Kinder halfen von klein auf mit und pendelten zwischen Schule und Hofarbeit. Die Familiengemeinschaft war eng verbunden und getragen von einem starken Zugeh\u00f6rigkeitsgef\u00fchl.    <br\/><\/p>\n\n<figure class=\"wp-block-image size-large\"><img loading=\"lazy\" decoding=\"async\" width=\"1024\" height=\"572\" src=\"https:\/\/www.pierre-schon.lu\/wp-content\/uploads\/2025\/06\/familySchon1939-1024x572.jpg\" alt=\"\" class=\"wp-image-1788\" srcset=\"https:\/\/www.pierre-schon.lu\/wp-content\/uploads\/2025\/06\/familySchon1939-1024x572.jpg 1024w, https:\/\/www.pierre-schon.lu\/wp-content\/uploads\/2025\/06\/familySchon1939-300x168.jpg 300w, https:\/\/www.pierre-schon.lu\/wp-content\/uploads\/2025\/06\/familySchon1939-768x429.jpg 768w, https:\/\/www.pierre-schon.lu\/wp-content\/uploads\/2025\/06\/familySchon1939-1536x858.jpg 1536w, https:\/\/www.pierre-schon.lu\/wp-content\/uploads\/2025\/06\/familySchon1939-2048x1145.jpg 2048w\" sizes=\"auto, (max-width: 1024px) 100vw, 1024px\" \/><\/figure>\n\n<p class=\"has-small-font-size\">Familienfoto, 1. Dezember 1939: Hochzeit von Nic, Pierres \u00e4lterem Bruder, mit Albertine Erdel. Pierre Schon, zweite Reihe, zweiter von links.  <\/p>\n\n<p>Im Mai 1940 sollte dieses ruhige Leben j\u00e4h unterbrochen werden, als die rund 300.000 Einwohner Luxemburgs in die dunkelste Zeit der Landesgeschichte eintraten. <\/p>\n\n<p class=\"has-vivid-cyan-blue-color has-text-color has-link-color has-medium-font-size wp-elements-d61996b16a37efaa4f4d4570a48a4af3\"><strong>Unerw\u00fcnschter Besuch<\/strong><\/p>\n\n<p>Am fr\u00fchen Morgen des 10. Mai 1940 \u00fcberquerten deutsche Panzer die luxemburgische Grenze. Bereits am Ende desselben Tages war der Gro\u00dfteil des Landes unter nationalsozialistischer Besatzung.<br\/><br\/>Die nationalsozialistische Invasion Luxemburgs war Teil einer gr\u00f6\u00dferen Milit\u00e4roperation, bekannt als der &#8222;Westfeldzug&#8220;. Die Deutschen betrachteten Luxemburg als strategisches Durchgangsgebiet, um die Maginot-Linie \u2013 das wichtigste franz\u00f6sische Verteidigungssystem gegen einen Angriff aus dem Osten \u2013 zu umgehen. <br\/><br\/>Ebenfalls am 10. Mai begann Deutschland mit der Invasion Belgiens und der Niederlande. Dabei setzten die deutschen Truppen die sogenannte Blitzkrieg-Taktik ein. Diese Taktik beruhte auf schnellen Bewegungen von Panzern, Infanterie und Luftunterst\u00fctzung. Ziel war es, den Feind zu \u00fcberrumpeln, bevor er wirksam reagieren konnte. Die Niederlande kapitulierten nach der Bombardierung von Rotterdam und anderer St\u00e4dte. Am 15. Mai 1940 war das Land v\u00f6llig besetzt. Die belgische Armee leistete starken Widerstand, musste sich aber am 28. Mai 1940 geschlagen geben.   <\/p>\n\n<figure class=\"wp-block-image size-full is-resized\"><img loading=\"lazy\" decoding=\"async\" width=\"747\" height=\"512\" src=\"https:\/\/www.pierre-schon.lu\/wp-content\/uploads\/2025\/04\/SmalltankBelgianborder.png\" alt=\"\" class=\"wp-image-160\" style=\"width:697px;height:auto\" srcset=\"https:\/\/www.pierre-schon.lu\/wp-content\/uploads\/2025\/04\/SmalltankBelgianborder.png 747w, https:\/\/www.pierre-schon.lu\/wp-content\/uploads\/2025\/04\/SmalltankBelgianborder-300x206.png 300w\" sizes=\"auto, (max-width: 747px) 100vw, 747px\" \/><\/figure>\n\n<p class=\"has-small-font-size\">Foto \u00a9 ANLux FD005-01-099: Ein kleiner deutscher Panzer n\u00e4hert sich der belgischen Grenze. <\/p>\n\n<p>Inzwischen setzten die Deutschen ihre Offensive in Richtung Frankreich fort. Ihr Vorsto\u00df durch Belgien und die Ardennen \u00fcberraschte die franz\u00f6sische und britische Armee. Die franz\u00f6sischen Streitkr\u00e4fte, zu sehr auf die Maginot-Linie fixiert, waren zerstreut und konnten keine koordinierte Verteidigung aufbauen.  <br\/><br\/>Der deutsche Durchbruch zwang britische und franz\u00f6sische Truppen zum R\u00fcckzug. Die <a href=\"https:\/\/en.wikipedia.org\/wiki\/Dunkirk_evacuation\">Evakuierung von D\u00fcnkirchen<\/a> (vom 26. Mai bis 4. Juni 1940) war ein Schl\u00fcsselmoment des Krieges, bei dem mehr als 338.000 britische und franz\u00f6sische Soldaten \u00fcber den \u00c4rmelkanal nach Gro\u00dfbritannien evakuiert wurden \u2013 oft an Bord kleiner ziviler Boote. Zwar mussten die Alliierten eine schwere Niederlage hinnehmen, doch sie erwies sich als nicht von Dauer.<\/p>\n\n<p class=\"has-small-font-size\">Evakuierung von D\u00fcnkirchen. Gem\u00e4lde: Charles Ernest Cundall (gemeinfrei) <\/p>\n\n<figure class=\"wp-block-image size-full is-resized\"><img loading=\"lazy\" decoding=\"async\" width=\"823\" height=\"442\" src=\"https:\/\/www.pierre-schon.lu\/wp-content\/uploads\/2025\/04\/Evacation-of-Dunkirk.png\" alt=\"\" class=\"wp-image-158\" style=\"width:724px;height:auto\" srcset=\"https:\/\/www.pierre-schon.lu\/wp-content\/uploads\/2025\/04\/Evacation-of-Dunkirk.png 823w, https:\/\/www.pierre-schon.lu\/wp-content\/uploads\/2025\/04\/Evacation-of-Dunkirk-300x161.png 300w, https:\/\/www.pierre-schon.lu\/wp-content\/uploads\/2025\/04\/Evacation-of-Dunkirk-768x412.png 768w\" sizes=\"auto, (max-width: 823px) 100vw, 823px\" \/><\/figure>\n\n<p>Die franz\u00f6sische Regierung unterzeichnete am 22. Juni 1940 offiziell den Waffenstillstand. Frankreich wurde daraufhin in zwei Zonen geteilt: eine besetzte Zone im Norden und eine freie Zone unter der Kontrolle des Vichy-Regimes im S\u00fcden. <\/p>\n\n<p>Innerhalb von nur sechs Wochen geriet ein Gro\u00dfteil Westeuropas unter die Kontrolle des nationalsozialistischen Regimes \u2013 einer totalit\u00e4ren Diktatur, die von aggressivem Nationalismus, Militarismus und einer extrem rassistischen Ideologie gepr\u00e4gt war. Die Geschwindigkeit der Besetzung schockierte die Oeffentlichkeit, doch auf das erste Entsetzen folgte bald der Widerstand. In den alliierten L\u00e4ndern entstanden Widerstandsbewegungen, die w\u00e4hrend des gesamten Krieges aktiv blieben und den Kampf f\u00fcr die Freiheit \u00fcber mehr als viereinhalb Jahre hinweg fortf\u00fchrten.  <\/p>\n\n<figure class=\"wp-block-image size-full is-resized\"><img loading=\"lazy\" decoding=\"async\" width=\"801\" height=\"580\" src=\"https:\/\/www.pierre-schon.lu\/wp-content\/uploads\/2025\/04\/GermantroopsLuxcity-1.png\" alt=\"\" class=\"wp-image-171\" style=\"width:721px;height:auto\" srcset=\"https:\/\/www.pierre-schon.lu\/wp-content\/uploads\/2025\/04\/GermantroopsLuxcity-1.png 801w, https:\/\/www.pierre-schon.lu\/wp-content\/uploads\/2025\/04\/GermantroopsLuxcity-1-300x217.png 300w, https:\/\/www.pierre-schon.lu\/wp-content\/uploads\/2025\/04\/GermantroopsLuxcity-1-768x556.png 768w\" sizes=\"auto, (max-width: 801px) 100vw, 801px\" \/><\/figure>\n\n<p class=\"has-small-font-size\">Foto \u00a9 ANLux FD005-01-104: Deutsche Truppen marschieren am Nachmittag des 10. Mai 1940 durch Luxemburg. <\/p>\n\n<h2 class=\"wp-block-heading has-vivid-cyan-blue-color has-text-color has-link-color has-medium-font-size wp-elements-10a96c0f4d052944aa5a41dcb9b83401\">Galerie<\/h2>\n\n<figure class=\"wp-block-gallery has-nested-images columns-default is-cropped wp-block-gallery-1 is-layout-flex wp-block-gallery-is-layout-flex\">\n<figure class=\"wp-block-image size-large\"><img loading=\"lazy\" decoding=\"async\" width=\"962\" height=\"653\" data-id=\"410\" src=\"https:\/\/www.pierre-schon.lu\/wp-content\/uploads\/2025\/05\/FlakkononaWasserbillig-1.png\" alt=\"\" class=\"wp-image-410\" srcset=\"https:\/\/www.pierre-schon.lu\/wp-content\/uploads\/2025\/05\/FlakkononaWasserbillig-1.png 962w, https:\/\/www.pierre-schon.lu\/wp-content\/uploads\/2025\/05\/FlakkononaWasserbillig-1-300x204.png 300w, https:\/\/www.pierre-schon.lu\/wp-content\/uploads\/2025\/05\/FlakkononaWasserbillig-1-768x521.png 768w\" sizes=\"auto, (max-width: 962px) 100vw, 962px\" \/><\/figure>\n\n\n\n<figure class=\"wp-block-image size-large\"><img loading=\"lazy\" decoding=\"async\" width=\"980\" height=\"662\" data-id=\"413\" src=\"https:\/\/www.pierre-schon.lu\/wp-content\/uploads\/2025\/05\/GermantanksBelgium.png\" alt=\"\" class=\"wp-image-413\" srcset=\"https:\/\/www.pierre-schon.lu\/wp-content\/uploads\/2025\/05\/GermantanksBelgium.png 980w, https:\/\/www.pierre-schon.lu\/wp-content\/uploads\/2025\/05\/GermantanksBelgium-300x203.png 300w, https:\/\/www.pierre-schon.lu\/wp-content\/uploads\/2025\/05\/GermantanksBelgium-768x519.png 768w\" sizes=\"auto, (max-width: 980px) 100vw, 980px\" \/><\/figure>\n<\/figure>\n\n<p class=\"has-small-font-size\">Foto oben links: Die Deutschen \u00fcberqueren am 10. Mai 1940 bei Wasserbillig die Grenze mit einer 8,8-cm-Flak. Foto \u00a9 ANLux FD 005-01-101 Rechts: Deutsche Panzer \u00fcberqueren Belgien im Mai 1940. Foto Bundesarchiv 101I-127-0396-13A   <\/p>\n\n<div class=\"wp-block-buttons is-content-justification-center is-layout-flex wp-container-core-buttons-is-layout-a89b3969 wp-block-buttons-is-layout-flex\">\n<div class=\"wp-block-button\"><a class=\"wp-block-button__link wp-element-button\" href=\"https:\/\/www.pierre-schon.lu\/de\/luxemburg\/beginn-der-deutschen-besatzung\/\">Weiter<\/a><\/div>\n<\/div>\n\n<p><\/p>\n","protected":false},"excerpt":{"rendered":"<p>Titelbild: Deutsche gepanzerte Fahrzeuge rollen am 10. Mai 1940 durch die Stadt Luxemburg. \u00a9 Phototh\u00e8que de la Ville de Luxembourg. [&hellip;]<\/p>\n","protected":false},"author":1,"featured_media":0,"parent":4465,"menu_order":0,"comment_status":"closed","ping_status":"closed","template":"","meta":{"site-sidebar-layout":"default","site-content-layout":"","ast-site-content-layout":"","site-content-style":"default","site-sidebar-style":"default","ast-global-header-display":"","ast-banner-title-visibility":"","ast-main-header-display":"","ast-hfb-above-header-display":"","ast-hfb-below-header-display":"","ast-hfb-mobile-header-display":"","site-post-title":"","ast-breadcrumbs-content":"","ast-featured-img":"","footer-sml-layout":"","ast-disable-related-posts":"","theme-transparent-header-meta":"","adv-header-id-meta":"","stick-header-meta":"","header-above-stick-meta":"","header-main-stick-meta":"","header-below-stick-meta":"","astra-migrate-meta-layouts":"default","ast-page-background-enabled":"default","ast-page-background-meta":{"desktop":{"background-color":"var(--ast-global-color-5)","background-image":"","background-repeat":"repeat","background-position":"center center","background-size":"auto","background-attachment":"scroll","background-type":"","background-media":"","overlay-type":"","overlay-color":"","overlay-opacity":"","overlay-gradient":""},"tablet":{"background-color":"","background-image":"","background-repeat":"repeat","background-position":"center center","background-size":"auto","background-attachment":"scroll","background-type":"","background-media":"","overlay-type":"","overlay-color":"","overlay-opacity":"","overlay-gradient":""},"mobile":{"background-color":"","background-image":"","background-repeat":"repeat","background-position":"center center","background-size":"auto","background-attachment":"scroll","background-type":"","background-media":"","overlay-type":"","overlay-color":"","overlay-opacity":"","overlay-gradient":""}},"ast-content-background-meta":{"desktop":{"background-color":"var(--ast-global-color-4)","background-image":"","background-repeat":"repeat","background-position":"center center","background-size":"auto","background-attachment":"scroll","background-type":"","background-media":"","overlay-type":"","overlay-color":"","overlay-opacity":"","overlay-gradient":""},"tablet":{"background-color":"var(--ast-global-color-4)","background-image":"","background-repeat":"repeat","background-position":"center center","background-size":"auto","background-attachment":"scroll","background-type":"","background-media":"","overlay-type":"","overlay-color":"","overlay-opacity":"","overlay-gradient":""},"mobile":{"background-color":"var(--ast-global-color-4)","background-image":"","background-repeat":"repeat","background-position":"center center","background-size":"auto","background-attachment":"scroll","background-type":"","background-media":"","overlay-type":"","overlay-color":"","overlay-opacity":"","overlay-gradient":""}},"footnotes":""},"class_list":["post-4122","page","type-page","status-publish","hentry"],"_links":{"self":[{"href":"https:\/\/www.pierre-schon.lu\/de\/wp-json\/wp\/v2\/pages\/4122","targetHints":{"allow":["GET"]}}],"collection":[{"href":"https:\/\/www.pierre-schon.lu\/de\/wp-json\/wp\/v2\/pages"}],"about":[{"href":"https:\/\/www.pierre-schon.lu\/de\/wp-json\/wp\/v2\/types\/page"}],"author":[{"embeddable":true,"href":"https:\/\/www.pierre-schon.lu\/de\/wp-json\/wp\/v2\/users\/1"}],"replies":[{"embeddable":true,"href":"https:\/\/www.pierre-schon.lu\/de\/wp-json\/wp\/v2\/comments?post=4122"}],"version-history":[{"count":11,"href":"https:\/\/www.pierre-schon.lu\/de\/wp-json\/wp\/v2\/pages\/4122\/revisions"}],"predecessor-version":[{"id":4538,"href":"https:\/\/www.pierre-schon.lu\/de\/wp-json\/wp\/v2\/pages\/4122\/revisions\/4538"}],"up":[{"embeddable":true,"href":"https:\/\/www.pierre-schon.lu\/de\/wp-json\/wp\/v2\/pages\/4465"}],"wp:attachment":[{"href":"https:\/\/www.pierre-schon.lu\/de\/wp-json\/wp\/v2\/media?parent=4122"}],"curies":[{"name":"wp","href":"https:\/\/api.w.org\/{rel}","templated":true}]}}